{"id":2561,"date":"2014-10-20T14:00:59","date_gmt":"2014-10-20T14:00:59","guid":{"rendered":"http:\/\/cain.ulster.ac.uk\/conflicttextiles\/?page_id=2561"},"modified":"2024-10-15T15:37:50","modified_gmt":"2024-10-15T15:37:50","slug":"events","status":"publish","type":"page","link":"https:\/\/conflict.ulster.ac.uk\/conflicttextiles\/events\/","title":{"rendered":"Events"},"content":{"rendered":"<h5>Events<\/h5>\n<figure id=\"attachment_4924\" aria-describedby=\"caption-attachment-4924\" style=\"width: 300px\" class=\"wp-caption alignright\"><a href=\"https:\/\/cain.ulster.ac.uk\/conflicttextiles\/wp-content\/uploads\/2023\/06\/1941_GFA-P-ARthur-talk-13apr-GR-lr-cr.jpg\"><img loading=\"lazy\" decoding=\"async\" class=\"wp-image-4924 size-medium\" src=\"https:\/\/cain.ulster.ac.uk\/conflicttextiles\/wp-content\/uploads\/2023\/06\/1941_GFA-P-ARthur-talk-13apr-GR-lr-cr-300x248.jpg\" alt=\"\" width=\"300\" height=\"248\" srcset=\"https:\/\/conflict.ulster.ac.uk\/conflicttextiles\/wp-content\/uploads\/2023\/06\/1941_GFA-P-ARthur-talk-13apr-GR-lr-cr-300x248.jpg 300w, https:\/\/conflict.ulster.ac.uk\/conflicttextiles\/wp-content\/uploads\/2023\/06\/1941_GFA-P-ARthur-talk-13apr-GR-lr-cr-768x635.jpg 768w, https:\/\/conflict.ulster.ac.uk\/conflicttextiles\/wp-content\/uploads\/2023\/06\/1941_GFA-P-ARthur-talk-13apr-GR-lr-cr.jpg 1000w\" sizes=\"auto, (max-width: 300px) 100vw, 300px\" \/><\/a><figcaption id=\"caption-attachment-4924\" class=\"wp-caption-text\">&#8220;The Good Friday Agreement: Work in Progress&#8221; exhibition, April 2023, Northern Ireland. (Photo Gillian Robinson \u00a9 Conflict Textiles)<\/figcaption><\/figure>\n<p>Exhibitions, featuring arpilleras, quilts and wall hangings, have been hosted in museums, universities, art galleries, embassies and community spaces worldwide.<\/p>\n<p>These are often accompanied by a launch and are generally highly visible, public events. Over the years, a number of associated activities have come to form part of the exhibition programme, such as film screenings, workshops, and roundtable discussions. These have proved highly successful in enabling people to have a more &#8216;hands-on&#8217; experience and to move from the position of viewer and observer to actively engaging in the process.<\/p>\n<p>Please note that information on forthcoming events will now also include any documents that are available which describe the pre-launch preparations. Following the ending of an event, information will be added about any particular outcomes that arose from the staging of the event.<\/p>\n<p><em>Click on the headings (below) to &#8216;View&#8217; or &#8216;Hide&#8217; the events listings. Use the &#8216;Search&#8217; facility (above) to locate and view specific events.<\/em><\/p>\n\n<div id=\"themify_builder_content-2561\" data-postid=\"2561\" class=\"themify_builder_content themify_builder_content-2561 themify_builder\">\n    \t<!-- module_row -->\n\t<div  class=\"themify_builder_row module_row clearfix module_row_0 themify_builder_2561_row module_row_2561-0 tb_dq2x078\">\n\t    \t    <div class=\"row_inner col_align_top\" >\n\t\t\t<div  class=\"module_column tb-column col-full first tb_2561_column module_column_0 module_column_2561-0-0 tb_05oz358\">\n\t    \t    \t        <div class=\"tb-column-inner\">\n\t\t        <!-- module accordion -->\n    <div  class=\"module module-accordion tb_yqd6250  \" data-behavior=\"accordion\">\n\t                    <h3 class=\"module-title\">Conflict Textiles Events<\/h3>        \n        <ul class=\"ui module-accordion separate rounded gradient gray\">\n                            <li aria-expanded=\"false\">\n                    <div class=\"accordion-title\">\n                        <a href=\"#acc-tb_yqd6250-0\">\n                                                        \t\t\t    <span class=\"tb_title_accordion\">Future Events<\/span>\n                        <\/a>\n                    <\/div>\n                    <div id=\"acc-tb_yqd6250-0\" class=\"accordion-content clearfix  default-closed\">\n                        \t\t\t    <div  class=\"tb_text_wrap\">\n\t\t\t\t<p><code class=\"shortcode-tag\">\n<table width=\"100%\" style=\"padding:5px; font-family: Arial, Helvetica, sans-serif;\">\n\r\n                                   <tr>\n\r\n                                      <td style=\"background-color:#f8f8ff; padding:5px;\" width=\"100%\"><b>Exhibition and associated activities<\/b>: <b><a href=\"\/conflicttextiles\/search-quilts2\/fullevent1\/?id=371\">The Silent Vocal Language of Textiles<\/a><\/b><\/td>\n\r\n                                   <\/tr>\n\r\n                                   <tr>\n\r\n                                      <td style=\"padding:5px;\"  valign=\"top\"><b>Dates: <\/b>21st September 2026 until 30th October 2026<\/td>\n\r\n                                   <\/tr>\n\r\n                                   <tr>\n\r\n                                      <td style=\"padding:5px;\"  valign=\"top\"><b>Venue: <\/b>D Contemporary<\/td>\n\r\n                                   <\/tr>\n\r\n                                   <\/table>\n\r\n                                   <hr width=\"75%\" align=\"center\" height=\"1\"> <table width=\"100%\" style=\"padding:5px; font-family: Arial, Helvetica, sans-serif;\">\n\r\n                                   <tr>\n\r\n                                      <td style=\"background-color:#f8f8ff; padding:5px;\" width=\"100%\"><b>Exhibition<\/b>: <b><a href=\"\/conflicttextiles\/search-quilts2\/fullevent1\/?id=373\">Where are They? \u00bfD\u00f3nde est\u00e1n?<\/a><\/b><\/td>\n\r\n                                   <\/tr>\n\r\n                                   <tr>\n\r\n                                      <td style=\"padding:5px;\"  valign=\"top\"><b>Dates: <\/b>25th August 2026 until 4th September 2026<\/td>\n\r\n                                   <\/tr>\n\r\n                                   <tr>\n\r\n                                      <td style=\"padding:5px;\"  valign=\"top\"><b>Venue: <\/b>Art Gallery, Ulster University, Belfast Campus<\/td>\n\r\n                                   <\/tr>\n\r\n                                   <\/table>\n\r\n                                   <hr width=\"75%\" align=\"center\" height=\"1\"> <table width=\"100%\" style=\"padding:5px; font-family: Arial, Helvetica, sans-serif;\">\n\r\n                                   <tr>\n\r\n                                      <td style=\"background-color:#f8f8ff; padding:5px;\" width=\"100%\"><b>Permanent rotating exhibition<\/b>: <b><a href=\"\/conflicttextiles\/search-quilts2\/fullevent1\/?id=372\">Conflict Textiles: Library, Derry~Londonderry campus - Disappeared<\/a><\/b><\/td>\n\r\n                                   <\/tr>\n\r\n                                   <tr>\n\r\n                                      <td style=\"padding:5px;\"  valign=\"top\"><b>Dates: <\/b>31st July 2026 until 31st March 2027<\/td>\n\r\n                                   <\/tr>\n\r\n                                   <tr>\n\r\n                                      <td style=\"padding:5px;\"  valign=\"top\"><b>Venue: <\/b>Library, Derry~Londonderry campus, Ulster University<\/td>\n\r\n                                   <\/tr>\n\r\n                                   <\/table>\n\r\n                                   <hr width=\"75%\" align=\"center\" height=\"1\"> <table width=\"100%\" style=\"padding:5px; font-family: Arial, Helvetica, sans-serif;\">\n\r\n                                   <tr>\n\r\n                                      <td style=\"background-color:#f8f8ff; padding:5px;\" width=\"100%\"><b>Panel<\/b>: <b><a href=\"\/conflicttextiles\/search-quilts2\/fullevent1\/?id=376\">Arpilleras, tejiendo memorias y redes transaccionales \/ Arpilleras: Weaving Memories<\/a><\/b><\/td>\n\r\n                                   <\/tr>\n\r\n                                   <tr>\n\r\n                                      <td style=\"padding:5px;\"  valign=\"top\"><b>Dates: <\/b>20th May 2026 until 24th May 2026<\/td>\n\r\n                                   <\/tr>\n\r\n                                   <tr>\n\r\n                                      <td style=\"padding:5px;\"  valign=\"top\"><b>Venue: <\/b>Gernika y Bilbao (Basque Country)<\/td>\n\r\n                                   <\/tr>\n\r\n                                   <\/table>\n\r\n                                   <hr width=\"75%\" align=\"center\" height=\"1\"> <table width=\"100%\" style=\"padding:5px; font-family: Arial, Helvetica, sans-serif;\">\n\r\n                                   <tr>\n\r\n                                      <td style=\"background-color:#f8f8ff; padding:5px;\" width=\"100%\"><b>Exhibition<\/b>: <b><a href=\"\/conflicttextiles\/search-quilts2\/fullevent1\/?id=375\"> ARK \/ Conflict Textiles \u2013 Languages<\/a><\/b><\/td>\n\r\n                                   <\/tr>\n\r\n                                   <tr>\n\r\n                                      <td style=\"padding:5px;\"  valign=\"top\"><b>Dates: <\/b>5th May 2026 until 25th November 2026<\/td>\n\r\n                                   <\/tr>\n\r\n                                   <tr>\n\r\n                                      <td style=\"padding:5px;\"  valign=\"top\"><b>Venue: <\/b>McClay Library, Queen's University, Belfast<\/td>\n\r\n                                   <\/tr>\n\r\n                                   <\/table>\n\r\n                                   <hr width=\"75%\" align=\"center\" height=\"1\"> <\/code><\/p>\n\t\t\t    <\/div>\n                                                \n                    <\/div>\n                <\/li>\n                            <li class=\"builder-accordion-active\" aria-expanded=\"true\">\n                    <div class=\"accordion-title\">\n                        <a href=\"#acc-tb_yqd6250-1\">\n                                                        \t\t\t    <span class=\"tb_title_accordion\">Current Events<\/span>\n                        <\/a>\n                    <\/div>\n                    <div id=\"acc-tb_yqd6250-1\" class=\"accordion-content clearfix \">\n                        \t\t\t    <div  class=\"tb_text_wrap\">\n\t\t\t\t<p><code class=\"shortcode-tag\">\n<table width=\"100%\" style=\"padding:5px; font-family: Arial, Helvetica, sans-serif;\">\n\r\n                                   <tr>\n\r\n                                      <td style=\"background-color:#f8f8ff; padding:5px;\" width=\"100%\"><b>Exhibition and associated activities<\/b>: <b><a href=\"\/conflicttextiles\/search-quilts2\/fullevent1\/?id=374\">Aftershocks: The sensory afterlives of violence<\/a><\/b><\/td>\n\r\n                                   <\/tr>\n\r\n                                   <tr>\n\r\n                                      <td style=\"padding:5px;\"  valign=\"top\"><b>Dates: <\/b>13th April 2026 until 13th May 2026<\/td>\n\r\n                                   <\/tr>\n\r\n                                   <tr>\n\r\n                                      <td style=\"padding:5px;\"  valign=\"top\"><b>Venue: <\/b>Belfast School of Art<\/td>\n\r\n                                   <\/tr>\n\r\n                                   <\/table>\n\r\n                                   <hr width=\"75%\" align=\"center\" height=\"1\"> <table width=\"100%\" style=\"padding:5px; font-family: Arial, Helvetica, sans-serif;\">\n\r\n                                   <tr>\n\r\n                                      <td style=\"background-color:#f8f8ff; padding:5px;\" width=\"100%\"><b>Rotating display<\/b>: <b><a href=\"\/conflicttextiles\/search-quilts2\/fullevent1\/?id=366\">INCORE Ulster University - Human Rights Violations<\/a><\/b><\/td>\n\r\n                                   <\/tr>\n\r\n                                   <tr>\n\r\n                                      <td style=\"padding:5px;\"  valign=\"top\"><b>Dates: <\/b>10th December 2025 until 10th June 2026<\/td>\n\r\n                                   <\/tr>\n\r\n                                   <tr>\n\r\n                                      <td style=\"padding:5px;\"  valign=\"top\"><b>Venue: <\/b>INCORE Directors Office<\/td>\n\r\n                                   <\/tr>\n\r\n                                   <\/table>\n\r\n                                   <hr width=\"75%\" align=\"center\" height=\"1\"> <table width=\"100%\" style=\"padding:5px; font-family: Arial, Helvetica, sans-serif;\">\n\r\n                                   <tr>\n\r\n                                      <td style=\"background-color:#f8f8ff; padding:5px;\" width=\"100%\"><b>Rotating exhibition<\/b>: <b><a href=\"\/conflicttextiles\/search-quilts2\/fullevent1\/?id=362\">Conflict Textiles \/ Ulster University, Coleraine Campus - Textile Portraits<\/a><\/b><\/td>\n\r\n                                   <\/tr>\n\r\n                                   <tr>\n\r\n                                      <td style=\"padding:5px;\"  valign=\"top\"><b>Dates: <\/b>10th September 2025 until 31st July 2026<\/td>\n\r\n                                   <\/tr>\n\r\n                                   <tr>\n\r\n                                      <td style=\"padding:5px;\"  valign=\"top\"><b>Venue: <\/b>Library, Coleraine campus, Ulster University<\/td>\n\r\n                                   <\/tr>\n\r\n                                   <\/table>\n\r\n                                   <hr width=\"75%\" align=\"center\" height=\"1\"> <table width=\"100%\" style=\"padding:5px; font-family: Arial, Helvetica, sans-serif;\">\n\r\n                                   <tr>\n\r\n                                      <td style=\"background-color:#f8f8ff; padding:5px;\" width=\"100%\"><b>Permanent rotating exhibition<\/b>: <b><a href=\"\/conflicttextiles\/search-quilts2\/fullevent1\/?id=356\">Conflict Textiles: Library, Derry~Londonderry campus - World Bee Day<\/a><\/b><\/td>\n\r\n                                   <\/tr>\n\r\n                                   <tr>\n\r\n                                      <td style=\"padding:5px;\"  valign=\"top\"><b>Dates: <\/b>8th May 2025 until 27th July 2026<\/td>\n\r\n                                   <\/tr>\n\r\n                                   <tr>\n\r\n                                      <td style=\"padding:5px;\"  valign=\"top\"><b>Venue: <\/b>Library, Derry~Londonderry campus, Ulster University<\/td>\n\r\n                                   <\/tr>\n\r\n                                   <\/table>\n\r\n                                   <hr width=\"75%\" align=\"center\" height=\"1\"> <table width=\"100%\" style=\"padding:5px; font-family: Arial, Helvetica, sans-serif;\">\n\r\n                                   <tr>\n\r\n                                      <td style=\"background-color:#f8f8ff; padding:5px;\" width=\"100%\"><b>Exhibition and associated activities<\/b>: <b><a href=\"\/conflicttextiles\/search-quilts2\/fullevent1\/?id=349\">Ulster University Library, Belfast - Nonviolence In Action<\/a><\/b><\/td>\n\r\n                                   <\/tr>\n\r\n                                   <tr>\n\r\n                                      <td style=\"padding:5px;\"  valign=\"top\"><b>Dates: <\/b>17th January 2025 until 10th October 2026<\/td>\n\r\n                                   <\/tr>\n\r\n                                   <tr>\n\r\n                                      <td style=\"padding:5px;\"  valign=\"top\"><b>Venue: <\/b>Library, Belfast campus, Ulster University<\/td>\n\r\n                                   <\/tr>\n\r\n                                   <\/table>\n\r\n                                   <hr width=\"75%\" align=\"center\" height=\"1\"> <table width=\"100%\" style=\"padding:5px; font-family: Arial, Helvetica, sans-serif;\">\n\r\n                                   <tr>\n\r\n                                      <td style=\"background-color:#f8f8ff; padding:5px;\" width=\"100%\"><b>Exhibition and associated activities<\/b>: <b><a href=\"\/conflicttextiles\/search-quilts2\/fullevent1\/?id=260\">Inclusive Global Histories<\/a><\/b><\/td>\n\r\n                                   <\/tr>\n\r\n                                   <tr>\n\r\n                                      <td style=\"padding:5px;\"  valign=\"top\"><b>Dates: <\/b>31st March 2022 until 30th June 2028<\/td>\n\r\n                                   <\/tr>\n\r\n                                   <tr>\n\r\n                                      <td style=\"padding:5px;\"  valign=\"top\"><b>Venue: <\/b>Ulster Museum, Belfast, Northern Ireland<\/td>\n\r\n                                   <\/tr>\n\r\n                                   <\/table>\n\r\n                                   <hr width=\"75%\" align=\"center\" height=\"1\"> <\/code><\/p>\t\t\t    <\/div>\n                                                \n                    <\/div>\n                <\/li>\n                            <li aria-expanded=\"false\">\n                    <div class=\"accordion-title\">\n                        <a href=\"#acc-tb_yqd6250-2\">\n                                                        \t\t\t    <span class=\"tb_title_accordion\">Previous Events<\/span>\n                        <\/a>\n                    <\/div>\n                    <div id=\"acc-tb_yqd6250-2\" class=\"accordion-content clearfix  default-closed\">\n                        \t\t\t    <div  class=\"tb_text_wrap\">\n\t\t\t\t<p><code class=\"shortcode-tag\">\n<table width=\"100%\" style=\"padding:5px; font-family: Arial, Helvetica, sans-serif;\">\n\r\n                                   <tr>\n\r\n                                      <td style=\"background-color:#f8f8ff; padding:5px;\" width=\"100%\"><b>Seminar<\/b>: <b><a href=\"\/conflicttextiles\/search-quilts2\/fullevent1\/?id=377\">Conflict Textiles seminar with Year 3 students<\/a><\/b><\/td>\n\r\n                                   <\/tr>\n\r\n                                   <tr>\n\r\n                                      <td style=\"padding:5px;\"  valign=\"top\"><b>Dates: <\/b>22nd April 2026 until 22nd April 2026<\/td>\n\r\n                                   <\/tr>\n\r\n                                   <tr>\n\r\n                                      <td style=\"padding:5px;\"  valign=\"top\"><b>Venue: <\/b>Belfast School of Art, Ulster University, Belfast Campus, Northern Ireland<\/td>\n\r\n                                   <\/tr>\n\r\n                                   <\/table>\n\r\n                                   <hr width=\"75%\" align=\"center\" height=\"1\"> <table width=\"100%\" style=\"padding:5px; font-family: Arial, Helvetica, sans-serif;\">\n\r\n                                   <tr>\n\r\n                                      <td style=\"background-color:#f8f8ff; padding:5px;\" width=\"100%\"><b>Workshop<\/b>: <b><a href=\"\/conflicttextiles\/search-quilts2\/fullevent1\/?id=370\">Guant\u00e1namo: Legality, Art and Resistance<\/a><\/b><\/td>\n\r\n                                   <\/tr>\n\r\n                                   <tr>\n\r\n                                      <td style=\"padding:5px;\"  valign=\"top\"><b>Dates: <\/b>19th March 2026 until 19th March 2026<\/td>\n\r\n                                   <\/tr>\n\r\n                                   <tr>\n\r\n                                      <td style=\"padding:5px;\"  valign=\"top\"><b>Venue: <\/b>Room 08.014<\/td>\n\r\n                                   <\/tr>\n\r\n                                   <\/table>\n\r\n                                   <hr width=\"75%\" align=\"center\" height=\"1\"> <table width=\"100%\" style=\"padding:5px; font-family: Arial, Helvetica, sans-serif;\">\n\r\n                                   <tr>\n\r\n                                      <td style=\"background-color:#f8f8ff; padding:5px;\" width=\"100%\"><b>Encuentro<\/b>: <b><a href=\"\/conflicttextiles\/search-quilts2\/fullevent1\/?id=369\">Urdiendo Redes \/ Weaving Networks<\/a><\/b><\/td>\n\r\n                                   <\/tr>\n\r\n                                   <tr>\n\r\n                                      <td style=\"padding:5px;\"  valign=\"top\"><b>Dates: <\/b>4th March 2026 until 4th March 2026<\/td>\n\r\n                                   <\/tr>\n\r\n                                   <tr>\n\r\n                                      <td style=\"padding:5px;\"  valign=\"top\"><b>Venue: <\/b>Museo de la Memoria y los Derechos Humanos<\/td>\n\r\n                                   <\/tr>\n\r\n                                   <\/table>\n\r\n                                   <hr width=\"75%\" align=\"center\" height=\"1\"> <table width=\"100%\" style=\"padding:5px; font-family: Arial, Helvetica, sans-serif;\">\n\r\n                                   <tr>\n\r\n                                      <td style=\"background-color:#f8f8ff; padding:5px;\" width=\"100%\"><b>Workshop, entrevistas<\/b>: <b><a href=\"\/conflicttextiles\/search-quilts2\/fullevent1\/?id=368\">Laboratorio de investigaci\u00f3n y profundizaci\u00f3n en la colecci\u00f3n Conflict Textiles<\/a><\/b><\/td>\n\r\n                                   <\/tr>\n\r\n                                   <tr>\n\r\n                                      <td style=\"padding:5px;\"  valign=\"top\"><b>Dates: <\/b>24th January 2026 until 31st January 2026<\/td>\n\r\n                                   <\/tr>\n\r\n                                   <tr>\n\r\n                                      <td style=\"padding:5px;\"  valign=\"top\"><b>Venue: <\/b>Conflict Textiles store, Ulster University Derry-Londonderry campus<\/td>\n\r\n                                   <\/tr>\n\r\n                                   <\/table>\n\r\n                                   <hr width=\"75%\" align=\"center\" height=\"1\"> <table width=\"100%\" style=\"padding:5px; font-family: Arial, Helvetica, sans-serif;\">\n\r\n                                   <tr>\n\r\n                                      <td style=\"background-color:#f8f8ff; padding:5px;\" width=\"100%\"><b>Presentation, dialogue and discussion<\/b>: <b><a href=\"\/conflicttextiles\/search-quilts2\/fullevent1\/?id=367\">Threads of Memory: Poetry, Conflict Textiles, and Transitional Justice in Chile<\/a><\/b><\/td>\n\r\n                                   <\/tr>\n\r\n                                   <tr>\n\r\n                                      <td style=\"padding:5px;\"  valign=\"top\"><b>Dates: <\/b>23rd January 2026 until 23rd January 2026<\/td>\n\r\n                                   <\/tr>\n\r\n                                   <tr>\n\r\n                                      <td style=\"padding:5px;\"  valign=\"top\"><b>Venue: <\/b>O\u2019Donoughe Theatre<\/td>\n\r\n                                   <\/tr>\n\r\n                                   <\/table>\n\r\n                                   <hr width=\"75%\" align=\"center\" height=\"1\"> <table width=\"100%\" style=\"padding:5px; font-family: Arial, Helvetica, sans-serif;\">\n\r\n                                   <tr>\n\r\n                                      <td style=\"background-color:#f8f8ff; padding:5px;\" width=\"100%\"><b>Workshop, Talk and Film Screenings<\/b>: <b><a href=\"\/conflicttextiles\/search-quilts2\/fullevent1\/?id=363\">Human Rights 2025 Programme<\/a><\/b><\/td>\n\r\n                                   <\/tr>\n\r\n                                   <tr>\n\r\n                                      <td style=\"padding:5px;\"  valign=\"top\"><b>Dates: <\/b>8th December 2025 until 10th December 2025<\/td>\n\r\n                                   <\/tr>\n\r\n                                   <tr>\n\r\n                                      <td style=\"padding:5px;\"  valign=\"top\"><b>Venue: <\/b>Ulster University (Derry-Londonderry), Nerve Centre, Tower Museum, Queen\u2019s University<\/td>\n\r\n                                   <\/tr>\n\r\n                                   <\/table>\n\r\n                                   <hr width=\"75%\" align=\"center\" height=\"1\"> <table width=\"100%\" style=\"padding:5px; font-family: Arial, Helvetica, sans-serif;\">\n\r\n                                   <tr>\n\r\n                                      <td style=\"background-color:#f8f8ff; padding:5px;\" width=\"100%\"><b>Rotating exhibition<\/b>: <b><a href=\"\/conflicttextiles\/search-quilts2\/fullevent1\/?id=365\">ARK \/ Conflict Textiles - Education<\/a><\/b><\/td>\n\r\n                                   <\/tr>\n\r\n                                   <tr>\n\r\n                                      <td style=\"padding:5px;\"  valign=\"top\"><b>Dates: <\/b>25th November 2025 until 25th March 2026<\/td>\n\r\n                                   <\/tr>\n\r\n                                   <tr>\n\r\n                                      <td style=\"padding:5px;\"  valign=\"top\"><b>Venue: <\/b>McClay Library, Queen's University, Belfast<\/td>\n\r\n                                   <\/tr>\n\r\n                                   <\/table>\n\r\n                                   <hr width=\"75%\" align=\"center\" height=\"1\"> <table width=\"100%\" style=\"padding:5px; font-family: Arial, Helvetica, sans-serif;\">\n\r\n                                   <tr>\n\r\n                                      <td style=\"background-color:#f8f8ff; padding:5px;\" width=\"100%\"><b>Exhibition and associated activities<\/b>: <b><a href=\"\/conflicttextiles\/search-quilts2\/fullevent1\/?id=360\">What Are Our Collective Dreams? Global Connections - Abandoned Friendships<\/a><\/b><\/td>\n\r\n                                   <\/tr>\n\r\n                                   <tr>\n\r\n                                      <td style=\"padding:5px;\"  valign=\"top\"><b>Dates: <\/b>17th October 2025 until 8th February 2026<\/td>\n\r\n                                   <\/tr>\n\r\n                                   <tr>\n\r\n                                      <td style=\"padding:5px;\"  valign=\"top\"><b>Venue: <\/b>Zach\u0119ta \u2013 National Gallery of Art<\/td>\n\r\n                                   <\/tr>\n\r\n                                   <\/table>\n\r\n                                   <hr width=\"75%\" align=\"center\" height=\"1\"> <table width=\"100%\" style=\"padding:5px; font-family: Arial, Helvetica, sans-serif;\">\n\r\n                                   <tr>\n\r\n                                      <td style=\"background-color:#f8f8ff; padding:5px;\" width=\"100%\"><b>Permanent rotating exhibition<\/b>: <b><a href=\"\/conflicttextiles\/search-quilts2\/fullevent1\/?id=364\">Rinc\u00f3n de la Arpillera Embajadora<\/a><\/b><\/td>\n\r\n                                   <\/tr>\n\r\n                                   <tr>\n\r\n                                      <td style=\"padding:5px;\"  valign=\"top\"><b>Dates: <\/b>11th October 2025 until 11th April 2026<\/td>\n\r\n                                   <\/tr>\n\r\n                                   <tr>\n\r\n                                      <td style=\"padding:5px;\"  valign=\"top\"><b>Venue: <\/b>Fundaci\u00f3 Ateneu Sant Roc (Badalona)<\/td>\n\r\n                                   <\/tr>\n\r\n                                   <\/table>\n\r\n                                   <hr width=\"75%\" align=\"center\" height=\"1\"> <table width=\"100%\" style=\"padding:5px; font-family: Arial, Helvetica, sans-serif;\">\n\r\n                                   <tr>\n\r\n                                      <td style=\"background-color:#f8f8ff; padding:5px;\" width=\"100%\"><b>Conferencia<\/b>: <b><a href=\"\/conflicttextiles\/search-quilts2\/fullevent1\/?id=361\">Cultura y Ciudadan\u00eda Dialoga con Mondiacult<\/a><\/b><\/td>\n\r\n                                   <\/tr>\n\r\n                                   <tr>\n\r\n                                      <td style=\"padding:5px;\"  valign=\"top\"><b>Dates: <\/b>26th September 2025 until 27th September 2025<\/td>\n\r\n                                   <\/tr>\n\r\n                                   <tr>\n\r\n                                      <td style=\"padding:5px;\"  valign=\"top\"><b>Venue: <\/b>MACBA, Museo de Arte Contempor\u00e1neo, CCCB, Centro de Cultura Contempor\u00e1nea<\/td>\n\r\n                                   <\/tr>\n\r\n                                   <\/table>\n\r\n                                   <hr width=\"75%\" align=\"center\" height=\"1\"> <table width=\"100%\" style=\"padding:5px; font-family: Arial, Helvetica, sans-serif;\">\n\r\n                                   <tr>\n\r\n                                      <td style=\"background-color:#f8f8ff; padding:5px;\" width=\"100%\"><b>Exhibici\u00f3n, seminario, workshop<\/b>: <b><a href=\"\/conflicttextiles\/search-quilts2\/fullevent1\/?id=359\">MENOS C\u00d3NDOR Y M\u00c1S HUEMUL  Memoria y Resistencia textil en la investigaci\u00f3n art\u00edstica<\/a><\/b><\/td>\n\r\n                                   <\/tr>\n\r\n                                   <tr>\n\r\n                                      <td style=\"padding:5px;\"  valign=\"top\"><b>Dates: <\/b>3rd July 2025 until 26th September 2025<\/td>\n\r\n                                   <\/tr>\n\r\n                                   <tr>\n\r\n                                      <td style=\"padding:5px;\"  valign=\"top\"><b>Venue: <\/b>La Bonne<\/td>\n\r\n                                   <\/tr>\n\r\n                                   <\/table>\n\r\n                                   <hr width=\"75%\" align=\"center\" height=\"1\"> <table width=\"100%\" style=\"padding:5px; font-family: Arial, Helvetica, sans-serif;\">\n\r\n                                   <tr>\n\r\n                                      <td style=\"background-color:#f8f8ff; padding:5px;\" width=\"100%\"><b>Conference and Workshop<\/b>: <b><a href=\"\/conflicttextiles\/search-quilts2\/fullevent1\/?id=342\">Slow Memory \u2013 Capstone Conference Porto 2025<\/a><\/b><\/td>\n\r\n                                   <\/tr>\n\r\n                                   <tr>\n\r\n                                      <td style=\"padding:5px;\"  valign=\"top\"><b>Dates: <\/b>2nd July 2025 until 5th July 2025<\/td>\n\r\n                                   <\/tr>\n\r\n                                   <tr>\n\r\n                                      <td style=\"padding:5px;\"  valign=\"top\"><b>Venue: <\/b>Faculdade de Letras da Universidade do  Porto<\/td>\n\r\n                                   <\/tr>\n\r\n                                   <\/table>\n\r\n                                   <hr width=\"75%\" align=\"center\" height=\"1\"> <table width=\"100%\" style=\"padding:5px; font-family: Arial, Helvetica, sans-serif;\">\n\r\n                                   <tr>\n\r\n                                      <td style=\"background-color:#f8f8ff; padding:5px;\" width=\"100%\"><b>Exhibition, Workshops and Associated Activities<\/b>: <b><a href=\"\/conflicttextiles\/search-quilts2\/fullevent1\/?id=353\">Refugee Week 2025 - Community as a Superpower<\/a><\/b><\/td>\n\r\n                                   <\/tr>\n\r\n                                   <tr>\n\r\n                                      <td style=\"padding:5px;\"  valign=\"top\"><b>Dates: <\/b>18th June 2025 until 30th June 2025<\/td>\n\r\n                                   <\/tr>\n\r\n                                   <tr>\n\r\n                                      <td style=\"padding:5px;\"  valign=\"top\"><b>Venue: <\/b>Flowerfield Arts Centre, Portstewart, Northern Ireland<\/td>\n\r\n                                   <\/tr>\n\r\n                                   <\/table>\n\r\n                                   <hr width=\"75%\" align=\"center\" height=\"1\"> <table width=\"100%\" style=\"padding:5px; font-family: Arial, Helvetica, sans-serif;\">\n\r\n                                   <tr>\n\r\n                                      <td style=\"background-color:#f8f8ff; padding:5px;\" width=\"100%\"><b>Rotating exhibition<\/b>: <b><a href=\"\/conflicttextiles\/search-quilts2\/fullevent1\/?id=355\">ARK \/ Conflict Textiles - The Environment<\/a><\/b><\/td>\n\r\n                                   <\/tr>\n\r\n                                   <tr>\n\r\n                                      <td style=\"padding:5px;\"  valign=\"top\"><b>Dates: <\/b>27th May 2025 until 25th November 2025<\/td>\n\r\n                                   <\/tr>\n\r\n                                   <tr>\n\r\n                                      <td style=\"padding:5px;\"  valign=\"top\"><b>Venue: <\/b>McClay Library, Queen's University, Belfast<\/td>\n\r\n                                   <\/tr>\n\r\n                                   <\/table>\n\r\n                                   <hr width=\"75%\" align=\"center\" height=\"1\"> <table width=\"100%\" style=\"padding:5px; font-family: Arial, Helvetica, sans-serif;\">\n\r\n                                   <tr>\n\r\n                                      <td style=\"background-color:#f8f8ff; padding:5px;\" width=\"100%\"><b>Exhibition<\/b>: <b><a href=\"\/conflicttextiles\/search-quilts2\/fullevent1\/?id=358\">Dancing with our Ancestors: Weaving Connections between Communities<\/a><\/b><\/td>\n\r\n                                   <\/tr>\n\r\n                                   <tr>\n\r\n                                      <td style=\"padding:5px;\"  valign=\"top\"><b>Dates: <\/b>5th May 2025 until 21st May 2025<\/td>\n\r\n                                   <\/tr>\n\r\n                                   <tr>\n\r\n                                      <td style=\"padding:5px;\"  valign=\"top\"><b>Venue: <\/b>UBC Robson Square<\/td>\n\r\n                                   <\/tr>\n\r\n                                   <\/table>\n\r\n                                   <hr width=\"75%\" align=\"center\" height=\"1\"> <table width=\"100%\" style=\"padding:5px; font-family: Arial, Helvetica, sans-serif;\">\n\r\n                                   <tr>\n\r\n                                      <td style=\"background-color:#f8f8ff; padding:5px;\" width=\"100%\"><b>Seminar<\/b>: <b><a href=\"\/conflicttextiles\/search-quilts2\/fullevent1\/?id=357\">Seminar with Yr 3 students, School of Applied Social and Policy Sciences<\/a><\/b><\/td>\n\r\n                                   <\/tr>\n\r\n                                   <tr>\n\r\n                                      <td style=\"padding:5px;\"  valign=\"top\"><b>Dates: <\/b>16th April 2025 until 16th April 2025<\/td>\n\r\n                                   <\/tr>\n\r\n                                   <tr>\n\r\n                                      <td style=\"padding:5px;\"  valign=\"top\"><b>Venue: <\/b>Ulster Museum, Belfast, Northern Ireland<\/td>\n\r\n                                   <\/tr>\n\r\n                                   <\/table>\n\r\n                                   <hr width=\"75%\" align=\"center\" height=\"1\"> <table width=\"100%\" style=\"padding:5px; font-family: Arial, Helvetica, sans-serif;\">\n\r\n                                   <tr>\n\r\n                                      <td style=\"background-color:#f8f8ff; padding:5px;\" width=\"100%\"><b>Permanent rotating exhibition<\/b>: <b><a href=\"\/conflicttextiles\/search-quilts2\/fullevent1\/?id=354\">Rinc\u00f3n de la Arpillera Embajadora<\/a><\/b><\/td>\n\r\n                                   <\/tr>\n\r\n                                   <tr>\n\r\n                                      <td style=\"padding:5px;\"  valign=\"top\"><b>Dates: <\/b>14th March 2025 until 11th October 2025<\/td>\n\r\n                                   <\/tr>\n\r\n                                   <tr>\n\r\n                                      <td style=\"padding:5px;\"  valign=\"top\"><b>Venue: <\/b>Fundaci\u00f3 Ateneu Sant Roc (Badalona)<\/td>\n\r\n                                   <\/tr>\n\r\n                                   <\/table>\n\r\n                                   <hr width=\"75%\" align=\"center\" height=\"1\"> <table width=\"100%\" style=\"padding:5px; font-family: Arial, Helvetica, sans-serif;\">\n\r\n                                   <tr>\n\r\n                                      <td style=\"background-color:#f8f8ff; padding:5px;\" width=\"100%\"><b>Symposium<\/b>: <b><a href=\"\/conflicttextiles\/search-quilts2\/fullevent1\/?id=351\">Stitching Solidarity: Activism in Textile Art Symposium<\/a><\/b><\/td>\n\r\n                                   <\/tr>\n\r\n                                   <tr>\n\r\n                                      <td style=\"padding:5px;\"  valign=\"top\"><b>Dates: <\/b>1st March 2025 until 4th March 2025<\/td>\n\r\n                                   <\/tr>\n\r\n                                   <tr>\n\r\n                                      <td style=\"padding:5px;\"  valign=\"top\"><b>Venue: <\/b>Ulster University, Ulster Museum  and Others<\/td>\n\r\n                                   <\/tr>\n\r\n                                   <\/table>\n\r\n                                   <hr width=\"75%\" align=\"center\" height=\"1\"> <table width=\"100%\" style=\"padding:5px; font-family: Arial, Helvetica, sans-serif;\">\n\r\n                                   <tr>\n\r\n                                      <td style=\"background-color:#f8f8ff; padding:5px;\" width=\"100%\"><b>Symposium<\/b>: <b><a href=\"\/conflicttextiles\/search-quilts2\/fullevent1\/?id=352\">Indonesia Knowledge Exchange 2025 - Conversing with Domestic Memories<\/a><\/b><\/td>\n\r\n                                   <\/tr>\n\r\n                                   <tr>\n\r\n                                      <td style=\"padding:5px;\"  valign=\"top\"><b>Dates: <\/b>16th February 2025 until 22nd February 2025<\/td>\n\r\n                                   <\/tr>\n\r\n                                   <tr>\n\r\n                                      <td style=\"padding:5px;\"  valign=\"top\"><b>Venue: <\/b>Institut Sejarah Sosial Indonesia<\/td>\n\r\n                                   <\/tr>\n\r\n                                   <\/table>\n\r\n                                   <hr width=\"75%\" align=\"center\" height=\"1\"> <table width=\"100%\" style=\"padding:5px; font-family: Arial, Helvetica, sans-serif;\">\n\r\n                                   <tr>\n\r\n                                      <td style=\"background-color:#f8f8ff; padding:5px;\" width=\"100%\"><b>Exhibition and associated activities<\/b>: <b><a href=\"\/conflicttextiles\/search-quilts2\/fullevent1\/?id=348\">War-Torn Children, Childhoods in a World at War<\/a><\/b><\/td>\n\r\n                                   <\/tr>\n\r\n                                   <tr>\n\r\n                                      <td style=\"padding:5px;\"  valign=\"top\"><b>Dates: <\/b>30th January 2025 until 20th April 2025<\/td>\n\r\n                                   <\/tr>\n\r\n                                   <tr>\n\r\n                                      <td style=\"padding:5px;\"  valign=\"top\"><b>Venue: <\/b>Fundaci\u00f3n Museo de la Paz de Gernika, Basque Country \/ Spain<\/td>\n\r\n                                   <\/tr>\n\r\n                                   <\/table>\n\r\n                                   <hr width=\"75%\" align=\"center\" height=\"1\"> <table width=\"100%\" style=\"padding:5px; font-family: Arial, Helvetica, sans-serif;\">\n\r\n                                   <tr>\n\r\n                                      <td style=\"background-color:#f8f8ff; padding:5px;\" width=\"100%\"><b>Display<\/b>: <b><a href=\"\/conflicttextiles\/search-quilts2\/fullevent1\/?id=350\">Conflict Textiles @ Special Collections & Archives<\/a><\/b><\/td>\n\r\n                                   <\/tr>\n\r\n                                   <tr>\n\r\n                                      <td style=\"padding:5px;\"  valign=\"top\"><b>Dates: <\/b>15th January 2025 until 19th March 2025<\/td>\n\r\n                                   <\/tr>\n\r\n                                   <tr>\n\r\n                                      <td style=\"padding:5px;\"  valign=\"top\"><b>Venue: <\/b>McClay Library, Queen's University, Belfast<\/td>\n\r\n                                   <\/tr>\n\r\n                                   <\/table>\n\r\n                                   <hr width=\"75%\" align=\"center\" height=\"1\"> <table width=\"100%\" style=\"padding:5px; font-family: Arial, Helvetica, sans-serif;\">\n\r\n                                   <tr>\n\r\n                                      <td style=\"background-color:#f8f8ff; padding:5px;\" width=\"100%\"><b>Exhibition<\/b>: <b><a href=\"\/conflicttextiles\/search-quilts2\/fullevent1\/?id=333\">Arpillera journey in the\u00a0Causeway Coast\u00a0and Glens Museum  Services<\/a><\/b><\/td>\n\r\n                                   <\/tr>\n\r\n                                   <tr>\n\r\n                                      <td style=\"padding:5px;\"  valign=\"top\"><b>Dates: <\/b>13th January 2025 until 29th March 2025<\/td>\n\r\n                                   <\/tr>\n\r\n                                   <tr>\n\r\n                                      <td style=\"padding:5px;\"  valign=\"top\"><b>Venue: <\/b>Community Gallery, Ballymoney  Museum<\/td>\n\r\n                                   <\/tr>\n\r\n                                   <\/table>\n\r\n                                   <hr width=\"75%\" align=\"center\" height=\"1\"> <table width=\"100%\" style=\"padding:5px; font-family: Arial, Helvetica, sans-serif;\">\n\r\n                                   <tr>\n\r\n                                      <td style=\"background-color:#f8f8ff; padding:5px;\" width=\"100%\"><b>Rotating exhibition<\/b>: <b><a href=\"\/conflicttextiles\/search-quilts2\/fullevent1\/?id=344\">ARK \/ Conflict Textiles<\/a><\/b><\/td>\n\r\n                                   <\/tr>\n\r\n                                   <tr>\n\r\n                                      <td style=\"padding:5px;\"  valign=\"top\"><b>Dates: <\/b>18th November 2024 until 26th May 2025<\/td>\n\r\n                                   <\/tr>\n\r\n                                   <tr>\n\r\n                                      <td style=\"padding:5px;\"  valign=\"top\"><b>Venue: <\/b>McClay Library, Queen's University, Belfast<\/td>\n\r\n                                   <\/tr>\n\r\n                                   <\/table>\n\r\n                                   <hr width=\"75%\" align=\"center\" height=\"1\"> <table width=\"100%\" style=\"padding:5px; font-family: Arial, Helvetica, sans-serif;\">\n\r\n                                   <tr>\n\r\n                                      <td style=\"background-color:#f8f8ff; padding:5px;\" width=\"100%\"><b>Book Launch, Guided tour and Associated activities<\/b>: <b><a href=\"\/conflicttextiles\/search-quilts2\/fullevent1\/?id=341\">Conflict Textiles: Poetry & Arpilleras Book Launch And Exhibition Tour<\/a><\/b><\/td>\n\r\n                                   <\/tr>\n\r\n                                   <tr>\n\r\n                                      <td style=\"padding:5px;\"  valign=\"top\"><b>Dates: <\/b>19th October 2024 until 19th October 2024<\/td>\n\r\n                                   <\/tr>\n\r\n                                   <tr>\n\r\n                                      <td style=\"padding:5px;\"  valign=\"top\"><b>Venue: <\/b>Ulster Museum, Belfast, Northern Ireland<\/td>\n\r\n                                   <\/tr>\n\r\n                                   <\/table>\n\r\n                                   <hr width=\"75%\" align=\"center\" height=\"1\"> <table width=\"100%\" style=\"padding:5px; font-family: Arial, Helvetica, sans-serif;\">\n\r\n                                   <tr>\n\r\n                                      <td style=\"background-color:#f8f8ff; padding:5px;\" width=\"100%\"><b>Launch<\/b>: <b><a href=\"\/conflicttextiles\/search-quilts2\/fullevent1\/?id=343\">Our Lady of Words and Flora Poetica Donation<\/a><\/b><\/td>\n\r\n                                   <\/tr>\n\r\n                                   <tr>\n\r\n                                      <td style=\"padding:5px;\"  valign=\"top\"><b>Dates: <\/b>3rd October 2024 until 3rd October 2024<\/td>\n\r\n                                   <\/tr>\n\r\n                                   <tr>\n\r\n                                      <td style=\"padding:5px;\"  valign=\"top\"><b>Venue: <\/b>Governors' Room, The Linen Hall<\/td>\n\r\n                                   <\/tr>\n\r\n                                   <\/table>\n\r\n                                   <hr width=\"75%\" align=\"center\" height=\"1\"> <table width=\"100%\" style=\"padding:5px; font-family: Arial, Helvetica, sans-serif;\">\n\r\n                                   <tr>\n\r\n                                      <td style=\"background-color:#f8f8ff; padding:5px;\" width=\"100%\"><b>Workshop, Guided tour and Associated activities<\/b>: <b><a href=\"\/conflicttextiles\/search-quilts2\/fullevent1\/?id=340\">International Day of the Victims of Enforced Disappearances 2024<\/a><\/b><\/td>\n\r\n                                   <\/tr>\n\r\n                                   <tr>\n\r\n                                      <td style=\"padding:5px;\"  valign=\"top\"><b>Dates: <\/b>30th August 2024 until 30th August 2024<\/td>\n\r\n                                   <\/tr>\n\r\n                                   <tr>\n\r\n                                      <td style=\"padding:5px;\"  valign=\"top\"><b>Venue: <\/b>Ulster Museum<\/td>\n\r\n                                   <\/tr>\n\r\n                                   <\/table>\n\r\n                                   <hr width=\"75%\" align=\"center\" height=\"1\"> <table width=\"100%\" style=\"padding:5px; font-family: Arial, Helvetica, sans-serif;\">\n\r\n                                   <tr>\n\r\n                                      <td style=\"background-color:#f8f8ff; padding:5px;\" width=\"100%\"><b>Exhibition and associated activities<\/b>: <b><a href=\"\/conflicttextiles\/search-quilts2\/fullevent1\/?id=345\">Arpillera Itinerante Hornos de Lonqu\u00e9n<\/a><\/b><\/td>\n\r\n                                   <\/tr>\n\r\n                                   <tr>\n\r\n                                      <td style=\"padding:5px;\"  valign=\"top\"><b>Dates: <\/b>22nd August 2024 until 31st March 2025<\/td>\n\r\n                                   <\/tr>\n\r\n                                   <tr>\n\r\n                                      <td style=\"padding:5px;\"  valign=\"top\"><b>Venue: <\/b>M\u00faltiples ubicaciones<\/td>\n\r\n                                   <\/tr>\n\r\n                                   <\/table>\n\r\n                                   <hr width=\"75%\" align=\"center\" height=\"1\"> <table width=\"100%\" style=\"padding:5px; font-family: Arial, Helvetica, sans-serif;\">\n\r\n                                   <tr>\n\r\n                                      <td style=\"background-color:#f8f8ff; padding:5px;\" width=\"100%\"><b>Workshop<\/b>: <b><a href=\"\/conflicttextiles\/search-quilts2\/fullevent1\/?id=339\">Creating Communities of Solidarity<\/a><\/b><\/td>\n\r\n                                   <\/tr>\n\r\n                                   <tr>\n\r\n                                      <td style=\"padding:5px;\"  valign=\"top\"><b>Dates: <\/b>5th July 2024 until 5th July 2024<\/td>\n\r\n                                   <\/tr>\n\r\n                                   <tr>\n\r\n                                      <td style=\"padding:5px;\"  valign=\"top\"><b>Venue: <\/b>The Manchester Museum<\/td>\n\r\n                                   <\/tr>\n\r\n                                   <\/table>\n\r\n                                   <hr width=\"75%\" align=\"center\" height=\"1\"> <table width=\"100%\" style=\"padding:5px; font-family: Arial, Helvetica, sans-serif;\">\n\r\n                                   <tr>\n\r\n                                      <td style=\"background-color:#f8f8ff; padding:5px;\" width=\"100%\"><b>Exhibition and associated activities<\/b>: <b><a href=\"\/conflicttextiles\/search-quilts2\/fullevent1\/?id=329\">Stitching for Solidarity<\/a><\/b><\/td>\n\r\n                                   <\/tr>\n\r\n                                   <tr>\n\r\n                                      <td style=\"padding:5px;\"  valign=\"top\"><b>Dates: <\/b>1st July 2024 until 27th September 2024<\/td>\n\r\n                                   <\/tr>\n\r\n                                   <tr>\n\r\n                                      <td style=\"padding:5px;\"  valign=\"top\"><b>Venue: <\/b>Linen Hall Library<\/td>\n\r\n                                   <\/tr>\n\r\n                                   <\/table>\n\r\n                                   <hr width=\"75%\" align=\"center\" height=\"1\"> <table width=\"100%\" style=\"padding:5px; font-family: Arial, Helvetica, sans-serif;\">\n\r\n                                   <tr>\n\r\n                                      <td style=\"background-color:#f8f8ff; padding:5px;\" width=\"100%\"><b>Exhibition and associated activities<\/b>: <b><a href=\"\/conflicttextiles\/search-quilts2\/fullevent1\/?id=308\">Threads of Empowerment: Conflict Textiles\u2019 International Journey<\/a><\/b><\/td>\n\r\n                                   <\/tr>\n\r\n                                   <tr>\n\r\n                                      <td style=\"padding:5px;\"  valign=\"top\"><b>Dates: <\/b>21st June 2024 until 27th April 2025<\/td>\n\r\n                                   <\/tr>\n\r\n                                   <tr>\n\r\n                                      <td style=\"padding:5px;\"  valign=\"top\"><b>Venue: <\/b>Ulster Museum, Belfast, Northern Ireland<\/td>\n\r\n                                   <\/tr>\n\r\n                                   <\/table>\n\r\n                                   <hr width=\"75%\" align=\"center\" height=\"1\"> <table width=\"100%\" style=\"padding:5px; font-family: Arial, Helvetica, sans-serif;\">\n\r\n                                   <tr>\n\r\n                                      <td style=\"background-color:#f8f8ff; padding:5px;\" width=\"100%\"><b>Rotating exhibition<\/b>: <b><a href=\"\/conflicttextiles\/search-quilts2\/fullevent1\/?id=337\">The Troubles and Beyond<\/a><\/b><\/td>\n\r\n                                   <\/tr>\n\r\n                                   <tr>\n\r\n                                      <td style=\"padding:5px;\"  valign=\"top\"><b>Dates: <\/b>18th June 2024 until 25th May 2025<\/td>\n\r\n                                   <\/tr>\n\r\n                                   <tr>\n\r\n                                      <td style=\"padding:5px;\"  valign=\"top\"><b>Venue: <\/b>Ulster Museum, Belfast, Northern Ireland<\/td>\n\r\n                                   <\/tr>\n\r\n                                   <\/table>\n\r\n                                   <hr width=\"75%\" align=\"center\" height=\"1\"> <table width=\"100%\" style=\"padding:5px; font-family: Arial, Helvetica, sans-serif;\">\n\r\n                                   <tr>\n\r\n                                      <td style=\"background-color:#f8f8ff; padding:5px;\" width=\"100%\"><b>Exhibition and associated activities<\/b>: <b><a href=\"\/conflicttextiles\/search-quilts2\/fullevent1\/?id=323\">From Displacement to Empowerment<\/a><\/b><\/td>\n\r\n                                   <\/tr>\n\r\n                                   <tr>\n\r\n                                      <td style=\"padding:5px;\"  valign=\"top\"><b>Dates: <\/b>11th June 2024 until 7th September 2024<\/td>\n\r\n                                   <\/tr>\n\r\n                                   <tr>\n\r\n                                      <td style=\"padding:5px;\"  valign=\"top\"><b>Venue: <\/b>Regional Cultural Centre, Letterkenny, Co. Donegal<\/td>\n\r\n                                   <\/tr>\n\r\n                                   <\/table>\n\r\n                                   <hr width=\"75%\" align=\"center\" height=\"1\"> <table width=\"100%\" style=\"padding:5px; font-family: Arial, Helvetica, sans-serif;\">\n\r\n                                   <tr>\n\r\n                                      <td style=\"background-color:#f8f8ff; padding:5px;\" width=\"100%\"><b>Permanent rotating exhibition<\/b>: <b><a href=\"\/conflicttextiles\/search-quilts2\/fullevent1\/?id=335\">Rinc\u00f3n de la Arpillera Embajadora<\/a><\/b><\/td>\n\r\n                                   <\/tr>\n\r\n                                   <tr>\n\r\n                                      <td style=\"padding:5px;\"  valign=\"top\"><b>Dates: <\/b>31st May 2024 until 14th March 2025<\/td>\n\r\n                                   <\/tr>\n\r\n                                   <tr>\n\r\n                                      <td style=\"padding:5px;\"  valign=\"top\"><b>Venue: <\/b>Fundaci\u00f3 Ateneu Sant Roc (Badalona)<\/td>\n\r\n                                   <\/tr>\n\r\n                                   <\/table>\n\r\n                                   <hr width=\"75%\" align=\"center\" height=\"1\"> <table width=\"100%\" style=\"padding:5px; font-family: Arial, Helvetica, sans-serif;\">\n\r\n                                   <tr>\n\r\n                                      <td style=\"background-color:#f8f8ff; padding:5px;\" width=\"100%\"><b>Permanent rotating exhibition<\/b>: <b><a href=\"\/conflicttextiles\/search-quilts2\/fullevent1\/?id=334\">Conflict Textiles: Library, Derry~Londonderry campus<\/a><\/b><\/td>\n\r\n                                   <\/tr>\n\r\n                                   <tr>\n\r\n                                      <td style=\"padding:5px;\"  valign=\"top\"><b>Dates: <\/b>23rd May 2024 until 7th May 2025<\/td>\n\r\n                                   <\/tr>\n\r\n                                   <tr>\n\r\n                                      <td style=\"padding:5px;\"  valign=\"top\"><b>Venue: <\/b>Library, Derry~Londonderry campus, Ulster University<\/td>\n\r\n                                   <\/tr>\n\r\n                                   <\/table>\n\r\n                                   <hr width=\"75%\" align=\"center\" height=\"1\"> <table width=\"100%\" style=\"padding:5px; font-family: Arial, Helvetica, sans-serif;\">\n\r\n                                   <tr>\n\r\n                                      <td style=\"background-color:#f8f8ff; padding:5px;\" width=\"100%\"><b>Exhibition and associated activities<\/b>: <b><a href=\"\/conflicttextiles\/search-quilts2\/fullevent1\/?id=321\">Stitching Memory: Commemorating 50 years of solidarity in Scotland<\/a><\/b><\/td>\n\r\n                                   <\/tr>\n\r\n                                   <tr>\n\r\n                                      <td style=\"padding:5px;\"  valign=\"top\"><b>Dates: <\/b>20th May 2024 until 31st May 2024<\/td>\n\r\n                                   <\/tr>\n\r\n                                   <tr>\n\r\n                                      <td style=\"padding:5px;\"  valign=\"top\"><b>Venue: <\/b>Advanced Research Centre (ARC), University of Glasgow<\/td>\n\r\n                                   <\/tr>\n\r\n                                   <\/table>\n\r\n                                   <hr width=\"75%\" align=\"center\" height=\"1\"> <table width=\"100%\" style=\"padding:5px; font-family: Arial, Helvetica, sans-serif;\">\n\r\n                                   <tr>\n\r\n                                      <td style=\"background-color:#f8f8ff; padding:5px;\" width=\"100%\"><b>Rotating exhibition<\/b>: <b><a href=\"\/conflicttextiles\/search-quilts2\/fullevent1\/?id=331\">Conflict Textiles \/ Ulster University, Coleraine Campus<\/a><\/b><\/td>\n\r\n                                   <\/tr>\n\r\n                                   <tr>\n\r\n                                      <td style=\"padding:5px;\"  valign=\"top\"><b>Dates: <\/b>24th April 2024 until 9th September 2025<\/td>\n\r\n                                   <\/tr>\n\r\n                                   <tr>\n\r\n                                      <td style=\"padding:5px;\"  valign=\"top\"><b>Venue: <\/b>Library, Coleraine campus, Ulster University<\/td>\n\r\n                                   <\/tr>\n\r\n                                   <\/table>\n\r\n                                   <hr width=\"75%\" align=\"center\" height=\"1\"> <table width=\"100%\" style=\"padding:5px; font-family: Arial, Helvetica, sans-serif;\">\n\r\n                                   <tr>\n\r\n                                      <td style=\"background-color:#f8f8ff; padding:5px;\" width=\"100%\"><b>Seminar<\/b>: <b><a href=\"\/conflicttextiles\/search-quilts2\/fullevent1\/?id=332\">Conflict Textiles seminar with Year 3 students, School of Applied Social and Policy<\/a><\/b><\/td>\n\r\n                                   <\/tr>\n\r\n                                   <tr>\n\r\n                                      <td style=\"padding:5px;\"  valign=\"top\"><b>Dates: <\/b>10th April 2024 until 10th April 2024<\/td>\n\r\n                                   <\/tr>\n\r\n                                   <tr>\n\r\n                                      <td style=\"padding:5px;\"  valign=\"top\"><b>Venue: <\/b>Ulster University, Belfast Campus<\/td>\n\r\n                                   <\/tr>\n\r\n                                   <\/table>\n\r\n                                   <hr width=\"75%\" align=\"center\" height=\"1\"> <table width=\"100%\" style=\"padding:5px; font-family: Arial, Helvetica, sans-serif;\">\n\r\n                                   <tr>\n\r\n                                      <td style=\"background-color:#f8f8ff; padding:5px;\" width=\"100%\"><b>Exhibition<\/b>: <b><a href=\"\/conflicttextiles\/search-quilts2\/fullevent1\/?id=328\">Conflict Textiles presence at the Tower Museum: 2008 - 2024<\/a><\/b><\/td>\n\r\n                                   <\/tr>\n\r\n                                   <tr>\n\r\n                                      <td style=\"padding:5px;\"  valign=\"top\"><b>Dates: <\/b>9th April 2024 until 27th April 2025<\/td>\n\r\n                                   <\/tr>\n\r\n                                   <tr>\n\r\n                                      <td style=\"padding:5px;\"  valign=\"top\"><b>Venue: <\/b>Tower Museum, Derry \/ Londonderry, Northern Ireland<\/td>\n\r\n                                   <\/tr>\n\r\n                                   <\/table>\n\r\n                                   <hr width=\"75%\" align=\"center\" height=\"1\"> <table width=\"100%\" style=\"padding:5px; font-family: Arial, Helvetica, sans-serif;\">\n\r\n                                   <tr>\n\r\n                                      <td style=\"background-color:#f8f8ff; padding:5px;\" width=\"100%\"><b>Core Page<\/b>: <b><a href=\"\/conflicttextiles\/search-quilts2\/fullevent1\/?id=338\">Threads of Empowerment Summary<\/a><\/b><\/td>\n\r\n                                   <\/tr>\n\r\n                                   <tr>\n\r\n                                      <td style=\"padding:5px;\"  valign=\"top\"><b>Dates: <\/b>9th April 2024 until 27th April 2025<\/td>\n\r\n                                   <\/tr>\n\r\n                                   <tr>\n\r\n                                      <td style=\"padding:5px;\"  valign=\"top\"><b>Venue: <\/b>Multiple Locations<\/td>\n\r\n                                   <\/tr>\n\r\n                                   <\/table>\n\r\n                                   <hr width=\"75%\" align=\"center\" height=\"1\"> <table width=\"100%\" style=\"padding:5px; font-family: Arial, Helvetica, sans-serif;\">\n\r\n                                   <tr>\n\r\n                                      <td style=\"background-color:#f8f8ff; padding:5px;\" width=\"100%\"><b>Seminario Internacional<\/b>: <b><a href=\"\/conflicttextiles\/search-quilts2\/fullevent1\/?id=330\">Pensar el negacionismo y los cr\u00edmenes de odio desde la perspectiva de la memoria y el<\/a><\/b><\/td>\n\r\n                                   <\/tr>\n\r\n                                   <tr>\n\r\n                                      <td style=\"padding:5px;\"  valign=\"top\"><b>Dates: <\/b>13th March 2024 until 15th March 2024<\/td>\n\r\n                                   <\/tr>\n\r\n                                   <tr>\n\r\n                                      <td style=\"padding:5px;\"  valign=\"top\"><b>Venue: <\/b>Biblioteca Nacional de Chile; Museo Nacional de Bellas Artes<\/td>\n\r\n                                   <\/tr>\n\r\n                                   <\/table>\n\r\n                                   <hr width=\"75%\" align=\"center\" height=\"1\"> <table width=\"100%\" style=\"padding:5px; font-family: Arial, Helvetica, sans-serif;\">\n\r\n                                   <tr>\n\r\n                                      <td style=\"background-color:#f8f8ff; padding:5px;\" width=\"100%\"><b>Rotating exhibition<\/b>: <b><a href=\"\/conflicttextiles\/search-quilts2\/fullevent1\/?id=320\">ARK \/ Conflict Textiles <\/a><\/b><\/td>\n\r\n                                   <\/tr>\n\r\n                                   <tr>\n\r\n                                      <td style=\"padding:5px;\"  valign=\"top\"><b>Dates: <\/b>6th March 2024 until 18th November 2024<\/td>\n\r\n                                   <\/tr>\n\r\n                                   <tr>\n\r\n                                      <td style=\"padding:5px;\"  valign=\"top\"><b>Venue: <\/b>McClay Library, Queen's University, Belfast<\/td>\n\r\n                                   <\/tr>\n\r\n                                   <\/table>\n\r\n                                   <hr width=\"75%\" align=\"center\" height=\"1\"> <table width=\"100%\" style=\"padding:5px; font-family: Arial, Helvetica, sans-serif;\">\n\r\n                                   <tr>\n\r\n                                      <td style=\"background-color:#f8f8ff; padding:5px;\" width=\"100%\"><b>Conference (online\/hybrid)<\/b>: <b><a href=\"\/conflicttextiles\/search-quilts2\/fullevent1\/?id=319\">Mapping Memory: History, Texts and Cultures<\/a><\/b><\/td>\n\r\n                                   <\/tr>\n\r\n                                   <tr>\n\r\n                                      <td style=\"padding:5px;\"  valign=\"top\"><b>Dates: <\/b>22nd February 2024 until 23rd February 2024<\/td>\n\r\n                                   <\/tr>\n\r\n                                   <tr>\n\r\n                                      <td style=\"padding:5px;\"  valign=\"top\"><b>Venue: <\/b>Loreto College, University of Kolkata, India<\/td>\n\r\n                                   <\/tr>\n\r\n                                   <\/table>\n\r\n                                   <hr width=\"75%\" align=\"center\" height=\"1\"> <table width=\"100%\" style=\"padding:5px; font-family: Arial, Helvetica, sans-serif;\">\n\r\n                                   <tr>\n\r\n                                      <td style=\"background-color:#f8f8ff; padding:5px;\" width=\"100%\"><b>Exposici\u00f3n<\/b>: <b><a href=\"\/conflicttextiles\/search-quilts2\/fullevent1\/?id=325\">Archivos Textiles: memorias que persisten<\/a><\/b><\/td>\n\r\n                                   <\/tr>\n\r\n                                   <tr>\n\r\n                                      <td style=\"padding:5px;\"  valign=\"top\"><b>Dates: <\/b>12th February 2024 until 17th March 2024<\/td>\n\r\n                                   <\/tr>\n\r\n                                   <tr>\n\r\n                                      <td style=\"padding:5px;\"  valign=\"top\"><b>Venue: <\/b>Museo Nacional de Bellas Artes, Santiago de Chile <\/td>\n\r\n                                   <\/tr>\n\r\n                                   <\/table>\n\r\n                                   <hr width=\"75%\" align=\"center\" height=\"1\"> <table width=\"100%\" style=\"padding:5px; font-family: Arial, Helvetica, sans-serif;\">\n\r\n                                   <tr>\n\r\n                                      <td style=\"background-color:#f8f8ff; padding:5px;\" width=\"100%\"><b>Exposici\u00f3n<\/b>: <b><a href=\"\/conflicttextiles\/search-quilts2\/fullevent1\/?id=326\">Di\u00e1sporas textiles: Di\u00e1logos con la Colecci\u00f3n<\/a><\/b><\/td>\n\r\n                                   <\/tr>\n\r\n                                   <tr>\n\r\n                                      <td style=\"padding:5px;\"  valign=\"top\"><b>Dates: <\/b>12th February 2024 until 17th March 2024<\/td>\n\r\n                                   <\/tr>\n\r\n                                   <tr>\n\r\n                                      <td style=\"padding:5px;\"  valign=\"top\"><b>Venue: <\/b>Museo Nacional de Bellas Artes, Santiago de Chile<\/td>\n\r\n                                   <\/tr>\n\r\n                                   <\/table>\n\r\n                                   <hr width=\"75%\" align=\"center\" height=\"1\"> <table width=\"100%\" style=\"padding:5px; font-family: Arial, Helvetica, sans-serif;\">\n\r\n                                   <tr>\n\r\n                                      <td style=\"background-color:#f8f8ff; padding:5px;\" width=\"100%\"><b>Exhibition and associated activities<\/b>: <b><a href=\"\/conflicttextiles\/search-quilts2\/fullevent1\/?id=324\">Story Threads: Creative Readings<\/a><\/b><\/td>\n\r\n                                   <\/tr>\n\r\n                                   <tr>\n\r\n                                      <td style=\"padding:5px;\"  valign=\"top\"><b>Dates: <\/b>18th January 2024 until 5th April 2024<\/td>\n\r\n                                   <\/tr>\n\r\n                                   <tr>\n\r\n                                      <td style=\"padding:5px;\"  valign=\"top\"><b>Venue: <\/b>McClay Library, Queen's University, Belfast<\/td>\n\r\n                                   <\/tr>\n\r\n                                   <\/table>\n\r\n                                   <hr width=\"75%\" align=\"center\" height=\"1\"> <table width=\"100%\" style=\"padding:5px; font-family: Arial, Helvetica, sans-serif;\">\n\r\n                                   <tr>\n\r\n                                      <td style=\"background-color:#f8f8ff; padding:5px;\" width=\"100%\"><b>Lanzamiento de libro y exposici\u00f3n<\/b>: <b><a href=\"\/conflicttextiles\/search-quilts2\/fullevent1\/?id=314\">Arpilleras Po\u00e9ticas<\/a><\/b><\/td>\n\r\n                                   <\/tr>\n\r\n                                   <tr>\n\r\n                                      <td style=\"padding:5px;\"  valign=\"top\"><b>Dates: <\/b>7th December 2023 until 12th February 2024<\/td>\n\r\n                                   <\/tr>\n\r\n                                   <tr>\n\r\n                                      <td style=\"padding:5px;\"  valign=\"top\"><b>Venue: <\/b>Museo Nacional de Bellas Artes, Santiago de Chile <\/td>\n\r\n                                   <\/tr>\n\r\n                                   <\/table>\n\r\n                                   <hr width=\"75%\" align=\"center\" height=\"1\"> <table width=\"100%\" style=\"padding:5px; font-family: Arial, Helvetica, sans-serif;\">\n\r\n                                   <tr>\n\r\n                                      <td style=\"background-color:#f8f8ff; padding:5px;\" width=\"100%\"><b>\u2018storybook\u2019 launch<\/b>: <b><a href=\"\/conflicttextiles\/search-quilts2\/fullevent1\/?id=315\">\u0637\u0628\u0639\u0629 \u0627\u0644\u0637\u0628\u064a\u0639\u0629 | Nature Footprints: Community Stories of Climate, Conflict, and Peace<\/a><\/b><\/td>\n\r\n                                   <\/tr>\n\r\n                                   <tr>\n\r\n                                      <td style=\"padding:5px;\"  valign=\"top\"><b>Dates: <\/b>30th November 2023 until 12th December 2023<\/td>\n\r\n                                   <\/tr>\n\r\n                                   <tr>\n\r\n                                      <td style=\"padding:5px;\"  valign=\"top\"><b>Venue: <\/b>online and Expo City, Dubai<\/td>\n\r\n                                   <\/tr>\n\r\n                                   <\/table>\n\r\n                                   <hr width=\"75%\" align=\"center\" height=\"1\"> <table width=\"100%\" style=\"padding:5px; font-family: Arial, Helvetica, sans-serif;\">\n\r\n                                   <tr>\n\r\n                                      <td style=\"background-color:#f8f8ff; padding:5px;\" width=\"100%\"><b>Workshop<\/b>: <b><a href=\"\/conflicttextiles\/search-quilts2\/fullevent1\/?id=318\">Stitching our Stories: Displacement, Healing, New Possibilities<\/a><\/b><\/td>\n\r\n                                   <\/tr>\n\r\n                                   <tr>\n\r\n                                      <td style=\"padding:5px;\"  valign=\"top\"><b>Dates: <\/b>23rd November 2023 until 23rd November 2023<\/td>\n\r\n                                   <\/tr>\n\r\n                                   <tr>\n\r\n                                      <td style=\"padding:5px;\"  valign=\"top\"><b>Venue: <\/b>Ulster University, Belfast Campus<\/td>\n\r\n                                   <\/tr>\n\r\n                                   <\/table>\n\r\n                                   <hr width=\"75%\" align=\"center\" height=\"1\"> <table width=\"100%\" style=\"padding:5px; font-family: Arial, Helvetica, sans-serif;\">\n\r\n                                   <tr>\n\r\n                                      <td style=\"background-color:#f8f8ff; padding:5px;\" width=\"100%\"><b>Exhibition and associated activities<\/b>: <b><a href=\"\/conflicttextiles\/search-quilts2\/fullevent1\/?id=313\">Connecting Ties: A Transatlantic Friendship and the Northern Ireland Peace Process<\/a><\/b><\/td>\n\r\n                                   <\/tr>\n\r\n                                   <tr>\n\r\n                                      <td style=\"padding:5px;\"  valign=\"top\"><b>Dates: <\/b>17th November 2023 until 13th March 2024<\/td>\n\r\n                                   <\/tr>\n\r\n                                   <tr>\n\r\n                                      <td style=\"padding:5px;\"  valign=\"top\"><b>Venue: <\/b>Grossmann Gallery, Healey Library, University of Massachusetts, Boston, USA<\/td>\n\r\n                                   <\/tr>\n\r\n                                   <\/table>\n\r\n                                   <hr width=\"75%\" align=\"center\" height=\"1\"> <table width=\"100%\" style=\"padding:5px; font-family: Arial, Helvetica, sans-serif;\">\n\r\n                                   <tr>\n\r\n                                      <td style=\"background-color:#f8f8ff; padding:5px;\" width=\"100%\"><b>Workshop<\/b>: <b><a href=\"\/conflicttextiles\/search-quilts2\/fullevent1\/?id=322\">Conflict Textiles arpillera workshop with Level 2 Spanish students, QUB<\/a><\/b><\/td>\n\r\n                                   <\/tr>\n\r\n                                   <tr>\n\r\n                                      <td style=\"padding:5px;\"  valign=\"top\"><b>Dates: <\/b>1st November 2023 until 1st November 2023<\/td>\n\r\n                                   <\/tr>\n\r\n                                   <tr>\n\r\n                                      <td style=\"padding:5px;\"  valign=\"top\"><b>Venue: <\/b>Queen's University Belfast<\/td>\n\r\n                                   <\/tr>\n\r\n                                   <\/table>\n\r\n                                   <hr width=\"75%\" align=\"center\" height=\"1\"> <table width=\"100%\" style=\"padding:5px; font-family: Arial, Helvetica, sans-serif;\">\n\r\n                                   <tr>\n\r\n                                      <td style=\"background-color:#f8f8ff; padding:5px;\" width=\"100%\"><b>Permanent rotating exhibition<\/b>: <b><a href=\"\/conflicttextiles\/search-quilts2\/fullevent1\/?id=203\">Rinc\u00f3n de la Arpillera Embajadora<\/a><\/b><\/td>\n\r\n                                   <\/tr>\n\r\n                                   <tr>\n\r\n                                      <td style=\"padding:5px;\"  valign=\"top\"><b>Dates: <\/b>1st November 2023 until 30th May 2024<\/td>\n\r\n                                   <\/tr>\n\r\n                                   <tr>\n\r\n                                      <td style=\"padding:5px;\"  valign=\"top\"><b>Venue: <\/b>Fundaci\u00f3 Ateneu Sant Roc (Badalona)<\/td>\n\r\n                                   <\/tr>\n\r\n                                   <\/table>\n\r\n                                   <hr width=\"75%\" align=\"center\" height=\"1\"> <table width=\"100%\" style=\"padding:5px; font-family: Arial, Helvetica, sans-serif;\">\n\r\n                                   <tr>\n\r\n                                      <td style=\"background-color:#f8f8ff; padding:5px;\" width=\"100%\"><b>Rotating exhibition<\/b>: <b><a href=\"\/conflicttextiles\/search-quilts2\/fullevent1\/?id=316\">Conflict Textiles \/ Ulster University, Belfast - The search for the disappeared<\/a><\/b><\/td>\n\r\n                                   <\/tr>\n\r\n                                   <tr>\n\r\n                                      <td style=\"padding:5px;\"  valign=\"top\"><b>Dates: <\/b>25th October 2023 until 30th January 2025<\/td>\n\r\n                                   <\/tr>\n\r\n                                   <tr>\n\r\n                                      <td style=\"padding:5px;\"  valign=\"top\"><b>Venue: <\/b>Library, Belfast campus, Ulster University<\/td>\n\r\n                                   <\/tr>\n\r\n                                   <\/table>\n\r\n                                   <hr width=\"75%\" align=\"center\" height=\"1\"> <table width=\"100%\" style=\"padding:5px; font-family: Arial, Helvetica, sans-serif;\">\n\r\n                                   <tr>\n\r\n                                      <td style=\"background-color:#f8f8ff; padding:5px;\" width=\"100%\"><b>Seminar<\/b>: <b><a href=\"\/conflicttextiles\/search-quilts2\/fullevent1\/?id=317\">Responding to Disappearance in Chile, Northern Ireland and Turkey<\/a><\/b><\/td>\n\r\n                                   <\/tr>\n\r\n                                   <tr>\n\r\n                                      <td style=\"padding:5px;\"  valign=\"top\"><b>Dates: <\/b>25th October 2023 until 25th October 2023<\/td>\n\r\n                                   <\/tr>\n\r\n                                   <tr>\n\r\n                                      <td style=\"padding:5px;\"  valign=\"top\"><b>Venue: <\/b>Ulster University, Belfast <\/td>\n\r\n                                   <\/tr>\n\r\n                                   <\/table>\n\r\n                                   <hr width=\"75%\" align=\"center\" height=\"1\"> <table width=\"100%\" style=\"padding:5px; font-family: Arial, Helvetica, sans-serif;\">\n\r\n                                   <tr>\n\r\n                                      <td style=\"background-color:#f8f8ff; padding:5px;\" width=\"100%\"><b>Entrega de arpilleras y evento p\u00fablico<\/b>: <b><a href=\"\/conflicttextiles\/search-quilts2\/fullevent1\/?id=310\">Museo Nacional Centro de Arte Reina Sof\u00eda adquiere 5 arpilleras de Conflict Textiles<\/a><\/b><\/td>\n\r\n                                   <\/tr>\n\r\n                                   <tr>\n\r\n                                      <td style=\"padding:5px;\"  valign=\"top\"><b>Dates: <\/b>19th October 2023 until 21st October 2023<\/td>\n\r\n                                   <\/tr>\n\r\n                                   <tr>\n\r\n                                      <td style=\"padding:5px;\"  valign=\"top\"><b>Venue: <\/b>Museo Nacional Centro de Arte Reina Sof\u00eda, Madrid<\/td>\n\r\n                                   <\/tr>\n\r\n                                   <\/table>\n\r\n                                   <hr width=\"75%\" align=\"center\" height=\"1\"> <table width=\"100%\" style=\"padding:5px; font-family: Arial, Helvetica, sans-serif;\">\n\r\n                                   <tr>\n\r\n                                      <td style=\"background-color:#f8f8ff; padding:5px;\" width=\"100%\"><b>Permanent rotating exhibition<\/b>: <b><a href=\"\/conflicttextiles\/search-quilts2\/fullevent1\/?id=312\">Conflict Textiles: Library, Derry~Londonderry campus, UU - Nicitu, Sth Sudan '96-01<\/a><\/b><\/td>\n\r\n                                   <\/tr>\n\r\n                                   <tr>\n\r\n                                      <td style=\"padding:5px;\"  valign=\"top\"><b>Dates: <\/b>8th August 2023 until 22nd May 2024<\/td>\n\r\n                                   <\/tr>\n\r\n                                   <tr>\n\r\n                                      <td style=\"padding:5px;\"  valign=\"top\"><b>Venue: <\/b>Library, Derry~Londonderry campus, Ulster University<\/td>\n\r\n                                   <\/tr>\n\r\n                                   <\/table>\n\r\n                                   <hr width=\"75%\" align=\"center\" height=\"1\"> <table width=\"100%\" style=\"padding:5px; font-family: Arial, Helvetica, sans-serif;\">\n\r\n                                   <tr>\n\r\n                                      <td style=\"background-color:#f8f8ff; padding:5px;\" width=\"100%\"><b>Workshop<\/b>: <b><a href=\"\/conflicttextiles\/search-quilts2\/fullevent1\/?id=311\">Waking the Land<\/a><\/b><\/td>\n\r\n                                   <\/tr>\n\r\n                                   <tr>\n\r\n                                      <td style=\"padding:5px;\"  valign=\"top\"><b>Dates: <\/b>11th July 2023 until 11th July 2023<\/td>\n\r\n                                   <\/tr>\n\r\n                                   <tr>\n\r\n                                      <td style=\"padding:5px;\"  valign=\"top\"><b>Venue: <\/b>^ artist collective<\/td>\n\r\n                                   <\/tr>\n\r\n                                   <\/table>\n\r\n                                   <hr width=\"75%\" align=\"center\" height=\"1\"> <table width=\"100%\" style=\"padding:5px; font-family: Arial, Helvetica, sans-serif;\">\n\r\n                                   <tr>\n\r\n                                      <td style=\"background-color:#f8f8ff; padding:5px;\" width=\"100%\"><b>Exhibition and associated activities<\/b>: <b><a href=\"\/conflicttextiles\/search-quilts2\/fullevent1\/?id=304\">Threads and Stitches of our Changing Landscape<\/a><\/b><\/td>\n\r\n                                   <\/tr>\n\r\n                                   <tr>\n\r\n                                      <td style=\"padding:5px;\"  valign=\"top\"><b>Dates: <\/b>28th June 2023 until 21st October 2023<\/td>\n\r\n                                   <\/tr>\n\r\n                                   <tr>\n\r\n                                      <td style=\"padding:5px;\"  valign=\"top\"><b>Venue: <\/b>Roe Valley Arts and Cultural Centre, Limavady, Northern Ireland<\/td>\n\r\n                                   <\/tr>\n\r\n                                   <\/table>\n\r\n                                   <hr width=\"75%\" align=\"center\" height=\"1\"> <table width=\"100%\" style=\"padding:5px; font-family: Arial, Helvetica, sans-serif;\">\n\r\n                                   <tr>\n\r\n                                      <td style=\"background-color:#f8f8ff; padding:5px;\" width=\"100%\"><b>Launch & Textile display<\/b>: <b><a href=\"\/conflicttextiles\/search-quilts2\/fullevent1\/?id=309\">Mujeres Disruptivas \/ Disruptive women unveiling: Refugee week 2023<\/a><\/b><\/td>\n\r\n                                   <\/tr>\n\r\n                                   <tr>\n\r\n                                      <td style=\"padding:5px;\"  valign=\"top\"><b>Dates: <\/b>20th June 2023 until 20th June 2023<\/td>\n\r\n                                   <\/tr>\n\r\n                                   <tr>\n\r\n                                      <td style=\"padding:5px;\"  valign=\"top\"><b>Venue: <\/b>Void Gallery, Derry-Londonderry<\/td>\n\r\n                                   <\/tr>\n\r\n                                   <\/table>\n\r\n                                   <hr width=\"75%\" align=\"center\" height=\"1\"> <table width=\"100%\" style=\"padding:5px; font-family: Arial, Helvetica, sans-serif;\">\n\r\n                                   <tr>\n\r\n                                      <td style=\"background-color:#f8f8ff; padding:5px;\" width=\"100%\"><b>Workshop<\/b>: <b><a href=\"\/conflicttextiles\/search-quilts2\/fullevent1\/?id=307\">Afghani War Rugs Reimagined <\/a><\/b><\/td>\n\r\n                                   <\/tr>\n\r\n                                   <tr>\n\r\n                                      <td style=\"padding:5px;\"  valign=\"top\"><b>Dates: <\/b>19th June 2023 until 19th June 2023<\/td>\n\r\n                                   <\/tr>\n\r\n                                   <tr>\n\r\n                                      <td style=\"padding:5px;\"  valign=\"top\"><b>Venue: <\/b>Yorkton workshop, London<\/td>\n\r\n                                   <\/tr>\n\r\n                                   <\/table>\n\r\n                                   <hr width=\"75%\" align=\"center\" height=\"1\"> <table width=\"100%\" style=\"padding:5px; font-family: Arial, Helvetica, sans-serif;\">\n\r\n                                   <tr>\n\r\n                                      <td style=\"background-color:#f8f8ff; padding:5px;\" width=\"100%\"><b>Participatory textile installation<\/b>: <b><a href=\"\/conflicttextiles\/search-quilts2\/fullevent1\/?id=299\">Woven Hug (Abrazo Entramado)<\/a><\/b><\/td>\n\r\n                                   <\/tr>\n\r\n                                   <tr>\n\r\n                                      <td style=\"padding:5px;\"  valign=\"top\"><b>Dates: <\/b>15th June 2023 until 26th August 2023<\/td>\n\r\n                                   <\/tr>\n\r\n                                   <tr>\n\r\n                                      <td style=\"padding:5px;\"  valign=\"top\"><b>Venue: <\/b>Flowerfield Arts Centre, Portstewart, Northern Ireland<\/td>\n\r\n                                   <\/tr>\n\r\n                                   <\/table>\n\r\n                                   <hr width=\"75%\" align=\"center\" height=\"1\"> <table width=\"100%\" style=\"padding:5px; font-family: Arial, Helvetica, sans-serif;\">\n\r\n                                   <tr>\n\r\n                                      <td style=\"background-color:#f8f8ff; padding:5px;\" width=\"100%\"><b>Rotating exhibition<\/b>: <b><a href=\"\/conflicttextiles\/search-quilts2\/fullevent1\/?id=306\">ARK \/ Conflict Textiles <\/a><\/b><\/td>\n\r\n                                   <\/tr>\n\r\n                                   <tr>\n\r\n                                      <td style=\"padding:5px;\"  valign=\"top\"><b>Dates: <\/b>1st June 2023 until 6th March 2024<\/td>\n\r\n                                   <\/tr>\n\r\n                                   <tr>\n\r\n                                      <td style=\"padding:5px;\"  valign=\"top\"><b>Venue: <\/b>McClay Library, Queen's University, Belfast<\/td>\n\r\n                                   <\/tr>\n\r\n                                   <\/table>\n\r\n                                   <hr width=\"75%\" align=\"center\" height=\"1\"> <table width=\"100%\" style=\"padding:5px; font-family: Arial, Helvetica, sans-serif;\">\n\r\n                                   <tr>\n\r\n                                      <td style=\"background-color:#f8f8ff; padding:5px;\" width=\"100%\"><b>Exhibition and associated activities<\/b>: <b><a href=\"\/conflicttextiles\/search-quilts2\/fullevent1\/?id=273\">A World of Stories<\/a><\/b><\/td>\n\r\n                                   <\/tr>\n\r\n                                   <tr>\n\r\n                                      <td style=\"padding:5px;\"  valign=\"top\"><b>Dates: <\/b>13th May 2023 until 26th August 2023<\/td>\n\r\n                                   <\/tr>\n\r\n                                   <tr>\n\r\n                                      <td style=\"padding:5px;\"  valign=\"top\"><b>Venue: <\/b>Coleraine Museum at Coleraine Town Hall <\/td>\n\r\n                                   <\/tr>\n\r\n                                   <\/table>\n\r\n                                   <hr width=\"75%\" align=\"center\" height=\"1\"> <table width=\"100%\" style=\"padding:5px; font-family: Arial, Helvetica, sans-serif;\">\n\r\n                                   <tr>\n\r\n                                      <td style=\"background-color:#f8f8ff; padding:5px;\" width=\"100%\"><b>Exhibition and associated activities<\/b>: <b><a href=\"\/conflicttextiles\/search-quilts2\/fullevent1\/?id=305\">Never Forget September 11, 1973<\/a><\/b><\/td>\n\r\n                                   <\/tr>\n\r\n                                   <tr>\n\r\n                                      <td style=\"padding:5px;\"  valign=\"top\"><b>Dates: <\/b>3rd May 2023 until 28th December 2023<\/td>\n\r\n                                   <\/tr>\n\r\n                                   <tr>\n\r\n                                      <td style=\"padding:5px;\"  valign=\"top\"><b>Venue: <\/b>Oshima Hakko Museum, Japan<\/td>\n\r\n                                   <\/tr>\n\r\n                                   <\/table>\n\r\n                                   <hr width=\"75%\" align=\"center\" height=\"1\"> <table width=\"100%\" style=\"padding:5px; font-family: Arial, Helvetica, sans-serif;\">\n\r\n                                   <tr>\n\r\n                                      <td style=\"background-color:#f8f8ff; padding:5px;\" width=\"100%\"><b>Exhibition and associated activities<\/b>: <b><a href=\"\/conflicttextiles\/search-quilts2\/fullevent1\/?id=303\">The Good Friday Agreement: Work in Progress<\/a><\/b><\/td>\n\r\n                                   <\/tr>\n\r\n                                   <tr>\n\r\n                                      <td style=\"padding:5px;\"  valign=\"top\"><b>Dates: <\/b>12th April 2023 until 16th April 2023<\/td>\n\r\n                                   <\/tr>\n\r\n                                   <tr>\n\r\n                                      <td style=\"padding:5px;\"  valign=\"top\"><b>Venue: <\/b>Roe Valley Arts and Cultural Centre, Limavady, Northern Ireland<\/td>\n\r\n                                   <\/tr>\n\r\n                                   <\/table>\n\r\n                                   <hr width=\"75%\" align=\"center\" height=\"1\"> <table width=\"100%\" style=\"padding:5px; font-family: Arial, Helvetica, sans-serif;\">\n\r\n                                   <tr>\n\r\n                                      <td style=\"background-color:#f8f8ff; padding:5px;\" width=\"100%\"><b>Conference<\/b>: <b><a href=\"\/conflicttextiles\/search-quilts2\/fullevent1\/?id=297\">PILAS Conference 2023: Coloniality, Autonomy, and Emancipation in Latin America<\/a><\/b><\/td>\n\r\n                                   <\/tr>\n\r\n                                   <tr>\n\r\n                                      <td style=\"padding:5px;\"  valign=\"top\"><b>Dates: <\/b>29th March 2023 until 29th March 2023<\/td>\n\r\n                                   <\/tr>\n\r\n                                   <tr>\n\r\n                                      <td style=\"padding:5px;\"  valign=\"top\"><b>Venue: <\/b>Queen's University Belfast, Northern Ireland<\/td>\n\r\n                                   <\/tr>\n\r\n                                   <\/table>\n\r\n                                   <hr width=\"75%\" align=\"center\" height=\"1\"> <table width=\"100%\" style=\"padding:5px; font-family: Arial, Helvetica, sans-serif;\">\n\r\n                                   <tr>\n\r\n                                      <td style=\"background-color:#f8f8ff; padding:5px;\" width=\"100%\"><b>Seminar<\/b>: <b><a href=\"\/conflicttextiles\/search-quilts2\/fullevent1\/?id=302\">Memory, Memorialisation and Representations of Conflict<\/a><\/b><\/td>\n\r\n                                   <\/tr>\n\r\n                                   <tr>\n\r\n                                      <td style=\"padding:5px;\"  valign=\"top\"><b>Dates: <\/b>20th March 2023 until 20th March 2023<\/td>\n\r\n                                   <\/tr>\n\r\n                                   <tr>\n\r\n                                      <td style=\"padding:5px;\"  valign=\"top\"><b>Venue: <\/b>University of Galway, Ireland<\/td>\n\r\n                                   <\/tr>\n\r\n                                   <\/table>\n\r\n                                   <hr width=\"75%\" align=\"center\" height=\"1\"> <table width=\"100%\" style=\"padding:5px; font-family: Arial, Helvetica, sans-serif;\">\n\r\n                                   <tr>\n\r\n                                      <td style=\"background-color:#f8f8ff; padding:5px;\" width=\"100%\"><b>Workshop<\/b>: <b><a href=\"\/conflicttextiles\/search-quilts2\/fullevent1\/?id=301\">Textiles and the Social Fabric of the Colombian Conflict<\/a><\/b><\/td>\n\r\n                                   <\/tr>\n\r\n                                   <tr>\n\r\n                                      <td style=\"padding:5px;\"  valign=\"top\"><b>Dates: <\/b>14th March 2023 until 14th March 2023<\/td>\n\r\n                                   <\/tr>\n\r\n                                   <tr>\n\r\n                                      <td style=\"padding:5px;\"  valign=\"top\"><b>Venue: <\/b>Queen's University Belfast, Northern Ireland<\/td>\n\r\n                                   <\/tr>\n\r\n                                   <\/table>\n\r\n                                   <hr width=\"75%\" align=\"center\" height=\"1\"> <table width=\"100%\" style=\"padding:5px; font-family: Arial, Helvetica, sans-serif;\">\n\r\n                                   <tr>\n\r\n                                      <td style=\"background-color:#f8f8ff; padding:5px;\" width=\"100%\"><b>Workshop<\/b>: <b><a href=\"\/conflicttextiles\/search-quilts2\/fullevent1\/?id=296\">Anticolonial Archiving as Method<\/a><\/b><\/td>\n\r\n                                   <\/tr>\n\r\n                                   <tr>\n\r\n                                      <td style=\"padding:5px;\"  valign=\"top\"><b>Dates: <\/b>10th March 2023 until 10th March 2023<\/td>\n\r\n                                   <\/tr>\n\r\n                                   <tr>\n\r\n                                      <td style=\"padding:5px;\"  valign=\"top\"><b>Venue: <\/b>London School of Economics<\/td>\n\r\n                                   <\/tr>\n\r\n                                   <\/table>\n\r\n                                   <hr width=\"75%\" align=\"center\" height=\"1\"> <table width=\"100%\" style=\"padding:5px; font-family: Arial, Helvetica, sans-serif;\">\n\r\n                                   <tr>\n\r\n                                      <td style=\"background-color:#f8f8ff; padding:5px;\" width=\"100%\"><b>Exhibition and conference<\/b>: <b><a href=\"\/conflicttextiles\/search-quilts2\/fullevent1\/?id=298\">How Transitional Justice Ideas Travel: Dealing with the Legacy of the Past in Norther<\/a><\/b><\/td>\n\r\n                                   <\/tr>\n\r\n                                   <tr>\n\r\n                                      <td style=\"padding:5px;\"  valign=\"top\"><b>Dates: <\/b>10th February 2023 until 10th February 2023<\/td>\n\r\n                                   <\/tr>\n\r\n                                   <tr>\n\r\n                                      <td style=\"padding:5px;\"  valign=\"top\"><b>Venue: <\/b>Queen's University Belfast, Northern Ireland<\/td>\n\r\n                                   <\/tr>\n\r\n                                   <\/table>\n\r\n                                   <hr width=\"75%\" align=\"center\" height=\"1\"> <table width=\"100%\" style=\"padding:5px; font-family: Arial, Helvetica, sans-serif;\">\n\r\n                                   <tr>\n\r\n                                      <td style=\"background-color:#f8f8ff; padding:5px;\" width=\"100%\"><b>Exhibition and associated activities<\/b>: <b><a href=\"\/conflicttextiles\/search-quilts2\/fullevent1\/?id=288\">Mujeres Disruptivas \/ Disruptive Women<\/a><\/b><\/td>\n\r\n                                   <\/tr>\n\r\n                                   <tr>\n\r\n                                      <td style=\"padding:5px;\"  valign=\"top\"><b>Dates: <\/b>8th February 2023 until 7th August 2023<\/td>\n\r\n                                   <\/tr>\n\r\n                                   <tr>\n\r\n                                      <td style=\"padding:5px;\"  valign=\"top\"><b>Venue: <\/b>Flowerfield Arts Centre, Portstewart, Northern Ireland<\/td>\n\r\n                                   <\/tr>\n\r\n                                   <\/table>\n\r\n                                   <hr width=\"75%\" align=\"center\" height=\"1\"> <table width=\"100%\" style=\"padding:5px; font-family: Arial, Helvetica, sans-serif;\">\n\r\n                                   <tr>\n\r\n                                      <td style=\"background-color:#f8f8ff; padding:5px;\" width=\"100%\"><b>Rotating exhibition<\/b>: <b><a href=\"\/conflicttextiles\/search-quilts2\/fullevent1\/?id=289\">The Troubles and Beyond: Mujeres Disruptivas \/ Disruptive Women<\/a><\/b><\/td>\n\r\n                                   <\/tr>\n\r\n                                   <tr>\n\r\n                                      <td style=\"padding:5px;\"  valign=\"top\"><b>Dates: <\/b>8th February 2023 until 13th August 2023<\/td>\n\r\n                                   <\/tr>\n\r\n                                   <tr>\n\r\n                                      <td style=\"padding:5px;\"  valign=\"top\"><b>Venue: <\/b>Ulster Museum, Belfast, Northern Ireland<\/td>\n\r\n                                   <\/tr>\n\r\n                                   <\/table>\n\r\n                                   <hr width=\"75%\" align=\"center\" height=\"1\"> <table width=\"100%\" style=\"padding:5px; font-family: Arial, Helvetica, sans-serif;\">\n\r\n                                   <tr>\n\r\n                                      <td style=\"background-color:#f8f8ff; padding:5px;\" width=\"100%\"><b>Permanent rotating exhibition<\/b>: <b><a href=\"\/conflicttextiles\/search-quilts2\/fullevent1\/?id=290\">Conflict Textiles: Magee Campus Library, Ulster University - Mujeres Disruptivas<\/a><\/b><\/td>\n\r\n                                   <\/tr>\n\r\n                                   <tr>\n\r\n                                      <td style=\"padding:5px;\"  valign=\"top\"><b>Dates: <\/b>8th February 2023 until 7th August 2023<\/td>\n\r\n                                   <\/tr>\n\r\n                                   <tr>\n\r\n                                      <td style=\"padding:5px;\"  valign=\"top\"><b>Venue: <\/b>Magee Campus Library, Ulster University<\/td>\n\r\n                                   <\/tr>\n\r\n                                   <\/table>\n\r\n                                   <hr width=\"75%\" align=\"center\" height=\"1\"> <table width=\"100%\" style=\"padding:5px; font-family: Arial, Helvetica, sans-serif;\">\n\r\n                                   <tr>\n\r\n                                      <td style=\"background-color:#f8f8ff; padding:5px;\" width=\"100%\"><b>Exhibition trail<\/b>: <b><a href=\"\/conflicttextiles\/search-quilts2\/fullevent1\/?id=300\">Mujeres Disruptivas \/ Disruptive Women: Exhibition trail<\/a><\/b><\/td>\n\r\n                                   <\/tr>\n\r\n                                   <tr>\n\r\n                                      <td style=\"padding:5px;\"  valign=\"top\"><b>Dates: <\/b>8th February 2023 until 7th August 2023<\/td>\n\r\n                                   <\/tr>\n\r\n                                   <tr>\n\r\n                                      <td style=\"padding:5px;\"  valign=\"top\"><b>Venue: <\/b>Tower Museum, Derry \/ Londonderry, Northern Ireland<\/td>\n\r\n                                   <\/tr>\n\r\n                                   <\/table>\n\r\n                                   <hr width=\"75%\" align=\"center\" height=\"1\"> <table width=\"100%\" style=\"padding:5px; font-family: Arial, Helvetica, sans-serif;\">\n\r\n                                   <tr>\n\r\n                                      <td style=\"background-color:#f8f8ff; padding:5px;\" width=\"100%\"><b>Landmark event<\/b>: <b><a href=\"\/conflicttextiles\/search-quilts2\/fullevent1\/?id=291\">International Human Rights Day 2022: Embracing Human Rights<\/a><\/b><\/td>\n\r\n                                   <\/tr>\n\r\n                                   <tr>\n\r\n                                      <td style=\"padding:5px;\"  valign=\"top\"><b>Dates: <\/b>9th December 2022 until 9th December 2022<\/td>\n\r\n                                   <\/tr>\n\r\n                                   <tr>\n\r\n                                      <td style=\"padding:5px;\"  valign=\"top\"><b>Venue: <\/b>Ulster Museum, Belfast, Northern Ireland<\/td>\n\r\n                                   <\/tr>\n\r\n                                   <\/table>\n\r\n                                   <hr width=\"75%\" align=\"center\" height=\"1\"> <table width=\"100%\" style=\"padding:5px; font-family: Arial, Helvetica, sans-serif;\">\n\r\n                                   <tr>\n\r\n                                      <td style=\"background-color:#f8f8ff; padding:5px;\" width=\"100%\"><b>Taller y Reflexi\u00f3n<\/b>: <b><a href=\"\/conflicttextiles\/search-quilts2\/fullevent1\/?id=295\">Cosir l'exclusi\u00f3 \/ Stitching exclusion<\/a><\/b><\/td>\n\r\n                                   <\/tr>\n\r\n                                   <tr>\n\r\n                                      <td style=\"padding:5px;\"  valign=\"top\"><b>Dates: <\/b>2nd December 2022 until 2nd December 2022<\/td>\n\r\n                                   <\/tr>\n\r\n                                   <tr>\n\r\n                                      <td style=\"padding:5px;\"  valign=\"top\"><b>Venue: <\/b>Fundaci\u00f3 Ateneu Sant Roc (Badalona)<\/td>\n\r\n                                   <\/tr>\n\r\n                                   <\/table>\n\r\n                                   <hr width=\"75%\" align=\"center\" height=\"1\"> <table width=\"100%\" style=\"padding:5px; font-family: Arial, Helvetica, sans-serif;\">\n\r\n                                   <tr>\n\r\n                                      <td style=\"background-color:#f8f8ff; padding:5px;\" width=\"100%\"><b>Seminar<\/b>: <b><a href=\"\/conflicttextiles\/search-quilts2\/fullevent1\/?id=286\">The role of textile language in global and regional human rights protection<\/a><\/b><\/td>\n\r\n                                   <\/tr>\n\r\n                                   <tr>\n\r\n                                      <td style=\"padding:5px;\"  valign=\"top\"><b>Dates: <\/b>10th November 2022 until 10th November 2022<\/td>\n\r\n                                   <\/tr>\n\r\n                                   <tr>\n\r\n                                      <td style=\"padding:5px;\"  valign=\"top\"><b>Venue: <\/b>Irish Centre for Human Rights, Seminar Room, NUIG<\/td>\n\r\n                                   <\/tr>\n\r\n                                   <\/table>\n\r\n                                   <hr width=\"75%\" align=\"center\" height=\"1\"> <table width=\"100%\" style=\"padding:5px; font-family: Arial, Helvetica, sans-serif;\">\n\r\n                                   <tr>\n\r\n                                      <td style=\"background-color:#f8f8ff; padding:5px;\" width=\"100%\"><b>Conference<\/b>: <b><a href=\"\/conflicttextiles\/search-quilts2\/fullevent1\/?id=283\">Lenguaje Textil: materialidad, conservaci\u00f3n y archivos<\/a><\/b><\/td>\n\r\n                                   <\/tr>\n\r\n                                   <tr>\n\r\n                                      <td style=\"padding:5px;\"  valign=\"top\"><b>Dates: <\/b>26th October 2022 until 29th October 2022<\/td>\n\r\n                                   <\/tr>\n\r\n                                   <tr>\n\r\n                                      <td style=\"padding:5px;\"  valign=\"top\"><b>Venue: <\/b>Santiago, Chile (and online)<\/td>\n\r\n                                   <\/tr>\n\r\n                                   <\/table>\n\r\n                                   <hr width=\"75%\" align=\"center\" height=\"1\"> <table width=\"100%\" style=\"padding:5px; font-family: Arial, Helvetica, sans-serif;\">\n\r\n                                   <tr>\n\r\n                                      <td style=\"background-color:#f8f8ff; padding:5px;\" width=\"100%\"><b>MemoLab programme<\/b>: <b><a href=\"\/conflicttextiles\/search-quilts2\/fullevent1\/?id=287\">Transformative Memory International Network 2022 MemoLab: Northern Ireland<\/a><\/b><\/td>\n\r\n                                   <\/tr>\n\r\n                                   <tr>\n\r\n                                      <td style=\"padding:5px;\"  valign=\"top\"><b>Dates: <\/b>17th October 2022 until 6th November 2022<\/td>\n\r\n                                   <\/tr>\n\r\n                                   <tr>\n\r\n                                      <td style=\"padding:5px;\"  valign=\"top\"><b>Venue: <\/b>Ulster Museum, Belfast; Magee Campus, Ulster University, Derry \/ Londonderry<\/td>\n\r\n                                   <\/tr>\n\r\n                                   <\/table>\n\r\n                                   <hr width=\"75%\" align=\"center\" height=\"1\"> <table width=\"100%\" style=\"padding:5px; font-family: Arial, Helvetica, sans-serif;\">\n\r\n                                   <tr>\n\r\n                                      <td style=\"background-color:#f8f8ff; padding:5px;\" width=\"100%\"><b>Exhibition and associated activities<\/b>: <b><a href=\"\/conflicttextiles\/search-quilts2\/fullevent1\/?id=284\">Threads for Corporate Justice<\/a><\/b><\/td>\n\r\n                                   <\/tr>\n\r\n                                   <tr>\n\r\n                                      <td style=\"padding:5px;\"  valign=\"top\"><b>Dates: <\/b>11th October 2022 until 17th October 2022<\/td>\n\r\n                                   <\/tr>\n\r\n                                   <tr>\n\r\n                                      <td style=\"padding:5px;\"  valign=\"top\"><b>Venue: <\/b>Belfast, Northern Ireland<\/td>\n\r\n                                   <\/tr>\n\r\n                                   <\/table>\n\r\n                                   <hr width=\"75%\" align=\"center\" height=\"1\"> <table width=\"100%\" style=\"padding:5px; font-family: Arial, Helvetica, sans-serif;\">\n\r\n                                   <tr>\n\r\n                                      <td style=\"background-color:#f8f8ff; padding:5px;\" width=\"100%\"><b>Exhibition and associated activities<\/b>: <b><a href=\"\/conflicttextiles\/search-quilts2\/fullevent1\/?id=282\">State of the Art: Transformative Memories in Political Violence<\/a><\/b><\/td>\n\r\n                                   <\/tr>\n\r\n                                   <tr>\n\r\n                                      <td style=\"padding:5px;\"  valign=\"top\"><b>Dates: <\/b>28th September 2022 until 23rd October 2022<\/td>\n\r\n                                   <\/tr>\n\r\n                                   <tr>\n\r\n                                      <td style=\"padding:5px;\"  valign=\"top\"><b>Venue: <\/b>King\u2019s Inn Street, Dublin<\/td>\n\r\n                                   <\/tr>\n\r\n                                   <\/table>\n\r\n                                   <hr width=\"75%\" align=\"center\" height=\"1\"> <table width=\"100%\" style=\"padding:5px; font-family: Arial, Helvetica, sans-serif;\">\n\r\n                                   <tr>\n\r\n                                      <td style=\"background-color:#f8f8ff; padding:5px;\" width=\"100%\"><b>Exhibition and seminar<\/b>: <b><a href=\"\/conflicttextiles\/search-quilts2\/fullevent1\/?id=281\">Narrativas textiles: Tramas de dolor y empat\u00eda en Am\u00e9rica Latina \/ Textile Narratives<\/a><\/b><\/td>\n\r\n                                   <\/tr>\n\r\n                                   <tr>\n\r\n                                      <td style=\"padding:5px;\"  valign=\"top\"><b>Dates: <\/b>5th September 2022 until 8th September 2022<\/td>\n\r\n                                   <\/tr>\n\r\n                                   <tr>\n\r\n                                      <td style=\"padding:5px;\"  valign=\"top\"><b>Venue: <\/b>Universidad de Guadalajara, M\u00e9xico<\/td>\n\r\n                                   <\/tr>\n\r\n                                   <\/table>\n\r\n                                   <hr width=\"75%\" align=\"center\" height=\"1\"> <table width=\"100%\" style=\"padding:5px; font-family: Arial, Helvetica, sans-serif;\">\n\r\n                                   <tr>\n\r\n                                      <td style=\"background-color:#f8f8ff; padding:5px;\" width=\"100%\"><b>Film launch<\/b>: <b><a href=\"\/conflicttextiles\/search-quilts2\/fullevent1\/?id=268\">International Day of the Victims of Enforced Disappearances 2022<\/a><\/b><\/td>\n\r\n                                   <\/tr>\n\r\n                                   <tr>\n\r\n                                      <td style=\"padding:5px;\"  valign=\"top\"><b>Dates: <\/b>30th August 2022 until 30th August 2022<\/td>\n\r\n                                   <\/tr>\n\r\n                                   <tr>\n\r\n                                      <td style=\"padding:5px;\"  valign=\"top\"><b>Venue: <\/b>Ulster Museum Belfast<\/td>\n\r\n                                   <\/tr>\n\r\n                                   <\/table>\n\r\n                                   <hr width=\"75%\" align=\"center\" height=\"1\"> <table width=\"100%\" style=\"padding:5px; font-family: Arial, Helvetica, sans-serif;\">\n\r\n                                   <tr>\n\r\n                                      <td style=\"background-color:#f8f8ff; padding:5px;\" width=\"100%\"><b>Permanent rotating exhibition<\/b>: <b><a href=\"\/conflicttextiles\/search-quilts2\/fullevent1\/?id=274\">Conflict Textiles collection: Magee Campus Library, Ulster University<\/a><\/b><\/td>\n\r\n                                   <\/tr>\n\r\n                                   <tr>\n\r\n                                      <td style=\"padding:5px;\"  valign=\"top\"><b>Dates: <\/b>28th July 2022 until 8th February 2023<\/td>\n\r\n                                   <\/tr>\n\r\n                                   <tr>\n\r\n                                      <td style=\"padding:5px;\"  valign=\"top\"><b>Venue: <\/b>Magee Campus Library, Ulster University<\/td>\n\r\n                                   <\/tr>\n\r\n                                   <\/table>\n\r\n                                   <hr width=\"75%\" align=\"center\" height=\"1\"> <table width=\"100%\" style=\"padding:5px; font-family: Arial, Helvetica, sans-serif;\">\n\r\n                                   <tr>\n\r\n                                      <td style=\"background-color:#f8f8ff; padding:5px;\" width=\"100%\"><b>Exhibition and associated activities<\/b>: <b><a href=\"\/conflicttextiles\/search-quilts2\/fullevent1\/?id=271\">Climate Change \u2013 The People\u2019s Story<\/a><\/b><\/td>\n\r\n                                   <\/tr>\n\r\n                                   <tr>\n\r\n                                      <td style=\"padding:5px;\"  valign=\"top\"><b>Dates: <\/b>9th July 2022 until 18th December 2022<\/td>\n\r\n                                   <\/tr>\n\r\n                                   <tr>\n\r\n                                      <td style=\"padding:5px;\"  valign=\"top\"><b>Venue: <\/b>Tower Museum, Derry \/ Londonderry, Northern Ireland<\/td>\n\r\n                                   <\/tr>\n\r\n                                   <\/table>\n\r\n                                   <hr width=\"75%\" align=\"center\" height=\"1\"> <table width=\"100%\" style=\"padding:5px; font-family: Arial, Helvetica, sans-serif;\">\n\r\n                                   <tr>\n\r\n                                      <td style=\"background-color:#f8f8ff; padding:5px;\" width=\"100%\"><b>Rotating exhibition<\/b>: <b><a href=\"\/conflicttextiles\/search-quilts2\/fullevent1\/?id=285\">The Troubles and Beyond<\/a><\/b><\/td>\n\r\n                                   <\/tr>\n\r\n                                   <tr>\n\r\n                                      <td style=\"padding:5px;\"  valign=\"top\"><b>Dates: <\/b>28th June 2022 until 8th February 2023<\/td>\n\r\n                                   <\/tr>\n\r\n                                   <tr>\n\r\n                                      <td style=\"padding:5px;\"  valign=\"top\"><b>Venue: <\/b>Ulster Museum, Belfast, Northern Ireland<\/td>\n\r\n                                   <\/tr>\n\r\n                                   <\/table>\n\r\n                                   <hr width=\"75%\" align=\"center\" height=\"1\"> <table width=\"100%\" style=\"padding:5px; font-family: Arial, Helvetica, sans-serif;\">\n\r\n                                   <tr>\n\r\n                                      <td style=\"background-color:#f8f8ff; padding:5px;\" width=\"100%\"><b>Conference<\/b>: <b><a href=\"\/conflicttextiles\/search-quilts2\/fullevent1\/?id=267\">Conflict Textiles as Counter Archives in Truth Commission Processes<\/a><\/b><\/td>\n\r\n                                   <\/tr>\n\r\n                                   <tr>\n\r\n                                      <td style=\"padding:5px;\"  valign=\"top\"><b>Dates: <\/b>26th May 2022 until 26th May 2022<\/td>\n\r\n                                   <\/tr>\n\r\n                                   <tr>\n\r\n                                      <td style=\"padding:5px;\"  valign=\"top\"><b>Venue: <\/b>Online<\/td>\n\r\n                                   <\/tr>\n\r\n                                   <\/table>\n\r\n                                   <hr width=\"75%\" align=\"center\" height=\"1\"> <table width=\"100%\" style=\"padding:5px; font-family: Arial, Helvetica, sans-serif;\">\n\r\n                                   <tr>\n\r\n                                      <td style=\"background-color:#f8f8ff; padding:5px;\" width=\"100%\"><b>Roundtable discussion<\/b>: <b><a href=\"\/conflicttextiles\/search-quilts2\/fullevent1\/?id=272\">Colecciones y creador@s creando v\u00ednculos: El uso e inter\u00e9s de las colecciones de muse<\/a><\/b><\/td>\n\r\n                                   <\/tr>\n\r\n                                   <tr>\n\r\n                                      <td style=\"padding:5px;\"  valign=\"top\"><b>Dates: <\/b>23rd May 2022 until 23rd May 2022<\/td>\n\r\n                                   <\/tr>\n\r\n                                   <tr>\n\r\n                                      <td style=\"padding:5px;\"  valign=\"top\"><b>Venue: <\/b>Online <\/td>\n\r\n                                   <\/tr>\n\r\n                                   <\/table>\n\r\n                                   <hr width=\"75%\" align=\"center\" height=\"1\"> <table width=\"100%\" style=\"padding:5px; font-family: Arial, Helvetica, sans-serif;\">\n\r\n                                   <tr>\n\r\n                                      <td style=\"background-color:#f8f8ff; padding:5px;\" width=\"100%\"><b>Workshops and launch<\/b>: <b><a href=\"\/conflicttextiles\/search-quilts2\/fullevent1\/?id=266\">Threads for Corporate Justice workshop programme<\/a><\/b><\/td>\n\r\n                                   <\/tr>\n\r\n                                   <tr>\n\r\n                                      <td style=\"padding:5px;\"  valign=\"top\"><b>Dates: <\/b>4th May 2022 until 31st August 2022<\/td>\n\r\n                                   <\/tr>\n\r\n                                   <tr>\n\r\n                                      <td style=\"padding:5px;\"  valign=\"top\"><b>Venue: <\/b>Online<\/td>\n\r\n                                   <\/tr>\n\r\n                                   <\/table>\n\r\n                                   <hr width=\"75%\" align=\"center\" height=\"1\"> <table width=\"100%\" style=\"padding:5px; font-family: Arial, Helvetica, sans-serif;\">\n\r\n                                   <tr>\n\r\n                                      <td style=\"background-color:#f8f8ff; padding:5px;\" width=\"100%\"><b>Exhibition and associated activities<\/b>: <b><a href=\"\/conflicttextiles\/search-quilts2\/fullevent1\/?id=270\">Outbound ticket \/ Boleto de ida<\/a><\/b><\/td>\n\r\n                                   <\/tr>\n\r\n                                   <tr>\n\r\n                                      <td style=\"padding:5px;\"  valign=\"top\"><b>Dates: <\/b>25th April 2022 until 14th September 2022<\/td>\n\r\n                                   <\/tr>\n\r\n                                   <tr>\n\r\n                                      <td style=\"padding:5px;\"  valign=\"top\"><b>Venue: <\/b>Gernika Peace Museum<\/td>\n\r\n                                   <\/tr>\n\r\n                                   <\/table>\n\r\n                                   <hr width=\"75%\" align=\"center\" height=\"1\"> <table width=\"100%\" style=\"padding:5px; font-family: Arial, Helvetica, sans-serif;\">\n\r\n                                   <tr>\n\r\n                                      <td style=\"background-color:#f8f8ff; padding:5px;\" width=\"100%\"><b>Exhibition and associated activities<\/b>: <b><a href=\"\/conflicttextiles\/search-quilts2\/fullevent1\/?id=259\">The Glorious Art of Peace<\/a><\/b><\/td>\n\r\n                                   <\/tr>\n\r\n                                   <tr>\n\r\n                                      <td style=\"padding:5px;\"  valign=\"top\"><b>Dates: <\/b>4th April 2022 until 1st May 2022<\/td>\n\r\n                                   <\/tr>\n\r\n                                   <tr>\n\r\n                                      <td style=\"padding:5px;\"  valign=\"top\"><b>Venue: <\/b>Cornerstone Arts Centre, Didcot<\/td>\n\r\n                                   <\/tr>\n\r\n                                   <\/table>\n\r\n                                   <hr width=\"75%\" align=\"center\" height=\"1\"> <table width=\"100%\" style=\"padding:5px; font-family: Arial, Helvetica, sans-serif;\">\n\r\n                                   <tr>\n\r\n                                      <td style=\"background-color:#f8f8ff; padding:5px;\" width=\"100%\"><b>Exhibition and associated activities<\/b>: <b><a href=\"\/conflicttextiles\/search-quilts2\/fullevent1\/?id=263\">Reflections on Refugees: Communicating through Art<\/a><\/b><\/td>\n\r\n                                   <\/tr>\n\r\n                                   <tr>\n\r\n                                      <td style=\"padding:5px;\"  valign=\"top\"><b>Dates: <\/b>29th March 2022 until 16th May 2022<\/td>\n\r\n                                   <\/tr>\n\r\n                                   <tr>\n\r\n                                      <td style=\"padding:5px;\"  valign=\"top\"><b>Venue: <\/b>The Old Church Centre, Cushendun<\/td>\n\r\n                                   <\/tr>\n\r\n                                   <\/table>\n\r\n                                   <hr width=\"75%\" align=\"center\" height=\"1\"> <table width=\"100%\" style=\"padding:5px; font-family: Arial, Helvetica, sans-serif;\">\n\r\n                                   <tr>\n\r\n                                      <td style=\"background-color:#f8f8ff; padding:5px;\" width=\"100%\"><b>Exhibition, Q&A session and film screening<\/b>: <b><a href=\"\/conflicttextiles\/search-quilts2\/fullevent1\/?id=262\">Human Rights through textile language: The Oxford Human Rights Festival <\/a><\/b><\/td>\n\r\n                                   <\/tr>\n\r\n                                   <tr>\n\r\n                                      <td style=\"padding:5px;\"  valign=\"top\"><b>Dates: <\/b>11th March 2022 until 20th March 2022<\/td>\n\r\n                                   <\/tr>\n\r\n                                   <tr>\n\r\n                                      <td style=\"padding:5px;\"  valign=\"top\"><b>Venue: <\/b>Oxford Brookes University\/Wolfson College<\/td>\n\r\n                                   <\/tr>\n\r\n                                   <\/table>\n\r\n                                   <hr width=\"75%\" align=\"center\" height=\"1\"> <table width=\"100%\" style=\"padding:5px; font-family: Arial, Helvetica, sans-serif;\">\n\r\n                                   <tr>\n\r\n                                      <td style=\"background-color:#f8f8ff; padding:5px;\" width=\"100%\"><b>Lanzamiento libro <\/b>: <b><a href=\"\/conflicttextiles\/search-quilts2\/fullevent1\/?id=261\">LAS ARPILLERAS, UNA HISTORIA CONTADA CON HILO Y AGUJA<\/a><\/b><\/td>\n\r\n                                   <\/tr>\n\r\n                                   <tr>\n\r\n                                      <td style=\"padding:5px;\"  valign=\"top\"><b>Dates: <\/b>3rd March 2022 until 3rd March 2022<\/td>\n\r\n                                   <\/tr>\n\r\n                                   <tr>\n\r\n                                      <td style=\"padding:5px;\"  valign=\"top\"><b>Venue: <\/b>Online<\/td>\n\r\n                                   <\/tr>\n\r\n                                   <\/table>\n\r\n                                   <hr width=\"75%\" align=\"center\" height=\"1\"> <table width=\"100%\" style=\"padding:5px; font-family: Arial, Helvetica, sans-serif;\">\n\r\n                                   <tr>\n\r\n                                      <td style=\"background-color:#f8f8ff; padding:5px;\" width=\"100%\"><b>Textile installation<\/b>: <b><a href=\"\/conflicttextiles\/search-quilts2\/fullevent1\/?id=264\">Abrazo Entramado (Woven Hug)<\/a><\/b><\/td>\n\r\n                                   <\/tr>\n\r\n                                   <tr>\n\r\n                                      <td style=\"padding:5px;\"  valign=\"top\"><b>Dates: <\/b>16th February 2022 until 7th April 2022<\/td>\n\r\n                                   <\/tr>\n\r\n                                   <tr>\n\r\n                                      <td style=\"padding:5px;\"  valign=\"top\"><b>Venue: <\/b>Cultural Centre LABNL, Lab Cultural Ciudadano, Mexico <\/td>\n\r\n                                   <\/tr>\n\r\n                                   <\/table>\n\r\n                                   <hr width=\"75%\" align=\"center\" height=\"1\"> <table width=\"100%\" style=\"padding:5px; font-family: Arial, Helvetica, sans-serif;\">\n\r\n                                   <tr>\n\r\n                                      <td style=\"background-color:#f8f8ff; padding:5px;\" width=\"100%\"><b>Exhibition launch<\/b>: <b><a href=\"\/conflicttextiles\/search-quilts2\/fullevent1\/?id=258\">Launch of John and Pat Hume Commemorative Textiles<\/a><\/b><\/td>\n\r\n                                   <\/tr>\n\r\n                                   <tr>\n\r\n                                      <td style=\"padding:5px;\"  valign=\"top\"><b>Dates: <\/b>28th January 2022 until 28th July 2022<\/td>\n\r\n                                   <\/tr>\n\r\n                                   <tr>\n\r\n                                      <td style=\"padding:5px;\"  valign=\"top\"><b>Venue: <\/b>Ulster University, Magee campus Library<\/td>\n\r\n                                   <\/tr>\n\r\n                                   <\/table>\n\r\n                                   <hr width=\"75%\" align=\"center\" height=\"1\"> <table width=\"100%\" style=\"padding:5px; font-family: Arial, Helvetica, sans-serif;\">\n\r\n                                   <tr>\n\r\n                                      <td style=\"background-color:#f8f8ff; padding:5px;\" width=\"100%\"><b>Permanent rotating exhibition<\/b>: <b><a href=\"\/conflicttextiles\/search-quilts2\/fullevent1\/?id=221\">Conflict Textiles collection: Magee Campus Library, Ulster University<\/a><\/b><\/td>\n\r\n                                   <\/tr>\n\r\n                                   <tr>\n\r\n                                      <td style=\"padding:5px;\"  valign=\"top\"><b>Dates: <\/b>28th January 2022 until 28th July 2022<\/td>\n\r\n                                   <\/tr>\n\r\n                                   <tr>\n\r\n                                      <td style=\"padding:5px;\"  valign=\"top\"><b>Venue: <\/b>Magee Campus Library, Ulster University<\/td>\n\r\n                                   <\/tr>\n\r\n                                   <\/table>\n\r\n                                   <hr width=\"75%\" align=\"center\" height=\"1\"> <table width=\"100%\" style=\"padding:5px; font-family: Arial, Helvetica, sans-serif;\">\n\r\n                                   <tr>\n\r\n                                      <td style=\"background-color:#f8f8ff; padding:5px;\" width=\"100%\"><b>Exposici\u00f3n, talleres, proyecci\u00f3n de documentales, conferencia<\/b>: <b><a href=\"\/conflicttextiles\/search-quilts2\/fullevent1\/?id=235\">Tras las huellas de los\/as desaparecidos\/as<\/a><\/b><\/td>\n\r\n                                   <\/tr>\n\r\n                                   <tr>\n\r\n                                      <td style=\"padding:5px;\"  valign=\"top\"><b>Dates: <\/b>10th January 2022 until 5th February 2022<\/td>\n\r\n                                   <\/tr>\n\r\n                                   <tr>\n\r\n                                      <td style=\"padding:5px;\"  valign=\"top\"><b>Venue: <\/b>Casa Seminario, 12  Centro Hist\u00f3rico de la ciudad de M\u00e9xico <\/td>\n\r\n                                   <\/tr>\n\r\n                                   <\/table>\n\r\n                                   <hr width=\"75%\" align=\"center\" height=\"1\"> <table width=\"100%\" style=\"padding:5px; font-family: Arial, Helvetica, sans-serif;\">\n\r\n                                   <tr>\n\r\n                                      <td style=\"background-color:#f8f8ff; padding:5px;\" width=\"100%\"><b>Rotating exhibition<\/b>: <b><a href=\"\/conflicttextiles\/search-quilts2\/fullevent1\/?id=294\">The Troubles and Beyond<\/a><\/b><\/td>\n\r\n                                   <\/tr>\n\r\n                                   <tr>\n\r\n                                      <td style=\"padding:5px;\"  valign=\"top\"><b>Dates: <\/b>20th December 2021 until 28th June 2022<\/td>\n\r\n                                   <\/tr>\n\r\n                                   <tr>\n\r\n                                      <td style=\"padding:5px;\"  valign=\"top\"><b>Venue: <\/b>Ulster Museum, Belfast, Northern Ireland<\/td>\n\r\n                                   <\/tr>\n\r\n                                   <\/table>\n\r\n                                   <hr width=\"75%\" align=\"center\" height=\"1\"> <table width=\"100%\" style=\"padding:5px; font-family: Arial, Helvetica, sans-serif;\">\n\r\n                                   <tr>\n\r\n                                      <td style=\"background-color:#f8f8ff; padding:5px;\" width=\"100%\"><b>Exhibition launch and online seminar<\/b>: <b><a href=\"\/conflicttextiles\/search-quilts2\/fullevent1\/?id=256\">Con-textualising Memory \/ Con-textualizando la memoria<\/a><\/b><\/td>\n\r\n                                   <\/tr>\n\r\n                                   <tr>\n\r\n                                      <td style=\"padding:5px;\"  valign=\"top\"><b>Dates: <\/b>10th December 2021 until 10th December 2021<\/td>\n\r\n                                   <\/tr>\n\r\n                                   <tr>\n\r\n                                      <td style=\"padding:5px;\"  valign=\"top\"><b>Venue: <\/b>Ulster University, Magee Campus Library<\/td>\n\r\n                                   <\/tr>\n\r\n                                   <\/table>\n\r\n                                   <hr width=\"75%\" align=\"center\" height=\"1\"> <table width=\"100%\" style=\"padding:5px; font-family: Arial, Helvetica, sans-serif;\">\n\r\n                                   <tr>\n\r\n                                      <td style=\"background-color:#f8f8ff; padding:5px;\" width=\"100%\"><b>Permanent rotating exhibition<\/b>: <b><a href=\"\/conflicttextiles\/search-quilts2\/fullevent1\/?id=280\">Conflict Textiles collection: Magee Campus Library, Ulster University<\/a><\/b><\/td>\n\r\n                                   <\/tr>\n\r\n                                   <tr>\n\r\n                                      <td style=\"padding:5px;\"  valign=\"top\"><b>Dates: <\/b>10th December 2021 until 28th January 2022<\/td>\n\r\n                                   <\/tr>\n\r\n                                   <tr>\n\r\n                                      <td style=\"padding:5px;\"  valign=\"top\"><b>Venue: <\/b>Magee Campus Library, Ulster University<\/td>\n\r\n                                   <\/tr>\n\r\n                                   <\/table>\n\r\n                                   <hr width=\"75%\" align=\"center\" height=\"1\"> <table width=\"100%\" style=\"padding:5px; font-family: Arial, Helvetica, sans-serif;\">\n\r\n                                   <tr>\n\r\n                                      <td style=\"background-color:#f8f8ff; padding:5px;\" width=\"100%\"><b>Guided tour (online)<\/b>: <b><a href=\"\/conflicttextiles\/search-quilts2\/fullevent1\/?id=252\">Sewing Resistance to Militarism:  Arpilleras and other transnational textiles<\/a><\/b><\/td>\n\r\n                                   <\/tr>\n\r\n                                   <tr>\n\r\n                                      <td style=\"padding:5px;\"  valign=\"top\"><b>Dates: <\/b>14th November 2021 until 14th November 2021<\/td>\n\r\n                                   <\/tr>\n\r\n                                   <tr>\n\r\n                                      <td style=\"padding:5px;\"  valign=\"top\"><b>Venue: <\/b>Online<\/td>\n\r\n                                   <\/tr>\n\r\n                                   <\/table>\n\r\n                                   <hr width=\"75%\" align=\"center\" height=\"1\"> <table width=\"100%\" style=\"padding:5px; font-family: Arial, Helvetica, sans-serif;\">\n\r\n                                   <tr>\n\r\n                                      <td style=\"background-color:#f8f8ff; padding:5px;\" width=\"100%\"><b>Webinar<\/b>: <b><a href=\"\/conflicttextiles\/search-quilts2\/fullevent1\/?id=254\">Peace Exhibits and Peace Education <\/a><\/b><\/td>\n\r\n                                   <\/tr>\n\r\n                                   <tr>\n\r\n                                      <td style=\"padding:5px;\"  valign=\"top\"><b>Dates: <\/b>10th November 2021 until 10th November 2021<\/td>\n\r\n                                   <\/tr>\n\r\n                                   <tr>\n\r\n                                      <td style=\"padding:5px;\"  valign=\"top\"><b>Venue: <\/b>Online<\/td>\n\r\n                                   <\/tr>\n\r\n                                   <\/table>\n\r\n                                   <hr width=\"75%\" align=\"center\" height=\"1\"> <table width=\"100%\" style=\"padding:5px; font-family: Arial, Helvetica, sans-serif;\">\n\r\n                                   <tr>\n\r\n                                      <td style=\"background-color:#f8f8ff; padding:5px;\" width=\"100%\"><b>Podcast<\/b>: <b><a href=\"\/conflicttextiles\/search-quilts2\/fullevent1\/?id=255\">Visualising War <\/a><\/b><\/td>\n\r\n                                   <\/tr>\n\r\n                                   <tr>\n\r\n                                      <td style=\"padding:5px;\"  valign=\"top\"><b>Dates: <\/b>10th November 2021 until 31st January 2022<\/td>\n\r\n                                   <\/tr>\n\r\n                                   <tr>\n\r\n                                      <td style=\"padding:5px;\"  valign=\"top\"><b>Venue: <\/b>School of Classics, University of St Andrews<\/td>\n\r\n                                   <\/tr>\n\r\n                                   <\/table>\n\r\n                                   <hr width=\"75%\" align=\"center\" height=\"1\"> <table width=\"100%\" style=\"padding:5px; font-family: Arial, Helvetica, sans-serif;\">\n\r\n                                   <tr>\n\r\n                                      <td style=\"background-color:#f8f8ff; padding:5px;\" width=\"100%\"><b>Workshops<\/b>: <b><a href=\"\/conflicttextiles\/search-quilts2\/fullevent1\/?id=257\">Derry Dolls: Present to Past<\/a><\/b><\/td>\n\r\n                                   <\/tr>\n\r\n                                   <tr>\n\r\n                                      <td style=\"padding:5px;\"  valign=\"top\"><b>Dates: <\/b>9th November 2021 until 26th April 2022<\/td>\n\r\n                                   <\/tr>\n\r\n                                   <tr>\n\r\n                                      <td style=\"padding:5px;\"  valign=\"top\"><b>Venue: <\/b>The Fashion & Textile Design Centre, Derry\/Londonderry<\/td>\n\r\n                                   <\/tr>\n\r\n                                   <\/table>\n\r\n                                   <hr width=\"75%\" align=\"center\" height=\"1\"> <table width=\"100%\" style=\"padding:5px; font-family: Arial, Helvetica, sans-serif;\">\n\r\n                                   <tr>\n\r\n                                      <td style=\"background-color:#f8f8ff; padding:5px;\" width=\"100%\"><b>Permanent rotating exhibition<\/b>: <b><a href=\"\/conflicttextiles\/search-quilts2\/fullevent1\/?id=279\">Conflict Textiles collection: Magee Campus Library, Ulster University<\/a><\/b><\/td>\n\r\n                                   <\/tr>\n\r\n                                   <tr>\n\r\n                                      <td style=\"padding:5px;\"  valign=\"top\"><b>Dates: <\/b>4th November 2021 until 10th December 2021<\/td>\n\r\n                                   <\/tr>\n\r\n                                   <tr>\n\r\n                                      <td style=\"padding:5px;\"  valign=\"top\"><b>Venue: <\/b>Magee Campus Library, Ulster University<\/td>\n\r\n                                   <\/tr>\n\r\n                                   <\/table>\n\r\n                                   <hr width=\"75%\" align=\"center\" height=\"1\"> <table width=\"100%\" style=\"padding:5px; font-family: Arial, Helvetica, sans-serif;\">\n\r\n                                   <tr>\n\r\n                                      <td style=\"background-color:#f8f8ff; padding:5px;\" width=\"100%\"><b>Conference<\/b>: <b><a href=\"\/conflicttextiles\/search-quilts2\/fullevent1\/?id=251\">Conflict & the Creative Arts<\/a><\/b><\/td>\n\r\n                                   <\/tr>\n\r\n                                   <tr>\n\r\n                                      <td style=\"padding:5px;\"  valign=\"top\"><b>Dates: <\/b>21st October 2021 until 21st October 2021<\/td>\n\r\n                                   <\/tr>\n\r\n                                   <tr>\n\r\n                                      <td style=\"padding:5px;\"  valign=\"top\"><b>Venue: <\/b>Online and UCA Canterbury <\/td>\n\r\n                                   <\/tr>\n\r\n                                   <\/table>\n\r\n                                   <hr width=\"75%\" align=\"center\" height=\"1\"> <table width=\"100%\" style=\"padding:5px; font-family: Arial, Helvetica, sans-serif;\">\n\r\n                                   <tr>\n\r\n                                      <td style=\"background-color:#f8f8ff; padding:5px;\" width=\"100%\"><b>Film screening & talk<\/b>: <b><a href=\"\/conflicttextiles\/search-quilts2\/fullevent1\/?id=250\">Following in the Footsteps of the Disappeared<\/a><\/b><\/td>\n\r\n                                   <\/tr>\n\r\n                                   <tr>\n\r\n                                      <td style=\"padding:5px;\"  valign=\"top\"><b>Dates: <\/b>13th October 2021 until 13th October 2021<\/td>\n\r\n                                   <\/tr>\n\r\n                                   <tr>\n\r\n                                      <td style=\"padding:5px;\"  valign=\"top\"><b>Venue: <\/b>Online<\/td>\n\r\n                                   <\/tr>\n\r\n                                   <\/table>\n\r\n                                   <hr width=\"75%\" align=\"center\" height=\"1\"> <table width=\"100%\" style=\"padding:5px; font-family: Arial, Helvetica, sans-serif;\">\n\r\n                                   <tr>\n\r\n                                      <td style=\"background-color:#f8f8ff; padding:5px;\" width=\"100%\"><b>Webinar<\/b>: <b><a href=\"\/conflicttextiles\/search-quilts2\/fullevent1\/?id=249\">Conversatorio: Tejiendo Resistencia Antimilitarista y Noviolenta a la Guerra<\/a><\/b><\/td>\n\r\n                                   <\/tr>\n\r\n                                   <tr>\n\r\n                                      <td style=\"padding:5px;\"  valign=\"top\"><b>Dates: <\/b>7th October 2021 until 7th October 2021<\/td>\n\r\n                                   <\/tr>\n\r\n                                   <tr>\n\r\n                                      <td style=\"padding:5px;\"  valign=\"top\"><b>Venue: <\/b>Online<\/td>\n\r\n                                   <\/tr>\n\r\n                                   <\/table>\n\r\n                                   <hr width=\"75%\" align=\"center\" height=\"1\"> <table width=\"100%\" style=\"padding:5px; font-family: Arial, Helvetica, sans-serif;\">\n\r\n                                   <tr>\n\r\n                                      <td style=\"background-color:#f8f8ff; padding:5px;\" width=\"100%\"><b>Webinar<\/b>: <b><a href=\"\/conflicttextiles\/search-quilts2\/fullevent1\/?id=248\">Conflict Textiles and CAIN: Learning the Language of Textiles<\/a><\/b><\/td>\n\r\n                                   <\/tr>\n\r\n                                   <tr>\n\r\n                                      <td style=\"padding:5px;\"  valign=\"top\"><b>Dates: <\/b>6th October 2021 until 6th October 2021<\/td>\n\r\n                                   <\/tr>\n\r\n                                   <tr>\n\r\n                                      <td style=\"padding:5px;\"  valign=\"top\"><b>Venue: <\/b>Online<\/td>\n\r\n                                   <\/tr>\n\r\n                                   <\/table>\n\r\n                                   <hr width=\"75%\" align=\"center\" height=\"1\"> <table width=\"100%\" style=\"padding:5px; font-family: Arial, Helvetica, sans-serif;\">\n\r\n                                   <tr>\n\r\n                                      <td style=\"background-color:#f8f8ff; padding:5px;\" width=\"100%\"><b>Exhibition and associated activities<\/b>: <b><a href=\"\/conflicttextiles\/search-quilts2\/fullevent1\/?id=241\">Suitcases: Telling Textile Travels \/Maletas: Contando Viajes Textiles<\/a><\/b><\/td>\n\r\n                                   <\/tr>\n\r\n                                   <tr>\n\r\n                                      <td style=\"padding:5px;\"  valign=\"top\"><b>Dates: <\/b>1st October 2021 until 7th November 2021<\/td>\n\r\n                                   <\/tr>\n\r\n                                   <tr>\n\r\n                                      <td style=\"padding:5px;\"  valign=\"top\"><b>Venue: <\/b>Online<\/td>\n\r\n                                   <\/tr>\n\r\n                                   <\/table>\n\r\n                                   <hr width=\"75%\" align=\"center\" height=\"1\"> <table width=\"100%\" style=\"padding:5px; font-family: Arial, Helvetica, sans-serif;\">\n\r\n                                   <tr>\n\r\n                                      <td style=\"background-color:#f8f8ff; padding:5px;\" width=\"100%\"><b>Workshops<\/b>: <b><a href=\"\/conflicttextiles\/search-quilts2\/fullevent1\/?id=253\">The Workhouse Through the Times<\/a><\/b><\/td>\n\r\n                                   <\/tr>\n\r\n                                   <tr>\n\r\n                                      <td style=\"padding:5px;\"  valign=\"top\"><b>Dates: <\/b>20th September 2021 until 23rd February 2024<\/td>\n\r\n                                   <\/tr>\n\r\n                                   <tr>\n\r\n                                      <td style=\"padding:5px;\"  valign=\"top\"><b>Venue: <\/b>Limavady Community Development Initiative (LCDI)<\/td>\n\r\n                                   <\/tr>\n\r\n                                   <\/table>\n\r\n                                   <hr width=\"75%\" align=\"center\" height=\"1\"> <table width=\"100%\" style=\"padding:5px; font-family: Arial, Helvetica, sans-serif;\">\n\r\n                                   <tr>\n\r\n                                      <td style=\"background-color:#f8f8ff; padding:5px;\" width=\"100%\"><b>Workshop<\/b>: <b><a href=\"\/conflicttextiles\/search-quilts2\/fullevent1\/?id=247\">Making an arpillera doll from shirt factory fabric scraps<\/a><\/b><\/td>\n\r\n                                   <\/tr>\n\r\n                                   <tr>\n\r\n                                      <td style=\"padding:5px;\"  valign=\"top\"><b>Dates: <\/b>16th September 2021 until 16th September 2021<\/td>\n\r\n                                   <\/tr>\n\r\n                                   <tr>\n\r\n                                      <td style=\"padding:5px;\"  valign=\"top\"><b>Venue: <\/b>The Fashion & Textile Design Centre, Derry\/Londonderry<\/td>\n\r\n                                   <\/tr>\n\r\n                                   <\/table>\n\r\n                                   <hr width=\"75%\" align=\"center\" height=\"1\"> <table width=\"100%\" style=\"padding:5px; font-family: Arial, Helvetica, sans-serif;\">\n\r\n                                   <tr>\n\r\n                                      <td style=\"background-color:#f8f8ff; padding:5px;\" width=\"100%\"><b>Webinar<\/b>: <b><a href=\"\/conflicttextiles\/search-quilts2\/fullevent1\/?id=245\">Macht mit anstatt Macht \u00fcber: Widerstand f\u00fcr eine gerechte Welt ist m\u00f6glich!<\/a><\/b><\/td>\n\r\n                                   <\/tr>\n\r\n                                   <tr>\n\r\n                                      <td style=\"padding:5px;\"  valign=\"top\"><b>Dates: <\/b>9th September 2021 until 9th September 2021<\/td>\n\r\n                                   <\/tr>\n\r\n                                   <tr>\n\r\n                                      <td style=\"padding:5px;\"  valign=\"top\"><b>Venue: <\/b>Online<\/td>\n\r\n                                   <\/tr>\n\r\n                                   <\/table>\n\r\n                                   <hr width=\"75%\" align=\"center\" height=\"1\"> <table width=\"100%\" style=\"padding:5px; font-family: Arial, Helvetica, sans-serif;\">\n\r\n                                   <tr>\n\r\n                                      <td style=\"background-color:#f8f8ff; padding:5px;\" width=\"100%\"><b>Workshops<\/b>: <b><a href=\"\/conflicttextiles\/search-quilts2\/fullevent1\/?id=246\">Con-textualizando la memoria \/ Contextualising memory<\/a><\/b><\/td>\n\r\n                                   <\/tr>\n\r\n                                   <tr>\n\r\n                                      <td style=\"padding:5px;\"  valign=\"top\"><b>Dates: <\/b>4th September 2021 until 8th September 2021<\/td>\n\r\n                                   <\/tr>\n\r\n                                   <tr>\n\r\n                                      <td style=\"padding:5px;\"  valign=\"top\"><b>Venue: <\/b>Online<\/td>\n\r\n                                   <\/tr>\n\r\n                                   <\/table>\n\r\n                                   <hr width=\"75%\" align=\"center\" height=\"1\"> <table width=\"100%\" style=\"padding:5px; font-family: Arial, Helvetica, sans-serif;\">\n\r\n                                   <tr>\n\r\n                                      <td style=\"background-color:#f8f8ff; padding:5px;\" width=\"100%\"><b>Textile display<\/b>: <b><a href=\"\/conflicttextiles\/search-quilts2\/fullevent1\/?id=239\">Following the Footsteps of the Disappeared 2021<\/a><\/b><\/td>\n\r\n                                   <\/tr>\n\r\n                                   <tr>\n\r\n                                      <td style=\"padding:5px;\"  valign=\"top\"><b>Dates: <\/b>31st August 2021 until 20th December 2021<\/td>\n\r\n                                   <\/tr>\n\r\n                                   <tr>\n\r\n                                      <td style=\"padding:5px;\"  valign=\"top\"><b>Venue: <\/b>Ulster Museum Belfast; Magee campus Library, Ulster University, Derry \/ Londonderry<\/td>\n\r\n                                   <\/tr>\n\r\n                                   <\/table>\n\r\n                                   <hr width=\"75%\" align=\"center\" height=\"1\"> <table width=\"100%\" style=\"padding:5px; font-family: Arial, Helvetica, sans-serif;\">\n\r\n                                   <tr>\n\r\n                                      <td style=\"background-color:#f8f8ff; padding:5px;\" width=\"100%\"><b>Permanent rotating exhibition<\/b>: <b><a href=\"\/conflicttextiles\/search-quilts2\/fullevent1\/?id=278\">Conflict Textiles collection: Magee Campus Library, Ulster University<\/a><\/b><\/td>\n\r\n                                   <\/tr>\n\r\n                                   <tr>\n\r\n                                      <td style=\"padding:5px;\"  valign=\"top\"><b>Dates: <\/b>24th August 2021 until 4th November 2021<\/td>\n\r\n                                   <\/tr>\n\r\n                                   <tr>\n\r\n                                      <td style=\"padding:5px;\"  valign=\"top\"><b>Venue: <\/b>Magee Campus Library, Ulster University<\/td>\n\r\n                                   <\/tr>\n\r\n                                   <\/table>\n\r\n                                   <hr width=\"75%\" align=\"center\" height=\"1\"> <table width=\"100%\" style=\"padding:5px; font-family: Arial, Helvetica, sans-serif;\">\n\r\n                                   <tr>\n\r\n                                      <td style=\"background-color:#f8f8ff; padding:5px;\" width=\"100%\"><b>Workshop and conference (online)<\/b>: <b><a href=\"\/conflicttextiles\/search-quilts2\/fullevent1\/?id=243\">Textile practices as forms of healing, caring and resisting <\/a><\/b><\/td>\n\r\n                                   <\/tr>\n\r\n                                   <tr>\n\r\n                                      <td style=\"padding:5px;\"  valign=\"top\"><b>Dates: <\/b>24th June 2021 until 25th June 2021<\/td>\n\r\n                                   <\/tr>\n\r\n                                   <tr>\n\r\n                                      <td style=\"padding:5px;\"  valign=\"top\"><b>Venue: <\/b>Online<\/td>\n\r\n                                   <\/tr>\n\r\n                                   <\/table>\n\r\n                                   <hr width=\"75%\" align=\"center\" height=\"1\"> <table width=\"100%\" style=\"padding:5px; font-family: Arial, Helvetica, sans-serif;\">\n\r\n                                   <tr>\n\r\n                                      <td style=\"background-color:#f8f8ff; padding:5px;\" width=\"100%\"><b>Workshop<\/b>: <b><a href=\"\/conflicttextiles\/search-quilts2\/fullevent1\/?id=244\">Every Action Counts \u2013 Making arpillera dolls<\/a><\/b><\/td>\n\r\n                                   <\/tr>\n\r\n                                   <tr>\n\r\n                                      <td style=\"padding:5px;\"  valign=\"top\"><b>Dates: <\/b>19th June 2021 until 19th June 2021<\/td>\n\r\n                                   <\/tr>\n\r\n                                   <tr>\n\r\n                                      <td style=\"padding:5px;\"  valign=\"top\"><b>Venue: <\/b>Famine Memorial Garden, Letterkenny <\/td>\n\r\n                                   <\/tr>\n\r\n                                   <\/table>\n\r\n                                   <hr width=\"75%\" align=\"center\" height=\"1\"> <table width=\"100%\" style=\"padding:5px; font-family: Arial, Helvetica, sans-serif;\">\n\r\n                                   <tr>\n\r\n                                      <td style=\"background-color:#f8f8ff; padding:5px;\" width=\"100%\"><b>Permanent rotating exhibition<\/b>: <b><a href=\"\/conflicttextiles\/search-quilts2\/fullevent1\/?id=277\">Conflict Textiles collection: Magee Campus Library, Ulster University<\/a><\/b><\/td>\n\r\n                                   <\/tr>\n\r\n                                   <tr>\n\r\n                                      <td style=\"padding:5px;\"  valign=\"top\"><b>Dates: <\/b>27th May 2021 until 24th August 2021<\/td>\n\r\n                                   <\/tr>\n\r\n                                   <tr>\n\r\n                                      <td style=\"padding:5px;\"  valign=\"top\"><b>Venue: <\/b>Magee Campus Library, Ulster University<\/td>\n\r\n                                   <\/tr>\n\r\n                                   <\/table>\n\r\n                                   <hr width=\"75%\" align=\"center\" height=\"1\"> <table width=\"100%\" style=\"padding:5px; font-family: Arial, Helvetica, sans-serif;\">\n\r\n                                   <tr>\n\r\n                                      <td style=\"background-color:#f8f8ff; padding:5px;\" width=\"100%\"><b>Exhibition <\/b>: <b><a href=\"\/conflicttextiles\/search-quilts2\/fullevent1\/?id=242\">Shirts, Singers and Sewing<\/a><\/b><\/td>\n\r\n                                   <\/tr>\n\r\n                                   <tr>\n\r\n                                      <td style=\"padding:5px;\"  valign=\"top\"><b>Dates: <\/b>24th May 2021 until 31st August 2021<\/td>\n\r\n                                   <\/tr>\n\r\n                                   <tr>\n\r\n                                      <td style=\"padding:5px;\"  valign=\"top\"><b>Venue: <\/b>Tower Museum, Derry \/ Londonderry, Northern Ireland<\/td>\n\r\n                                   <\/tr>\n\r\n                                   <\/table>\n\r\n                                   <hr width=\"75%\" align=\"center\" height=\"1\"> <table width=\"100%\" style=\"padding:5px; font-family: Arial, Helvetica, sans-serif;\">\n\r\n                                   <tr>\n\r\n                                      <td style=\"background-color:#f8f8ff; padding:5px;\" width=\"100%\"><b>Lecture & Seminar <\/b>: <b><a href=\"\/conflicttextiles\/search-quilts2\/fullevent1\/?id=240\">Documentation \/ Imagination \/ Creativity - formats of presenting conflict<\/a><\/b><\/td>\n\r\n                                   <\/tr>\n\r\n                                   <tr>\n\r\n                                      <td style=\"padding:5px;\"  valign=\"top\"><b>Dates: <\/b>21st May 2021 until 21st May 2021<\/td>\n\r\n                                   <\/tr>\n\r\n                                   <tr>\n\r\n                                      <td style=\"padding:5px;\"  valign=\"top\"><b>Venue: <\/b>Online<\/td>\n\r\n                                   <\/tr>\n\r\n                                   <\/table>\n\r\n                                   <hr width=\"75%\" align=\"center\" height=\"1\"> <table width=\"100%\" style=\"padding:5px; font-family: Arial, Helvetica, sans-serif;\">\n\r\n                                   <tr>\n\r\n                                      <td style=\"background-color:#f8f8ff; padding:5px;\" width=\"100%\"><b>Workshops (online)<\/b>: <b><a href=\"\/conflicttextiles\/search-quilts2\/fullevent1\/?id=238\">WE CANNOT WALK ALONE \u2013 Refugee week 2021 <\/a><\/b><\/td>\n\r\n                                   <\/tr>\n\r\n                                   <tr>\n\r\n                                      <td style=\"padding:5px;\"  valign=\"top\"><b>Dates: <\/b>5th May 2021 until 21st June 2021<\/td>\n\r\n                                   <\/tr>\n\r\n                                   <tr>\n\r\n                                      <td style=\"padding:5px;\"  valign=\"top\"><b>Venue: <\/b>Online<\/td>\n\r\n                                   <\/tr>\n\r\n                                   <\/table>\n\r\n                                   <hr width=\"75%\" align=\"center\" height=\"1\"> <table width=\"100%\" style=\"padding:5px; font-family: Arial, Helvetica, sans-serif;\">\n\r\n                                   <tr>\n\r\n                                      <td style=\"background-color:#f8f8ff; padding:5px;\" width=\"100%\"><b>Seminar (online)<\/b>: <b><a href=\"\/conflicttextiles\/search-quilts2\/fullevent1\/?id=237\">Tras las Huellas de las Arpilleras \/ Following the footsteps of the Arpilleras <\/a><\/b><\/td>\n\r\n                                   <\/tr>\n\r\n                                   <tr>\n\r\n                                      <td style=\"padding:5px;\"  valign=\"top\"><b>Dates: <\/b>27th April 2021 until 27th April 2021<\/td>\n\r\n                                   <\/tr>\n\r\n                                   <tr>\n\r\n                                      <td style=\"padding:5px;\"  valign=\"top\"><b>Venue: <\/b>Online<\/td>\n\r\n                                   <\/tr>\n\r\n                                   <\/table>\n\r\n                                   <hr width=\"75%\" align=\"center\" height=\"1\"> <table width=\"100%\" style=\"padding:5px; font-family: Arial, Helvetica, sans-serif;\">\n\r\n                                   <tr>\n\r\n                                      <td style=\"background-color:#f8f8ff; padding:5px;\" width=\"100%\"><b>Seminar (online)<\/b>: <b><a href=\"\/conflicttextiles\/search-quilts2\/fullevent1\/?id=236\">Encuentro Arpillera \/ Arpillera Colloquium \/ Gespr\u00e4chsabend zum Thema Arpilleras<\/a><\/b><\/td>\n\r\n                                   <\/tr>\n\r\n                                   <tr>\n\r\n                                      <td style=\"padding:5px;\"  valign=\"top\"><b>Dates: <\/b>14th April 2021 until 14th April 2021<\/td>\n\r\n                                   <\/tr>\n\r\n                                   <tr>\n\r\n                                      <td style=\"padding:5px;\"  valign=\"top\"><b>Venue: <\/b>Online<\/td>\n\r\n                                   <\/tr>\n\r\n                                   <\/table>\n\r\n                                   <hr width=\"75%\" align=\"center\" height=\"1\"> <table width=\"100%\" style=\"padding:5px; font-family: Arial, Helvetica, sans-serif;\">\n\r\n                                   <tr>\n\r\n                                      <td style=\"background-color:#f8f8ff; padding:5px;\" width=\"100%\"><b>Conference (online)<\/b>: <b><a href=\"\/conflicttextiles\/search-quilts2\/fullevent1\/?id=234\">Memory and Representation in Latin America Congreso Virtual: Memoria y Representaci\u00f3n<\/a><\/b><\/td>\n\r\n                                   <\/tr>\n\r\n                                   <tr>\n\r\n                                      <td style=\"padding:5px;\"  valign=\"top\"><b>Dates: <\/b>8th April 2021 until 10th April 2021<\/td>\n\r\n                                   <\/tr>\n\r\n                                   <tr>\n\r\n                                      <td style=\"padding:5px;\"  valign=\"top\"><b>Venue: <\/b>Department of Modern Languages and Cultures, University of Liverpool<\/td>\n\r\n                                   <\/tr>\n\r\n                                   <\/table>\n\r\n                                   <hr width=\"75%\" align=\"center\" height=\"1\"> <table width=\"100%\" style=\"padding:5px; font-family: Arial, Helvetica, sans-serif;\">\n\r\n                                   <tr>\n\r\n                                      <td style=\"background-color:#f8f8ff; padding:5px;\" width=\"100%\"><b>Online exhibition and associated activities<\/b>: <b><a href=\"\/conflicttextiles\/search-quilts2\/fullevent1\/?id=227\">Nonviolence in Action: Antimilitarism in the 21st Century<\/a><\/b><\/td>\n\r\n                                   <\/tr>\n\r\n                                   <tr>\n\r\n                                      <td style=\"padding:5px;\"  valign=\"top\"><b>Dates: <\/b>24th March 2021 until 31st December 2021<\/td>\n\r\n                                   <\/tr>\n\r\n                                   <tr>\n\r\n                                      <td style=\"padding:5px;\"  valign=\"top\"><b>Venue: <\/b>Online<\/td>\n\r\n                                   <\/tr>\n\r\n                                   <\/table>\n\r\n                                   <hr width=\"75%\" align=\"center\" height=\"1\"> <table width=\"100%\" style=\"padding:5px; font-family: Arial, Helvetica, sans-serif;\">\n\r\n                                   <tr>\n\r\n                                      <td style=\"background-color:#f8f8ff; padding:5px;\" width=\"100%\"><b>Permanent rotating exhibition<\/b>: <b><a href=\"\/conflicttextiles\/search-quilts2\/fullevent1\/?id=232\">Conflict Textiles collection:  McClay Library, Queen's University, Belfast<\/a><\/b><\/td>\n\r\n                                   <\/tr>\n\r\n                                   <tr>\n\r\n                                      <td style=\"padding:5px;\"  valign=\"top\"><b>Dates: <\/b>24th March 2021 until 1st June 2023<\/td>\n\r\n                                   <\/tr>\n\r\n                                   <tr>\n\r\n                                      <td style=\"padding:5px;\"  valign=\"top\"><b>Venue: <\/b>McClay Library, Queen's University, Belfast<\/td>\n\r\n                                   <\/tr>\n\r\n                                   <\/table>\n\r\n                                   <hr width=\"75%\" align=\"center\" height=\"1\"> <table width=\"100%\" style=\"padding:5px; font-family: Arial, Helvetica, sans-serif;\">\n\r\n                                   <tr>\n\r\n                                      <td style=\"background-color:#f8f8ff; padding:5px;\" width=\"100%\"><b>Exhibition and associated activities<\/b>: <b><a href=\"\/conflicttextiles\/search-quilts2\/fullevent1\/?id=225\">#ChildrensRights  \/ #DerechosdelNi\u00f1o \/ #DretsdelsInfants      <\/a><\/b><\/td>\n\r\n                                   <\/tr>\n\r\n                                   <tr>\n\r\n                                      <td style=\"padding:5px;\"  valign=\"top\"><b>Dates: <\/b>15th March 2021 until 6th June 2021<\/td>\n\r\n                                   <\/tr>\n\r\n                                   <tr>\n\r\n                                      <td style=\"padding:5px;\"  valign=\"top\"><b>Venue: <\/b>Roe Valley Arts and Cultural Centre, Limavady, Northern Ireland<\/td>\n\r\n                                   <\/tr>\n\r\n                                   <\/table>\n\r\n                                   <hr width=\"75%\" align=\"center\" height=\"1\"> <table width=\"100%\" style=\"padding:5px; font-family: Arial, Helvetica, sans-serif;\">\n\r\n                                   <tr>\n\r\n                                      <td style=\"background-color:#f8f8ff; padding:5px;\" width=\"100%\"><b>Podcast <\/b>: <b><a href=\"\/conflicttextiles\/search-quilts2\/fullevent1\/?id=233\">Memory in Textiles, the travelling of ideas and practices<\/a><\/b><\/td>\n\r\n                                   <\/tr>\n\r\n                                   <tr>\n\r\n                                      <td style=\"padding:5px;\"  valign=\"top\"><b>Dates: <\/b>12th March 2021 until 19th March 2021<\/td>\n\r\n                                   <\/tr>\n\r\n                                   <tr>\n\r\n                                      <td style=\"padding:5px;\"  valign=\"top\"><b>Venue: <\/b>Memory & Political Violence in Latin America unit, University of Bristol (online)<\/td>\n\r\n                                   <\/tr>\n\r\n                                   <\/table>\n\r\n                                   <hr width=\"75%\" align=\"center\" height=\"1\"> <table width=\"100%\" style=\"padding:5px; font-family: Arial, Helvetica, sans-serif;\">\n\r\n                                   <tr>\n\r\n                                      <td style=\"background-color:#f8f8ff; padding:5px;\" width=\"100%\"><b>Symposium (online)<\/b>: <b><a href=\"\/conflicttextiles\/search-quilts2\/fullevent1\/?id=230\">Cultural heritage and social impact: Digital technologies for social inclusion and pa<\/a><\/b><\/td>\n\r\n                                   <\/tr>\n\r\n                                   <tr>\n\r\n                                      <td style=\"padding:5px;\"  valign=\"top\"><b>Dates: <\/b>24th February 2021 until 24th February 2021<\/td>\n\r\n                                   <\/tr>\n\r\n                                   <tr>\n\r\n                                      <td style=\"padding:5px;\"  valign=\"top\"><b>Venue: <\/b>Online<\/td>\n\r\n                                   <\/tr>\n\r\n                                   <\/table>\n\r\n                                   <hr width=\"75%\" align=\"center\" height=\"1\"> <table width=\"100%\" style=\"padding:5px; font-family: Arial, Helvetica, sans-serif;\">\n\r\n                                   <tr>\n\r\n                                      <td style=\"background-color:#f8f8ff; padding:5px;\" width=\"100%\"><b>Seminar (online)<\/b>: <b><a href=\"\/conflicttextiles\/search-quilts2\/fullevent1\/?id=231\">Textile Language of Conflict- the Conflict Textiles collection<\/a><\/b><\/td>\n\r\n                                   <\/tr>\n\r\n                                   <tr>\n\r\n                                      <td style=\"padding:5px;\"  valign=\"top\"><b>Dates: <\/b>17th February 2021 until 17th February 2021<\/td>\n\r\n                                   <\/tr>\n\r\n                                   <tr>\n\r\n                                      <td style=\"padding:5px;\"  valign=\"top\"><b>Venue: <\/b>Online<\/td>\n\r\n                                   <\/tr>\n\r\n                                   <\/table>\n\r\n                                   <hr width=\"75%\" align=\"center\" height=\"1\"> <table width=\"100%\" style=\"padding:5px; font-family: Arial, Helvetica, sans-serif;\">\n\r\n                                   <tr>\n\r\n                                      <td style=\"background-color:#f8f8ff; padding:5px;\" width=\"100%\"><b>Workshops (online)<\/b>: <b><a href=\"\/conflicttextiles\/search-quilts2\/fullevent1\/?id=229\">The Art of the Banner<\/a><\/b><\/td>\n\r\n                                   <\/tr>\n\r\n                                   <tr>\n\r\n                                      <td style=\"padding:5px;\"  valign=\"top\"><b>Dates: <\/b>9th February 2021 until 23rd February 2021<\/td>\n\r\n                                   <\/tr>\n\r\n                                   <tr>\n\r\n                                      <td style=\"padding:5px;\"  valign=\"top\"><b>Venue: <\/b>Linen Hall Library Online<\/td>\n\r\n                                   <\/tr>\n\r\n                                   <\/table>\n\r\n                                   <hr width=\"75%\" align=\"center\" height=\"1\"> <table width=\"100%\" style=\"padding:5px; font-family: Arial, Helvetica, sans-serif;\">\n\r\n                                   <tr>\n\r\n                                      <td style=\"background-color:#f8f8ff; padding:5px;\" width=\"100%\"><b>Exhibition and associated activities<\/b>: <b><a href=\"\/conflicttextiles\/search-quilts2\/fullevent1\/?id=226\">Light during the darkness: Remembering the Holocaust<\/a><\/b><\/td>\n\r\n                                   <\/tr>\n\r\n                                   <tr>\n\r\n                                      <td style=\"padding:5px;\"  valign=\"top\"><b>Dates: <\/b>18th January 2021 until 1st February 2021<\/td>\n\r\n                                   <\/tr>\n\r\n                                   <tr>\n\r\n                                      <td style=\"padding:5px;\"  valign=\"top\"><b>Venue: <\/b>Linen Hall Library, Belfast, Northern Ireland<\/td>\n\r\n                                   <\/tr>\n\r\n                                   <\/table>\n\r\n                                   <hr width=\"75%\" align=\"center\" height=\"1\"> <table width=\"100%\" style=\"padding:5px; font-family: Arial, Helvetica, sans-serif;\">\n\r\n                                   <tr>\n\r\n                                      <td style=\"background-color:#f8f8ff; padding:5px;\" width=\"100%\"><b>Online exhibition and associated activities<\/b>: <b><a href=\"\/conflicttextiles\/search-quilts2\/fullevent1\/?id=214\">(Des) Tejiendo Miradas \/ (Un-) Stitching Gazes <\/a><\/b><\/td>\n\r\n                                   <\/tr>\n\r\n                                   <tr>\n\r\n                                      <td style=\"padding:5px;\"  valign=\"top\"><b>Dates: <\/b>15th January 2021 until 1st March 2021<\/td>\n\r\n                                   <\/tr>\n\r\n                                   <tr>\n\r\n                                      <td style=\"padding:5px;\"  valign=\"top\"><b>Venue: <\/b>Online<\/td>\n\r\n                                   <\/tr>\n\r\n                                   <\/table>\n\r\n                                   <hr width=\"75%\" align=\"center\" height=\"1\"> <table width=\"100%\" style=\"padding:5px; font-family: Arial, Helvetica, sans-serif;\">\n\r\n                                   <tr>\n\r\n                                      <td style=\"background-color:#f8f8ff; padding:5px;\" width=\"100%\"><b>Seminar<\/b>: <b><a href=\"\/conflicttextiles\/search-quilts2\/fullevent1\/?id=228\">The Search for the Disappeared: Personal Stories<\/a><\/b><\/td>\n\r\n                                   <\/tr>\n\r\n                                   <tr>\n\r\n                                      <td style=\"padding:5px;\"  valign=\"top\"><b>Dates: <\/b>10th December 2020 until 10th December 2020<\/td>\n\r\n                                   <\/tr>\n\r\n                                   <tr>\n\r\n                                      <td style=\"padding:5px;\"  valign=\"top\"><b>Venue: <\/b>Online<\/td>\n\r\n                                   <\/tr>\n\r\n                                   <\/table>\n\r\n                                   <hr width=\"75%\" align=\"center\" height=\"1\"> <table width=\"100%\" style=\"padding:5px; font-family: Arial, Helvetica, sans-serif;\">\n\r\n                                   <tr>\n\r\n                                      <td style=\"background-color:#f8f8ff; padding:5px;\" width=\"100%\"><b>Permanent rotating exhibition<\/b>: <b><a href=\"\/conflicttextiles\/search-quilts2\/fullevent1\/?id=276\">Conflict Textiles collection: Magee Campus Library, Ulster University<\/a><\/b><\/td>\n\r\n                                   <\/tr>\n\r\n                                   <tr>\n\r\n                                      <td style=\"padding:5px;\"  valign=\"top\"><b>Dates: <\/b>3rd December 2020 until 27th May 2021<\/td>\n\r\n                                   <\/tr>\n\r\n                                   <tr>\n\r\n                                      <td style=\"padding:5px;\"  valign=\"top\"><b>Venue: <\/b>Magee Campus Library, Ulster University<\/td>\n\r\n                                   <\/tr>\n\r\n                                   <\/table>\n\r\n                                   <hr width=\"75%\" align=\"center\" height=\"1\"> <table width=\"100%\" style=\"padding:5px; font-family: Arial, Helvetica, sans-serif;\">\n\r\n                                   <tr>\n\r\n                                      <td style=\"background-color:#f8f8ff; padding:5px;\" width=\"100%\"><b>Exposici\u00f3n y actividades asociadas<\/b>: <b><a href=\"\/conflicttextiles\/search-quilts2\/fullevent1\/?id=223\">#DerechosdelNi\u00f1o \/ #DretsdelsInfants \/ #ChildrensRights<\/a><\/b><\/td>\n\r\n                                   <\/tr>\n\r\n                                   <tr>\n\r\n                                      <td style=\"padding:5px;\"  valign=\"top\"><b>Dates: <\/b>10th November 2020 until 29th January 2021<\/td>\n\r\n                                   <\/tr>\n\r\n                                   <tr>\n\r\n                                      <td style=\"padding:5px;\"  valign=\"top\"><b>Venue: <\/b>Fundaci\u00f3 Ateneu Sant Roc (Badalona)<\/td>\n\r\n                                   <\/tr>\n\r\n                                   <\/table>\n\r\n                                   <hr width=\"75%\" align=\"center\" height=\"1\"> <table width=\"100%\" style=\"padding:5px; font-family: Arial, Helvetica, sans-serif;\">\n\r\n                                   <tr>\n\r\n                                      <td style=\"background-color:#f8f8ff; padding:5px;\" width=\"100%\"><b>Rotating exhibition<\/b>: <b><a href=\"\/conflicttextiles\/search-quilts2\/fullevent1\/?id=293\">The Troubles and Beyond<\/a><\/b><\/td>\n\r\n                                   <\/tr>\n\r\n                                   <tr>\n\r\n                                      <td style=\"padding:5px;\"  valign=\"top\"><b>Dates: <\/b>6th October 2020 until 31st August 2021<\/td>\n\r\n                                   <\/tr>\n\r\n                                   <tr>\n\r\n                                      <td style=\"padding:5px;\"  valign=\"top\"><b>Venue: <\/b>Ulster Museum, Belfast, Northern Ireland<\/td>\n\r\n                                   <\/tr>\n\r\n                                   <\/table>\n\r\n                                   <hr width=\"75%\" align=\"center\" height=\"1\"> <table width=\"100%\" style=\"padding:5px; font-family: Arial, Helvetica, sans-serif;\">\n\r\n                                   <tr>\n\r\n                                      <td style=\"background-color:#f8f8ff; padding:5px;\" width=\"100%\"><b>Online exhibition and associated activities<\/b>: <b><a href=\"\/conflicttextiles\/search-quilts2\/fullevent1\/?id=224\">Conflict, Peace: Our journey, our future<\/a><\/b><\/td>\n\r\n                                   <\/tr>\n\r\n                                   <tr>\n\r\n                                      <td style=\"padding:5px;\"  valign=\"top\"><b>Dates: <\/b>14th September 2020 until 31st October 2020<\/td>\n\r\n                                   <\/tr>\n\r\n                                   <tr>\n\r\n                                      <td style=\"padding:5px;\"  valign=\"top\"><b>Venue: <\/b>Causeway Coast & Glens Borough Council, Coleraine, Northern Ireland<\/td>\n\r\n                                   <\/tr>\n\r\n                                   <\/table>\n\r\n                                   <hr width=\"75%\" align=\"center\" height=\"1\"> <table width=\"100%\" style=\"padding:5px; font-family: Arial, Helvetica, sans-serif;\">\n\r\n                                   <tr>\n\r\n                                      <td style=\"background-color:#f8f8ff; padding:5px;\" width=\"100%\"><b>Online exhibition and associated activities<\/b>: <b><a href=\"\/conflicttextiles\/search-quilts2\/fullevent1\/?id=220\">Following the footsteps of the disappeared<\/a><\/b><\/td>\n\r\n                                   <\/tr>\n\r\n                                   <tr>\n\r\n                                      <td style=\"padding:5px;\"  valign=\"top\"><b>Dates: <\/b>30th August 2020 until 30th August 2021<\/td>\n\r\n                                   <\/tr>\n\r\n                                   <tr>\n\r\n                                      <td style=\"padding:5px;\"  valign=\"top\"><b>Venue: <\/b>Ulster Museum Belfast; Magee Campus Derry, Ulster University and online<\/td>\n\r\n                                   <\/tr>\n\r\n                                   <\/table>\n\r\n                                   <hr width=\"75%\" align=\"center\" height=\"1\"> <table width=\"100%\" style=\"padding:5px; font-family: Arial, Helvetica, sans-serif;\">\n\r\n                                   <tr>\n\r\n                                      <td style=\"background-color:#f8f8ff; padding:5px;\" width=\"100%\"><b>Webinar<\/b>: <b><a href=\"\/conflicttextiles\/search-quilts2\/fullevent1\/?id=222\">Conflict Textiles as Live and Archival Language   <\/a><\/b><\/td>\n\r\n                                   <\/tr>\n\r\n                                   <tr>\n\r\n                                      <td style=\"padding:5px;\"  valign=\"top\"><b>Dates: <\/b>25th August 2020 until 25th August 2020<\/td>\n\r\n                                   <\/tr>\n\r\n                                   <tr>\n\r\n                                      <td style=\"padding:5px;\"  valign=\"top\"><b>Venue: <\/b>PRONI, Northern Ireland<\/td>\n\r\n                                   <\/tr>\n\r\n                                   <\/table>\n\r\n                                   <hr width=\"75%\" align=\"center\" height=\"1\"> <table width=\"100%\" style=\"padding:5px; font-family: Arial, Helvetica, sans-serif;\">\n\r\n                                   <tr>\n\r\n                                      <td style=\"background-color:#f8f8ff; padding:5px;\" width=\"100%\"><b>Permanent rotating exhibition<\/b>: <b><a href=\"\/conflicttextiles\/search-quilts2\/fullevent1\/?id=275\">Conflict Textiles collection: Magee Campus Library, Ulster University<\/a><\/b><\/td>\n\r\n                                   <\/tr>\n\r\n                                   <tr>\n\r\n                                      <td style=\"padding:5px;\"  valign=\"top\"><b>Dates: <\/b>25th August 2020 until 3rd December 2020<\/td>\n\r\n                                   <\/tr>\n\r\n                                   <tr>\n\r\n                                      <td style=\"padding:5px;\"  valign=\"top\"><b>Venue: <\/b>Magee Campus Library, Ulster University <\/td>\n\r\n                                   <\/tr>\n\r\n                                   <\/table>\n\r\n                                   <hr width=\"75%\" align=\"center\" height=\"1\"> <table width=\"100%\" style=\"padding:5px; font-family: Arial, Helvetica, sans-serif;\">\n\r\n                                   <tr>\n\r\n                                      <td style=\"background-color:#f8f8ff; padding:5px;\" width=\"100%\"><b>Online exhibition and associated activities<\/b>: <b><a href=\"\/conflicttextiles\/search-quilts2\/fullevent1\/?id=219\">Conflict, Famine and Displacement: Then and Now<\/a><\/b><\/td>\n\r\n                                   <\/tr>\n\r\n                                   <tr>\n\r\n                                      <td style=\"padding:5px;\"  valign=\"top\"><b>Dates: <\/b>13th June 2020 until 27th June 2020<\/td>\n\r\n                                   <\/tr>\n\r\n                                   <tr>\n\r\n                                      <td style=\"padding:5px;\"  valign=\"top\"><b>Venue: <\/b>Newcastle University<\/td>\n\r\n                                   <\/tr>\n\r\n                                   <\/table>\n\r\n                                   <hr width=\"75%\" align=\"center\" height=\"1\"> <table width=\"100%\" style=\"padding:5px; font-family: Arial, Helvetica, sans-serif;\">\n\r\n                                   <tr>\n\r\n                                      <td style=\"background-color:#f8f8ff; padding:5px;\" width=\"100%\"><b>Online exhibition<\/b>: <b><a href=\"\/conflicttextiles\/search-quilts2\/fullevent1\/?id=217\">\"A Museum For Me\", part of the Culture Unconfined Festival<\/a><\/b><\/td>\n\r\n                                   <\/tr>\n\r\n                                   <tr>\n\r\n                                      <td style=\"padding:5px;\"  valign=\"top\"><b>Dates: <\/b>11th May 2020 until 31st July 2020<\/td>\n\r\n                                   <\/tr>\n\r\n                                   <tr>\n\r\n                                      <td style=\"padding:5px;\"  valign=\"top\"><b>Venue: <\/b>University of Liverpool<\/td>\n\r\n                                   <\/tr>\n\r\n                                   <\/table>\n\r\n                                   <hr width=\"75%\" align=\"center\" height=\"1\"> <table width=\"100%\" style=\"padding:5px; font-family: Arial, Helvetica, sans-serif;\">\n\r\n                                   <tr>\n\r\n                                      <td style=\"background-color:#f8f8ff; padding:5px;\" width=\"100%\"><b>Online exhibition<\/b>: <b><a href=\"\/conflicttextiles\/search-quilts2\/fullevent1\/?id=218\">Arpillera Doll Exhibition<\/a><\/b><\/td>\n\r\n                                   <\/tr>\n\r\n                                   <tr>\n\r\n                                      <td style=\"padding:5px;\"  valign=\"top\"><b>Dates: <\/b>21st April 2020 until 31st July 2020<\/td>\n\r\n                                   <\/tr>\n\r\n                                   <tr>\n\r\n                                      <td style=\"padding:5px;\"  valign=\"top\"><b>Venue: <\/b>Roe Valley Arts and Cultural Centre, Limavady, Northern Ireland<\/td>\n\r\n                                   <\/tr>\n\r\n                                   <\/table>\n\r\n                                   <hr width=\"75%\" align=\"center\" height=\"1\"> <table width=\"100%\" style=\"padding:5px; font-family: Arial, Helvetica, sans-serif;\">\n\r\n                                   <tr>\n\r\n                                      <td style=\"background-color:#f8f8ff; padding:5px;\" width=\"100%\"><b>Workshop<\/b>: <b><a href=\"\/conflicttextiles\/search-quilts2\/fullevent1\/?id=215\">'Naming The Children' Workshops<\/a><\/b><\/td>\n\r\n                                   <\/tr>\n\r\n                                   <tr>\n\r\n                                      <td style=\"padding:5px;\"  valign=\"top\"><b>Dates: <\/b>26th February 2020 until 14th March 2020<\/td>\n\r\n                                   <\/tr>\n\r\n                                   <tr>\n\r\n                                      <td style=\"padding:5px;\"  valign=\"top\"><b>Venue: <\/b>Donegal County Museum<\/td>\n\r\n                                   <\/tr>\n\r\n                                   <\/table>\n\r\n                                   <hr width=\"75%\" align=\"center\" height=\"1\"> <table width=\"100%\" style=\"padding:5px; font-family: Arial, Helvetica, sans-serif;\">\n\r\n                                   <tr>\n\r\n                                      <td style=\"background-color:#f8f8ff; padding:5px;\" width=\"100%\"><b>Panel discussion \/ presentation <\/b>: <b><a href=\"\/conflicttextiles\/search-quilts2\/fullevent1\/?id=216\">Chile 1973 <\/a><\/b><\/td>\n\r\n                                   <\/tr>\n\r\n                                   <tr>\n\r\n                                      <td style=\"padding:5px;\"  valign=\"top\"><b>Dates: <\/b>22nd February 2020 until 22nd February 2020<\/td>\n\r\n                                   <\/tr>\n\r\n                                   <tr>\n\r\n                                      <td style=\"padding:5px;\"  valign=\"top\"><b>Venue: <\/b>Starr Cinema, Tate Modern London<\/td>\n\r\n                                   <\/tr>\n\r\n                                   <\/table>\n\r\n                                   <hr width=\"75%\" align=\"center\" height=\"1\"> <table width=\"100%\" style=\"padding:5px; font-family: Arial, Helvetica, sans-serif;\">\n\r\n                                   <tr>\n\r\n                                      <td style=\"background-color:#f8f8ff; padding:5px;\" width=\"100%\"><b>Exhibition and associated activities<\/b>: <b><a href=\"\/conflicttextiles\/search-quilts2\/fullevent1\/?id=209\">Poesie des N\u00e4hens \/ The Poetry of Stitching<\/a><\/b><\/td>\n\r\n                                   <\/tr>\n\r\n                                   <tr>\n\r\n                                      <td style=\"padding:5px;\"  valign=\"top\"><b>Dates: <\/b>17th January 2020 until 8th March 2020<\/td>\n\r\n                                   <\/tr>\n\r\n                                   <tr>\n\r\n                                      <td style=\"padding:5px;\"  valign=\"top\"><b>Venue: <\/b>Galerie der Volkshochschule, Freiburg, Germany<\/td>\n\r\n                                   <\/tr>\n\r\n                                   <\/table>\n\r\n                                   <hr width=\"75%\" align=\"center\" height=\"1\"> <table width=\"100%\" style=\"padding:5px; font-family: Arial, Helvetica, sans-serif;\">\n\r\n                                   <tr>\n\r\n                                      <td style=\"background-color:#f8f8ff; padding:5px;\" width=\"100%\"><b>Exhibition and associated activities<\/b>: <b><a href=\"\/conflicttextiles\/search-quilts2\/fullevent1\/?id=207\">Embracing Human Rights: Conflict Textiles\u2019 Journey<\/a><\/b><\/td>\n\r\n                                   <\/tr>\n\r\n                                   <tr>\n\r\n                                      <td style=\"padding:5px;\"  valign=\"top\"><b>Dates: <\/b>9th January 2020 until 31st July 2020<\/td>\n\r\n                                   <\/tr>\n\r\n                                   <tr>\n\r\n                                      <td style=\"padding:5px;\"  valign=\"top\"><b>Venue: <\/b>Roe Valley Arts and Cultural Centre, Limavady, Northern Ireland<\/td>\n\r\n                                   <\/tr>\n\r\n                                   <\/table>\n\r\n                                   <hr width=\"75%\" align=\"center\" height=\"1\"> <table width=\"100%\" style=\"padding:5px; font-family: Arial, Helvetica, sans-serif;\">\n\r\n                                   <tr>\n\r\n                                      <td style=\"background-color:#f8f8ff; padding:5px;\" width=\"100%\"><b>Exhibition and associated activities<\/b>: <b><a href=\"\/conflicttextiles\/search-quilts2\/fullevent1\/?id=204\">Embracing Human Rights<\/a><\/b><\/td>\n\r\n                                   <\/tr>\n\r\n                                   <tr>\n\r\n                                      <td style=\"padding:5px;\"  valign=\"top\"><b>Dates: <\/b>5th November 2019 until 18th December 2019<\/td>\n\r\n                                   <\/tr>\n\r\n                                   <tr>\n\r\n                                      <td style=\"padding:5px;\"  valign=\"top\"><b>Venue: <\/b>Verbal Arts Centre, Derry \/ Londonderry, Northern Ireland<\/td>\n\r\n                                   <\/tr>\n\r\n                                   <\/table>\n\r\n                                   <hr width=\"75%\" align=\"center\" height=\"1\"> <table width=\"100%\" style=\"padding:5px; font-family: Arial, Helvetica, sans-serif;\">\n\r\n                                   <tr>\n\r\n                                      <td style=\"background-color:#f8f8ff; padding:5px;\" width=\"100%\"><b>Exhibition and associated activities<\/b>: <b><a href=\"\/conflicttextiles\/search-quilts2\/fullevent1\/?id=211\">From Home to Here: Stories of Languages Old and New<\/a><\/b><\/td>\n\r\n                                   <\/tr>\n\r\n                                   <tr>\n\r\n                                      <td style=\"padding:5px;\"  valign=\"top\"><b>Dates: <\/b>5th November 2019 until 20th December 2019<\/td>\n\r\n                                   <\/tr>\n\r\n                                   <tr>\n\r\n                                      <td style=\"padding:5px;\"  valign=\"top\"><b>Venue: <\/b>Linen Hall Library, Belfast, Northern Ireland<\/td>\n\r\n                                   <\/tr>\n\r\n                                   <\/table>\n\r\n                                   <hr width=\"75%\" align=\"center\" height=\"1\"> <table width=\"100%\" style=\"padding:5px; font-family: Arial, Helvetica, sans-serif;\">\n\r\n                                   <tr>\n\r\n                                      <td style=\"background-color:#f8f8ff; padding:5px;\" width=\"100%\"><b>Exhibition and associated activities<\/b>: <b><a href=\"\/conflicttextiles\/search-quilts2\/fullevent1\/?id=206\">Tkanine otpora: glasovi \u017eena \/ Textiles of Resistance: Women's Voices  <\/a><\/b><\/td>\n\r\n                                   <\/tr>\n\r\n                                   <tr>\n\r\n                                      <td style=\"padding:5px;\"  valign=\"top\"><b>Dates: <\/b>14th September 2019 until 30th September 2019<\/td>\n\r\n                                   <\/tr>\n\r\n                                   <tr>\n\r\n                                      <td style=\"padding:5px;\"  valign=\"top\"><b>Venue: <\/b>Galerija Principij, Rijeka, Croatia<\/td>\n\r\n                                   <\/tr>\n\r\n                                   <\/table>\n\r\n                                   <hr width=\"75%\" align=\"center\" height=\"1\"> <table width=\"100%\" style=\"padding:5px; font-family: Arial, Helvetica, sans-serif;\">\n\r\n                                   <tr>\n\r\n                                      <td style=\"background-color:#f8f8ff; padding:5px;\" width=\"100%\"><b>Exhibition and associated activities<\/b>: <b><a href=\"\/conflicttextiles\/search-quilts2\/fullevent1\/?id=210\">Tras las huellas de los\/as desaparecidos\/as <\/a><\/b><\/td>\n\r\n                                   <\/tr>\n\r\n                                   <tr>\n\r\n                                      <td style=\"padding:5px;\"  valign=\"top\"><b>Dates: <\/b>29th August 2019 until 31st August 2019<\/td>\n\r\n                                   <\/tr>\n\r\n                                   <tr>\n\r\n                                      <td style=\"padding:5px;\"  valign=\"top\"><b>Venue: <\/b>Osorno, Chile<\/td>\n\r\n                                   <\/tr>\n\r\n                                   <\/table>\n\r\n                                   <hr width=\"75%\" align=\"center\" height=\"1\"> <table width=\"100%\" style=\"padding:5px; font-family: Arial, Helvetica, sans-serif;\">\n\r\n                                   <tr>\n\r\n                                      <td style=\"background-color:#f8f8ff; padding:5px;\" width=\"100%\"><b>Seminar, Display and Workshop<\/b>: <b><a href=\"\/conflicttextiles\/search-quilts2\/fullevent1\/?id=212\">II encuentro internacional de arte textil y resistencia<\/a><\/b><\/td>\n\r\n                                   <\/tr>\n\r\n                                   <tr>\n\r\n                                      <td style=\"padding:5px;\"  valign=\"top\"><b>Dates: <\/b>22nd August 2019 until 24th August 2019<\/td>\n\r\n                                   <\/tr>\n\r\n                                   <tr>\n\r\n                                      <td style=\"padding:5px;\"  valign=\"top\"><b>Venue: <\/b>Museo de la Educaci\u00f3n Gabriela Mistral, Santiago de Chile <\/td>\n\r\n                                   <\/tr>\n\r\n                                   <\/table>\n\r\n                                   <hr width=\"75%\" align=\"center\" height=\"1\"> <table width=\"100%\" style=\"padding:5px; font-family: Arial, Helvetica, sans-serif;\">\n\r\n                                   <tr>\n\r\n                                      <td style=\"background-color:#f8f8ff; padding:5px;\" width=\"100%\"><b>Permanent rotating exhibition<\/b>: <b><a href=\"\/conflicttextiles\/search-quilts2\/fullevent1\/?id=143\">Conflict Textiles collection: Verbal Arts Centre<\/a><\/b><\/td>\n\r\n                                   <\/tr>\n\r\n                                   <tr>\n\r\n                                      <td style=\"padding:5px;\"  valign=\"top\"><b>Dates: <\/b>10th July 2019 until 24th August 2020<\/td>\n\r\n                                   <\/tr>\n\r\n                                   <tr>\n\r\n                                      <td style=\"padding:5px;\"  valign=\"top\"><b>Venue: <\/b>Verbal Arts Centre, Derry \/ Londonderry, Northern Ireland<\/td>\n\r\n                                   <\/tr>\n\r\n                                   <\/table>\n\r\n                                   <hr width=\"75%\" align=\"center\" height=\"1\"> <table width=\"100%\" style=\"padding:5px; font-family: Arial, Helvetica, sans-serif;\">\n\r\n                                   <tr>\n\r\n                                      <td style=\"background-color:#f8f8ff; padding:5px;\" width=\"100%\"><b>Workshop<\/b>: <b><a href=\"\/conflicttextiles\/search-quilts2\/fullevent1\/?id=205\">Keeping Memory Alive<\/a><\/b><\/td>\n\r\n                                   <\/tr>\n\r\n                                   <tr>\n\r\n                                      <td style=\"padding:5px;\"  valign=\"top\"><b>Dates: <\/b>24th May 2019 until 24th May 2019<\/td>\n\r\n                                   <\/tr>\n\r\n                                   <tr>\n\r\n                                      <td style=\"padding:5px;\"  valign=\"top\"><b>Venue: <\/b>Unite the Union, London<\/td>\n\r\n                                   <\/tr>\n\r\n                                   <\/table>\n\r\n                                   <hr width=\"75%\" align=\"center\" height=\"1\"> <table width=\"100%\" style=\"padding:5px; font-family: Arial, Helvetica, sans-serif;\">\n\r\n                                   <tr>\n\r\n                                      <td style=\"background-color:#f8f8ff; padding:5px;\" width=\"100%\"><b>Rotating exhibition<\/b>: <b><a href=\"\/conflicttextiles\/search-quilts2\/fullevent1\/?id=292\">The Troubles and Beyond<\/a><\/b><\/td>\n\r\n                                   <\/tr>\n\r\n                                   <tr>\n\r\n                                      <td style=\"padding:5px;\"  valign=\"top\"><b>Dates: <\/b>13th May 2019 until 6th October 2020<\/td>\n\r\n                                   <\/tr>\n\r\n                                   <tr>\n\r\n                                      <td style=\"padding:5px;\"  valign=\"top\"><b>Venue: <\/b>Ulster Museum, Belfast, Northern Ireland<\/td>\n\r\n                                   <\/tr>\n\r\n                                   <\/table>\n\r\n                                   <hr width=\"75%\" align=\"center\" height=\"1\"> <table width=\"100%\" style=\"padding:5px; font-family: Arial, Helvetica, sans-serif;\">\n\r\n                                   <tr>\n\r\n                                      <td style=\"background-color:#f8f8ff; padding:5px;\" width=\"100%\"><b>Exhibition and associated activities<\/b>: <b><a href=\"\/conflicttextiles\/search-quilts2\/fullevent1\/?id=208\">Retrospective, back to the future 1989-2019-2030\/R\u00dcCK BLICK NACH VORNE 1989-2019-2030<\/a><\/b><\/td>\n\r\n                                   <\/tr>\n\r\n                                   <tr>\n\r\n                                      <td style=\"padding:5px;\"  valign=\"top\"><b>Dates: <\/b>4th May 2019 until 31st October 2019<\/td>\n\r\n                                   <\/tr>\n\r\n                                   <tr>\n\r\n                                      <td style=\"padding:5px;\"  valign=\"top\"><b>Venue: <\/b>Frauenmuseum im Marstall  \/ Women's Museum in Marstall, Germany<\/td>\n\r\n                                   <\/tr>\n\r\n                                   <\/table>\n\r\n                                   <hr width=\"75%\" align=\"center\" height=\"1\"> <table width=\"100%\" style=\"padding:5px; font-family: Arial, Helvetica, sans-serif;\">\n\r\n                                   <tr>\n\r\n                                      <td style=\"background-color:#f8f8ff; padding:5px;\" width=\"100%\"><b>Exhibition and associated activities<\/b>: <b><a href=\"\/conflicttextiles\/search-quilts2\/fullevent1\/?id=196\">Threads, War and Conflict<\/a><\/b><\/td>\n\r\n                                   <\/tr>\n\r\n                                   <tr>\n\r\n                                      <td style=\"padding:5px;\"  valign=\"top\"><b>Dates: <\/b>3rd April 2019 until 29th April 2019<\/td>\n\r\n                                   <\/tr>\n\r\n                                   <tr>\n\r\n                                      <td style=\"padding:5px;\"  valign=\"top\"><b>Venue: <\/b>The Byre Theatre, St Andrews, Scotland<\/td>\n\r\n                                   <\/tr>\n\r\n                                   <\/table>\n\r\n                                   <hr width=\"75%\" align=\"center\" height=\"1\"> <table width=\"100%\" style=\"padding:5px; font-family: Arial, Helvetica, sans-serif;\">\n\r\n                                   <tr>\n\r\n                                      <td style=\"background-color:#f8f8ff; padding:5px;\" width=\"100%\"><b>Symposium<\/b>: <b><a href=\"\/conflicttextiles\/search-quilts2\/fullevent1\/?id=199\">Development Education in the Continuum of Teacher Education <\/a><\/b><\/td>\n\r\n                                   <\/tr>\n\r\n                                   <tr>\n\r\n                                      <td style=\"padding:5px;\"  valign=\"top\"><b>Dates: <\/b>6th February 2019 until 6th February 2019<\/td>\n\r\n                                   <\/tr>\n\r\n                                   <tr>\n\r\n                                      <td style=\"padding:5px;\"  valign=\"top\"><b>Venue: <\/b>St. Angela\u2019s College, Sligo, Republic of Ireland<\/td>\n\r\n                                   <\/tr>\n\r\n                                   <\/table>\n\r\n                                   <hr width=\"75%\" align=\"center\" height=\"1\"> <table width=\"100%\" style=\"padding:5px; font-family: Arial, Helvetica, sans-serif;\">\n\r\n                                   <tr>\n\r\n                                      <td style=\"background-color:#f8f8ff; padding:5px;\" width=\"100%\"><b>Talk, display and film screening<\/b>: <b><a href=\"\/conflicttextiles\/search-quilts2\/fullevent1\/?id=202\">Conflict Textiles talk <\/a><\/b><\/td>\n\r\n                                   <\/tr>\n\r\n                                   <tr>\n\r\n                                      <td style=\"padding:5px;\"  valign=\"top\"><b>Dates: <\/b>3rd February 2019 until 3rd February 2019<\/td>\n\r\n                                   <\/tr>\n\r\n                                   <tr>\n\r\n                                      <td style=\"padding:5px;\"  valign=\"top\"><b>Venue: <\/b>The Gallery of Everything, London<\/td>\n\r\n                                   <\/tr>\n\r\n                                   <\/table>\n\r\n                                   <hr width=\"75%\" align=\"center\" height=\"1\"> <table width=\"100%\" style=\"padding:5px; font-family: Arial, Helvetica, sans-serif;\">\n\r\n                                   <tr>\n\r\n                                      <td style=\"background-color:#f8f8ff; padding:5px;\" width=\"100%\"><b>Exhibition and associated activities<\/b>: <b><a href=\"\/conflicttextiles\/search-quilts2\/fullevent1\/?id=201\">Mujeres  Disruptivas  \/  Disruptive Women<\/a><\/b><\/td>\n\r\n                                   <\/tr>\n\r\n                                   <tr>\n\r\n                                      <td style=\"padding:5px;\"  valign=\"top\"><b>Dates: <\/b>22nd January 2019 until 29th March 2019<\/td>\n\r\n                                   <\/tr>\n\r\n                                   <tr>\n\r\n                                      <td style=\"padding:5px;\"  valign=\"top\"><b>Venue: <\/b>Fundaci\u00f3 Ateneu Sant Roc (Badalona)<\/td>\n\r\n                                   <\/tr>\n\r\n                                   <\/table>\n\r\n                                   <hr width=\"75%\" align=\"center\" height=\"1\"> <table width=\"100%\" style=\"padding:5px; font-family: Arial, Helvetica, sans-serif;\">\n\r\n                                   <tr>\n\r\n                                      <td style=\"background-color:#f8f8ff; padding:5px;\" width=\"100%\"><b>Exhibition and associated activities<\/b>: <b><a href=\"\/conflicttextiles\/search-quilts2\/fullevent1\/?id=197\">Torn from Home: Remembering the Holocaust  <\/a><\/b><\/td>\n\r\n                                   <\/tr>\n\r\n                                   <tr>\n\r\n                                      <td style=\"padding:5px;\"  valign=\"top\"><b>Dates: <\/b>10th January 2019 until 28th February 2019<\/td>\n\r\n                                   <\/tr>\n\r\n                                   <tr>\n\r\n                                      <td style=\"padding:5px;\"  valign=\"top\"><b>Venue: <\/b>Linen Hall Library, Belfast, Northern Ireland<\/td>\n\r\n                                   <\/tr>\n\r\n                                   <\/table>\n\r\n                                   <hr width=\"75%\" align=\"center\" height=\"1\"> <table width=\"100%\" style=\"padding:5px; font-family: Arial, Helvetica, sans-serif;\">\n\r\n                                   <tr>\n\r\n                                      <td style=\"background-color:#f8f8ff; padding:5px;\" width=\"100%\"><b>Workshop<\/b>: <b><a href=\"\/conflicttextiles\/search-quilts2\/fullevent1\/?id=200\">Conflict Textiles workshops<\/a><\/b><\/td>\n\r\n                                   <\/tr>\n\r\n                                   <tr>\n\r\n                                      <td style=\"padding:5px;\"  valign=\"top\"><b>Dates: <\/b>9th January 2019 until 29th January 2019<\/td>\n\r\n                                   <\/tr>\n\r\n                                   <tr>\n\r\n                                      <td style=\"padding:5px;\"  valign=\"top\"><b>Venue: <\/b>Tower Museum, Derry \/ Londonderry, Northern Ireland<\/td>\n\r\n                                   <\/tr>\n\r\n                                   <\/table>\n\r\n                                   <hr width=\"75%\" align=\"center\" height=\"1\"> <table width=\"100%\" style=\"padding:5px; font-family: Arial, Helvetica, sans-serif;\">\n\r\n                                   <tr>\n\r\n                                      <td style=\"background-color:#f8f8ff; padding:5px;\" width=\"100%\"><b>Forum<\/b>: <b><a href=\"\/conflicttextiles\/search-quilts2\/fullevent1\/?id=198\">Forum de Arpilleras de Catalu\u00f1a 2018<\/a><\/b><\/td>\n\r\n                                   <\/tr>\n\r\n                                   <tr>\n\r\n                                      <td style=\"padding:5px;\"  valign=\"top\"><b>Dates: <\/b>27th October 2018 until 27th October 2018<\/td>\n\r\n                                   <\/tr>\n\r\n                                   <tr>\n\r\n                                      <td style=\"padding:5px;\"  valign=\"top\"><b>Venue: <\/b>Fundaci\u00f3 Ateneu Sant Roc (Badalona)<\/td>\n\r\n                                   <\/tr>\n\r\n                                   <\/table>\n\r\n                                   <hr width=\"75%\" align=\"center\" height=\"1\"> <table width=\"100%\" style=\"padding:5px; font-family: Arial, Helvetica, sans-serif;\">\n\r\n                                   <tr>\n\r\n                                      <td style=\"background-color:#f8f8ff; padding:5px;\" width=\"100%\"><b>Exhibition and associated activities<\/b>: <b><a href=\"\/conflicttextiles\/search-quilts2\/fullevent1\/?id=192\">Huellas: puntadas y caminares de la memoria \/ Footprints: memory stitches and steps <\/a><\/b><\/td>\n\r\n                                   <\/tr>\n\r\n                                   <tr>\n\r\n                                      <td style=\"padding:5px;\"  valign=\"top\"><b>Dates: <\/b>29th September 2018 until 4th November 2018<\/td>\n\r\n                                   <\/tr>\n\r\n                                   <tr>\n\r\n                                      <td style=\"padding:5px;\"  valign=\"top\"><b>Venue: <\/b>Museo Nacional de las Culturas \/ National Museum of Cultures, Mexico<\/td>\n\r\n                                   <\/tr>\n\r\n                                   <\/table>\n\r\n                                   <hr width=\"75%\" align=\"center\" height=\"1\"> <table width=\"100%\" style=\"padding:5px; font-family: Arial, Helvetica, sans-serif;\">\n\r\n                                   <tr>\n\r\n                                      <td style=\"background-color:#f8f8ff; padding:5px;\" width=\"100%\"><b>Exhibition and associated activities<\/b>: <b><a href=\"\/conflicttextiles\/search-quilts2\/fullevent1\/?id=195\">Justicia Transicional y Arte-Textil \/ Transitional Justice and Art-Textile<\/a><\/b><\/td>\n\r\n                                   <\/tr>\n\r\n                                   <tr>\n\r\n                                      <td style=\"padding:5px;\"  valign=\"top\"><b>Dates: <\/b>24th September 2018 until 18th October 2018<\/td>\n\r\n                                   <\/tr>\n\r\n                                   <tr>\n\r\n                                      <td style=\"padding:5px;\"  valign=\"top\"><b>Venue: <\/b>Vest\u00edbulo Biblioteca Central, Campus Norte, Universidad An\u00e1huac, Mexico<\/td>\n\r\n                                   <\/tr>\n\r\n                                   <\/table>\n\r\n                                   <hr width=\"75%\" align=\"center\" height=\"1\"> <table width=\"100%\" style=\"padding:5px; font-family: Arial, Helvetica, sans-serif;\">\n\r\n                                   <tr>\n\r\n                                      <td style=\"background-color:#f8f8ff; padding:5px;\" width=\"100%\"><b>Exhibition and associated activities<\/b>: <b><a href=\"\/conflicttextiles\/search-quilts2\/fullevent1\/?id=184\">War-Torn Children<\/a><\/b><\/td>\n\r\n                                   <\/tr>\n\r\n                                   <tr>\n\r\n                                      <td style=\"padding:5px;\"  valign=\"top\"><b>Dates: <\/b>5th September 2018 until 29th November 2018<\/td>\n\r\n                                   <\/tr>\n\r\n                                   <tr>\n\r\n                                      <td style=\"padding:5px;\"  valign=\"top\"><b>Venue: <\/b>Roe Valley Arts and Cultural Centre, Limavady, Northern Ireland<\/td>\n\r\n                                   <\/tr>\n\r\n                                   <\/table>\n\r\n                                   <hr width=\"75%\" align=\"center\" height=\"1\"> <table width=\"100%\" style=\"padding:5px; font-family: Arial, Helvetica, sans-serif;\">\n\r\n                                   <tr>\n\r\n                                      <td style=\"background-color:#f8f8ff; padding:5px;\" width=\"100%\"><b>Exhibition and associated activities<\/b>: <b><a href=\"\/conflicttextiles\/search-quilts2\/fullevent1\/?id=187\">Stitched Voices - textila ber\u00e4ttelse om politisk v\u00e5ld och motst\u00e5nd <\/a><\/b><\/td>\n\r\n                                   <\/tr>\n\r\n                                   <tr>\n\r\n                                      <td style=\"padding:5px;\"  valign=\"top\"><b>Dates: <\/b>29th August 2018 until 21st April 2019<\/td>\n\r\n                                   <\/tr>\n\r\n                                   <tr>\n\r\n                                      <td style=\"padding:5px;\"  valign=\"top\"><b>Venue: <\/b>Fredens Hus, Uppsala, Sweden<\/td>\n\r\n                                   <\/tr>\n\r\n                                   <\/table>\n\r\n                                   <hr width=\"75%\" align=\"center\" height=\"1\"> <table width=\"100%\" style=\"padding:5px; font-family: Arial, Helvetica, sans-serif;\">\n\r\n                                   <tr>\n\r\n                                      <td style=\"background-color:#f8f8ff; padding:5px;\" width=\"100%\"><b>Exhibition and associated activities<\/b>: <b><a href=\"\/conflicttextiles\/search-quilts2\/fullevent1\/?id=189\">Neo Norte<\/a><\/b><\/td>\n\r\n                                   <\/tr>\n\r\n                                   <tr>\n\r\n                                      <td style=\"padding:5px;\"  valign=\"top\"><b>Dates: <\/b>9th August 2018 until 2nd September 2018<\/td>\n\r\n                                   <\/tr>\n\r\n                                   <tr>\n\r\n                                      <td style=\"padding:5px;\"  valign=\"top\"><b>Venue: <\/b>Fundaci\u00f3n Cultural de Providencia, Santiago, Chile<\/td>\n\r\n                                   <\/tr>\n\r\n                                   <\/table>\n\r\n                                   <hr width=\"75%\" align=\"center\" height=\"1\"> <table width=\"100%\" style=\"padding:5px; font-family: Arial, Helvetica, sans-serif;\">\n\r\n                                   <tr>\n\r\n                                      <td style=\"background-color:#f8f8ff; padding:5px;\" width=\"100%\"><b>Exhibition and associated activities<\/b>: <b><a href=\"\/conflicttextiles\/search-quilts2\/fullevent1\/?id=188\">Latin American Myth Deconstruction<\/a><\/b><\/td>\n\r\n                                   <\/tr>\n\r\n                                   <tr>\n\r\n                                      <td style=\"padding:5px;\"  valign=\"top\"><b>Dates: <\/b>15th June 2018 until 18th June 2018<\/td>\n\r\n                                   <\/tr>\n\r\n                                   <tr>\n\r\n                                      <td style=\"padding:5px;\"  valign=\"top\"><b>Venue: <\/b>Crypt Gallery, London<\/td>\n\r\n                                   <\/tr>\n\r\n                                   <\/table>\n\r\n                                   <hr width=\"75%\" align=\"center\" height=\"1\"> <table width=\"100%\" style=\"padding:5px; font-family: Arial, Helvetica, sans-serif;\">\n\r\n                                   <tr>\n\r\n                                      <td style=\"background-color:#f8f8ff; padding:5px;\" width=\"100%\"><b>Exhibition and associated activities<\/b>: <b><a href=\"\/conflicttextiles\/search-quilts2\/fullevent1\/?id=194\">Arpilleras - The life and struggle of Chilean women under the military regime<\/a><\/b><\/td>\n\r\n                                   <\/tr>\n\r\n                                   <tr>\n\r\n                                      <td style=\"padding:5px;\"  valign=\"top\"><b>Dates: <\/b>1st May 2018 until 30th November 2018<\/td>\n\r\n                                   <\/tr>\n\r\n                                   <tr>\n\r\n                                      <td style=\"padding:5px;\"  valign=\"top\"><b>Venue: <\/b>Oshima Hakko Museum, Japan<\/td>\n\r\n                                   <\/tr>\n\r\n                                   <\/table>\n\r\n                                   <hr width=\"75%\" align=\"center\" height=\"1\"> <table width=\"100%\" style=\"padding:5px; font-family: Arial, Helvetica, sans-serif;\">\n\r\n                                   <tr>\n\r\n                                      <td style=\"background-color:#f8f8ff; padding:5px;\" width=\"100%\"><b>Workshop<\/b>: <b><a href=\"\/conflicttextiles\/search-quilts2\/fullevent1\/?id=193\">Stitching Stories \u2013 the Power of the Needle and Thread<\/a><\/b><\/td>\n\r\n                                   <\/tr>\n\r\n                                   <tr>\n\r\n                                      <td style=\"padding:5px;\"  valign=\"top\"><b>Dates: <\/b>26th April 2018 until 26th April 2018<\/td>\n\r\n                                   <\/tr>\n\r\n                                   <tr>\n\r\n                                      <td style=\"padding:5px;\"  valign=\"top\"><b>Venue: <\/b>Belcoo and Garrison, Co. Fermanagh<\/td>\n\r\n                                   <\/tr>\n\r\n                                   <\/table>\n\r\n                                   <hr width=\"75%\" align=\"center\" height=\"1\"> <table width=\"100%\" style=\"padding:5px; font-family: Arial, Helvetica, sans-serif;\">\n\r\n                                   <tr>\n\r\n                                      <td style=\"background-color:#f8f8ff; padding:5px;\" width=\"100%\"><b>Exhibition and associated activities<\/b>: <b><a href=\"\/conflicttextiles\/search-quilts2\/fullevent1\/?id=191\">ARIPILLERAS: AL HILO DE LA MEMORIA, TEJIENDO FUTURO \/ Arpilleras: Knitting the Future<\/a><\/b><\/td>\n\r\n                                   <\/tr>\n\r\n                                   <tr>\n\r\n                                      <td style=\"padding:5px;\"  valign=\"top\"><b>Dates: <\/b>25th April 2018 until 30th May 2018<\/td>\n\r\n                                   <\/tr>\n\r\n                                   <tr>\n\r\n                                      <td style=\"padding:5px;\"  valign=\"top\"><b>Venue: <\/b>Centro C\u00edvico de Lourdes \/ Lourdes Civic Centre, Navarra<\/td>\n\r\n                                   <\/tr>\n\r\n                                   <\/table>\n\r\n                                   <hr width=\"75%\" align=\"center\" height=\"1\"> <table width=\"100%\" style=\"padding:5px; font-family: Arial, Helvetica, sans-serif;\">\n\r\n                                   <tr>\n\r\n                                      <td style=\"background-color:#f8f8ff; padding:5px;\" width=\"100%\"><b>Exhibition and associated activities<\/b>: <b><a href=\"\/conflicttextiles\/search-quilts2\/fullevent1\/?id=185\">Arpilerak: Memoriaren Haritik Etorkizuna Josten \/ Arpilleras: Al Hilo De La Memoria<\/a><\/b><\/td>\n\r\n                                   <\/tr>\n\r\n                                   <tr>\n\r\n                                      <td style=\"padding:5px;\"  valign=\"top\"><b>Dates: <\/b>12th April 2018 until 24th April 2018<\/td>\n\r\n                                   <\/tr>\n\r\n                                   <tr>\n\r\n                                      <td style=\"padding:5px;\"  valign=\"top\"><b>Venue: <\/b>Palacio Baluarte, Pamplona, Navarra <\/td>\n\r\n                                   <\/tr>\n\r\n                                   <\/table>\n\r\n                                   <hr width=\"75%\" align=\"center\" height=\"1\"> <table width=\"100%\" style=\"padding:5px; font-family: Arial, Helvetica, sans-serif;\">\n\r\n                                   <tr>\n\r\n                                      <td style=\"background-color:#f8f8ff; padding:5px;\" width=\"100%\"><b>Rotating exhibition<\/b>: <b><a href=\"\/conflicttextiles\/search-quilts2\/fullevent1\/?id=190\">The Troubles and Beyond<\/a><\/b><\/td>\n\r\n                                   <\/tr>\n\r\n                                   <tr>\n\r\n                                      <td style=\"padding:5px;\"  valign=\"top\"><b>Dates: <\/b>30th March 2018 until 13th May 2019<\/td>\n\r\n                                   <\/tr>\n\r\n                                   <tr>\n\r\n                                      <td style=\"padding:5px;\"  valign=\"top\"><b>Venue: <\/b>Ulster Museum, Belfast, Northern Ireland<\/td>\n\r\n                                   <\/tr>\n\r\n                                   <\/table>\n\r\n                                   <hr width=\"75%\" align=\"center\" height=\"1\"> <table width=\"100%\" style=\"padding:5px; font-family: Arial, Helvetica, sans-serif;\">\n\r\n                                   <tr>\n\r\n                                      <td style=\"background-color:#f8f8ff; padding:5px;\" width=\"100%\"><b>Exhibition and associated activities<\/b>: <b><a href=\"\/conflicttextiles\/search-quilts2\/fullevent1\/?id=182\">Latin American Village<\/a><\/b><\/td>\n\r\n                                   <\/tr>\n\r\n                                   <tr>\n\r\n                                      <td style=\"padding:5px;\"  valign=\"top\"><b>Dates: <\/b>16th February 2018 until 16th February 2018<\/td>\n\r\n                                   <\/tr>\n\r\n                                   <tr>\n\r\n                                      <td style=\"padding:5px;\"  valign=\"top\"><b>Venue: <\/b>Teviot Row House, Edinburgh, Scotland<\/td>\n\r\n                                   <\/tr>\n\r\n                                   <\/table>\n\r\n                                   <hr width=\"75%\" align=\"center\" height=\"1\"> <table width=\"100%\" style=\"padding:5px; font-family: Arial, Helvetica, sans-serif;\">\n\r\n                                   <tr>\n\r\n                                      <td style=\"background-color:#f8f8ff; padding:5px;\" width=\"100%\"><b>Exhibition and associated activities<\/b>: <b><a href=\"\/conflicttextiles\/search-quilts2\/fullevent1\/?id=177\">War-Torn Children<\/a><\/b><\/td>\n\r\n                                   <\/tr>\n\r\n                                   <tr>\n\r\n                                      <td style=\"padding:5px;\"  valign=\"top\"><b>Dates: <\/b>8th February 2018 until 24th March 2018<\/td>\n\r\n                                   <\/tr>\n\r\n                                   <tr>\n\r\n                                      <td style=\"padding:5px;\"  valign=\"top\"><b>Venue: <\/b>Regional Cultural Centre, Letterkenny, Co. Donegal<\/td>\n\r\n                                   <\/tr>\n\r\n                                   <\/table>\n\r\n                                   <hr width=\"75%\" align=\"center\" height=\"1\"> <table width=\"100%\" style=\"padding:5px; font-family: Arial, Helvetica, sans-serif;\">\n\r\n                                   <tr>\n\r\n                                      <td style=\"background-color:#f8f8ff; padding:5px;\" width=\"100%\"><b>Book launch<\/b>: <b><a href=\"\/conflicttextiles\/search-quilts2\/fullevent1\/?id=183\">Launch of book: \"Grassroots Activism and the Evolution of Transitional Justice\"<\/a><\/b><\/td>\n\r\n                                   <\/tr>\n\r\n                                   <tr>\n\r\n                                      <td style=\"padding:5px;\"  valign=\"top\"><b>Dates: <\/b>7th February 2018 until 7th February 2018<\/td>\n\r\n                                   <\/tr>\n\r\n                                   <tr>\n\r\n                                      <td style=\"padding:5px;\"  valign=\"top\"><b>Venue: <\/b>University of London<\/td>\n\r\n                                   <\/tr>\n\r\n                                   <\/table>\n\r\n                                   <hr width=\"75%\" align=\"center\" height=\"1\"> <table width=\"100%\" style=\"padding:5px; font-family: Arial, Helvetica, sans-serif;\">\n\r\n                                   <tr>\n\r\n                                      <td style=\"background-color:#f8f8ff; padding:5px;\" width=\"100%\"><b>Exhibition and associated activities<\/b>: <b><a href=\"\/conflicttextiles\/search-quilts2\/fullevent1\/?id=180\">Remembering the Holocaust<\/a><\/b><\/td>\n\r\n                                   <\/tr>\n\r\n                                   <tr>\n\r\n                                      <td style=\"padding:5px;\"  valign=\"top\"><b>Dates: <\/b>8th January 2018 until 27th January 2018<\/td>\n\r\n                                   <\/tr>\n\r\n                                   <tr>\n\r\n                                      <td style=\"padding:5px;\"  valign=\"top\"><b>Venue: <\/b>Ballymoney Museum, Northern Irleand<\/td>\n\r\n                                   <\/tr>\n\r\n                                   <\/table>\n\r\n                                   <hr width=\"75%\" align=\"center\" height=\"1\"> <table width=\"100%\" style=\"padding:5px; font-family: Arial, Helvetica, sans-serif;\">\n\r\n                                   <tr>\n\r\n                                      <td style=\"background-color:#f8f8ff; padding:5px;\" width=\"100%\"><b>Exhibition and associated activities<\/b>: <b><a href=\"\/conflicttextiles\/search-quilts2\/fullevent1\/?id=186\">Rebeldes \/ Rebels -FITE Festival (Festival Internacional de Textiles Extra Ordinario)<\/a><\/b><\/td>\n\r\n                                   <\/tr>\n\r\n                                   <tr>\n\r\n                                      <td style=\"padding:5px;\"  valign=\"top\"><b>Dates: <\/b>7th December 2017 until 31st March 2018<\/td>\n\r\n                                   <\/tr>\n\r\n                                   <tr>\n\r\n                                      <td style=\"padding:5px;\"  valign=\"top\"><b>Venue: <\/b>Bargoin Museum \/ Clermont Auvergne Metropole, France IFAL, Mexico city<\/td>\n\r\n                                   <\/tr>\n\r\n                                   <\/table>\n\r\n                                   <hr width=\"75%\" align=\"center\" height=\"1\"> <table width=\"100%\" style=\"padding:5px; font-family: Arial, Helvetica, sans-serif;\">\n\r\n                                   <tr>\n\r\n                                      <td style=\"background-color:#f8f8ff; padding:5px;\" width=\"100%\"><b>Workshop<\/b>: <b><a href=\"\/conflicttextiles\/search-quilts2\/fullevent1\/?id=181\">Arpillera Doll Making Workshop<\/a><\/b><\/td>\n\r\n                                   <\/tr>\n\r\n                                   <tr>\n\r\n                                      <td style=\"padding:5px;\"  valign=\"top\"><b>Dates: <\/b>1st December 2017 until 1st December 2017<\/td>\n\r\n                                   <\/tr>\n\r\n                                   <tr>\n\r\n                                      <td style=\"padding:5px;\"  valign=\"top\"><b>Venue: <\/b>Ulster Museum, Belfast, Northern Ireland<\/td>\n\r\n                                   <\/tr>\n\r\n                                   <\/table>\n\r\n                                   <hr width=\"75%\" align=\"center\" height=\"1\"> <table width=\"100%\" style=\"padding:5px; font-family: Arial, Helvetica, sans-serif;\">\n\r\n                                   <tr>\n\r\n                                      <td style=\"background-color:#f8f8ff; padding:5px;\" width=\"100%\"><b>Exhibition and associated activities<\/b>: <b><a href=\"\/conflicttextiles\/search-quilts2\/fullevent1\/?id=175\">Stitched Voices: Knowing conflict through textiles<\/a><\/b><\/td>\n\r\n                                   <\/tr>\n\r\n                                   <tr>\n\r\n                                      <td style=\"padding:5px;\"  valign=\"top\"><b>Dates: <\/b>17th November 2017 until 20th December 2017<\/td>\n\r\n                                   <\/tr>\n\r\n                                   <tr>\n\r\n                                      <td style=\"padding:5px;\"  valign=\"top\"><b>Venue: <\/b>Birmingham Voluntary Service Council (BVSC) Centre<\/td>\n\r\n                                   <\/tr>\n\r\n                                   <\/table>\n\r\n                                   <hr width=\"75%\" align=\"center\" height=\"1\"> <table width=\"100%\" style=\"padding:5px; font-family: Arial, Helvetica, sans-serif;\">\n\r\n                                   <tr>\n\r\n                                      <td style=\"background-color:#f8f8ff; padding:5px;\" width=\"100%\"><b>Exhibition and associated activities<\/b>: <b><a href=\"\/conflicttextiles\/search-quilts2\/fullevent1\/?id=171\">Textile Language of Conflicts<\/a><\/b><\/td>\n\r\n                                   <\/tr>\n\r\n                                   <tr>\n\r\n                                      <td style=\"padding:5px;\"  valign=\"top\"><b>Dates: <\/b>6th November 2017 until 10th November 2017<\/td>\n\r\n                                   <\/tr>\n\r\n                                   <tr>\n\r\n                                      <td style=\"padding:5px;\"  valign=\"top\"><b>Venue: <\/b>Exhibition: Minor Hall (MD106), Main Building, Magee Campus, Ulster University<\/td>\n\r\n                                   <\/tr>\n\r\n                                   <\/table>\n\r\n                                   <hr width=\"75%\" align=\"center\" height=\"1\"> <table width=\"100%\" style=\"padding:5px; font-family: Arial, Helvetica, sans-serif;\">\n\r\n                                   <tr>\n\r\n                                      <td style=\"background-color:#f8f8ff; padding:5px;\" width=\"100%\"><b>Exhibition and associated activities<\/b>: <b><a href=\"\/conflicttextiles\/search-quilts2\/fullevent1\/?id=173\">War-Torn Children<\/a><\/b><\/td>\n\r\n                                   <\/tr>\n\r\n                                   <tr>\n\r\n                                      <td style=\"padding:5px;\"  valign=\"top\"><b>Dates: <\/b>2nd October 2017 until 27th October 2017<\/td>\n\r\n                                   <\/tr>\n\r\n                                   <tr>\n\r\n                                      <td style=\"padding:5px;\"  valign=\"top\"><b>Venue: <\/b>Verbal Arts Centre, Derry \/ Londonderry, Northern Ireland<\/td>\n\r\n                                   <\/tr>\n\r\n                                   <\/table>\n\r\n                                   <hr width=\"75%\" align=\"center\" height=\"1\"> <table width=\"100%\" style=\"padding:5px; font-family: Arial, Helvetica, sans-serif;\">\n\r\n                                   <tr>\n\r\n                                      <td style=\"background-color:#f8f8ff; padding:5px;\" width=\"100%\"><b>Exhibition and associated activities<\/b>: <b><a href=\"\/conflicttextiles\/search-quilts2\/fullevent1\/?id=174\">Arpilleras Speak Truth<\/a><\/b><\/td>\n\r\n                                   <\/tr>\n\r\n                                   <tr>\n\r\n                                      <td style=\"padding:5px;\"  valign=\"top\"><b>Dates: <\/b>25th September 2017 until 28th October 2017<\/td>\n\r\n                                   <\/tr>\n\r\n                                   <tr>\n\r\n                                      <td style=\"padding:5px;\"  valign=\"top\"><b>Venue: <\/b>Centre of Latin American Studies (CLAS), University of Cambridge<\/td>\n\r\n                                   <\/tr>\n\r\n                                   <\/table>\n\r\n                                   <hr width=\"75%\" align=\"center\" height=\"1\"> <table width=\"100%\" style=\"padding:5px; font-family: Arial, Helvetica, sans-serif;\">\n\r\n                                   <tr>\n\r\n                                      <td style=\"background-color:#f8f8ff; padding:5px;\" width=\"100%\"><b>Seminar, Display and Workshop<\/b>: <b><a href=\"\/conflicttextiles\/search-quilts2\/fullevent1\/?id=172\">Arpilleras, yesterday and today<\/a><\/b><\/td>\n\r\n                                   <\/tr>\n\r\n                                   <tr>\n\r\n                                      <td style=\"padding:5px;\"  valign=\"top\"><b>Dates: <\/b>14th September 2017 until 15th September 2017<\/td>\n\r\n                                   <\/tr>\n\r\n                                   <tr>\n\r\n                                      <td style=\"padding:5px;\"  valign=\"top\"><b>Venue: <\/b>London School of Economics and Political Science. England<\/td>\n\r\n                                   <\/tr>\n\r\n                                   <\/table>\n\r\n                                   <hr width=\"75%\" align=\"center\" height=\"1\"> <table width=\"100%\" style=\"padding:5px; font-family: Arial, Helvetica, sans-serif;\">\n\r\n                                   <tr>\n\r\n                                      <td style=\"background-color:#f8f8ff; padding:5px;\" width=\"100%\"><b>Exhibition and associated activities<\/b>: <b><a href=\"\/conflicttextiles\/search-quilts2\/fullevent1\/?id=166\">Stitching Memoryscape \u300c\u8a18\u61b6\u98a8\u666f\u3092\u7e2b\u3046\u300d<\/a><\/b><\/td>\n\r\n                                   <\/tr>\n\r\n                                   <tr>\n\r\n                                      <td style=\"padding:5px;\"  valign=\"top\"><b>Dates: <\/b>29th August 2017 until 3rd September 2017<\/td>\n\r\n                                   <\/tr>\n\r\n                                   <tr>\n\r\n                                      <td style=\"padding:5px;\"  valign=\"top\"><b>Venue: <\/b>Nagasaki Prefectural Art Museum, JAPAN<\/td>\n\r\n                                   <\/tr>\n\r\n                                   <\/table>\n\r\n                                   <hr width=\"75%\" align=\"center\" height=\"1\"> <table width=\"100%\" style=\"padding:5px; font-family: Arial, Helvetica, sans-serif;\">\n\r\n                                   <tr>\n\r\n                                      <td style=\"background-color:#f8f8ff; padding:5px;\" width=\"100%\"><b>Exhibition and associated activities<\/b>: <b><a href=\"\/conflicttextiles\/search-quilts2\/fullevent1\/?id=168\">War-Torn Children <\/a><\/b><\/td>\n\r\n                                   <\/tr>\n\r\n                                   <tr>\n\r\n                                      <td style=\"padding:5px;\"  valign=\"top\"><b>Dates: <\/b>17th July 2017 until 28th July 2017<\/td>\n\r\n                                   <\/tr>\n\r\n                                   <tr>\n\r\n                                      <td style=\"padding:5px;\"  valign=\"top\"><b>Venue: <\/b>CB1 Gallery, Limerick<\/td>\n\r\n                                   <\/tr>\n\r\n                                   <\/table>\n\r\n                                   <hr width=\"75%\" align=\"center\" height=\"1\"> <table width=\"100%\" style=\"padding:5px; font-family: Arial, Helvetica, sans-serif;\">\n\r\n                                   <tr>\n\r\n                                      <td style=\"background-color:#f8f8ff; padding:5px;\" width=\"100%\"><b>Exhibition and associated activities<\/b>: <b><a href=\"\/conflicttextiles\/search-quilts2\/fullevent1\/?id=165\">Stitching Memoryscape \u300c\u8a18\u61b6\u98a8\u666f\u3092\u7e2b\u3046\u300d<\/a><\/b><\/td>\n\r\n                                   <\/tr>\n\r\n                                   <tr>\n\r\n                                      <td style=\"padding:5px;\"  valign=\"top\"><b>Dates: <\/b>1st July 2017 until 9th July 2017<\/td>\n\r\n                                   <\/tr>\n\r\n                                   <tr>\n\r\n                                      <td style=\"padding:5px;\"  valign=\"top\"><b>Venue: <\/b>Kambaikan Gallery (B1F), Doshisha University, Kyoto, Japan<\/td>\n\r\n                                   <\/tr>\n\r\n                                   <\/table>\n\r\n                                   <hr width=\"75%\" align=\"center\" height=\"1\"> <table width=\"100%\" style=\"padding:5px; font-family: Arial, Helvetica, sans-serif;\">\n\r\n                                   <tr>\n\r\n                                      <td style=\"background-color:#f8f8ff; padding:5px;\" width=\"100%\"><b>Seminar<\/b>: <b><a href=\"\/conflicttextiles\/search-quilts2\/fullevent1\/?id=169\">Art and Human Rights Network Day <\/a><\/b><\/td>\n\r\n                                   <\/tr>\n\r\n                                   <tr>\n\r\n                                      <td style=\"padding:5px;\"  valign=\"top\"><b>Dates: <\/b>20th June 2017 until 20th June 2017<\/td>\n\r\n                                   <\/tr>\n\r\n                                   <tr>\n\r\n                                      <td style=\"padding:5px;\"  valign=\"top\"><b>Venue: <\/b>Centre of Latin American Studies (CLAS), University of Cambridge<\/td>\n\r\n                                   <\/tr>\n\r\n                                   <\/table>\n\r\n                                   <hr width=\"75%\" align=\"center\" height=\"1\"> <table width=\"100%\" style=\"padding:5px; font-family: Arial, Helvetica, sans-serif;\">\n\r\n                                   <tr>\n\r\n                                      <td style=\"background-color:#f8f8ff; padding:5px;\" width=\"100%\"><b>Exhibition and associated activities<\/b>: <b><a href=\"\/conflicttextiles\/search-quilts2\/fullevent1\/?id=162\">Stitching Memoryscape \u300c\u8a18\u61b6\u98a8\u666f\u3092\u7e2b\u3046\u300d<\/a><\/b><\/td>\n\r\n                                   <\/tr>\n\r\n                                   <tr>\n\r\n                                      <td style=\"padding:5px;\"  valign=\"top\"><b>Dates: <\/b>30th May 2017 until 12th June 2017<\/td>\n\r\n                                   <\/tr>\n\r\n                                   <tr>\n\r\n                                      <td style=\"padding:5px;\"  valign=\"top\"><b>Venue: <\/b>Tokyo Electron Hall,  Sendai, JAPAN<\/td>\n\r\n                                   <\/tr>\n\r\n                                   <\/table>\n\r\n                                   <hr width=\"75%\" align=\"center\" height=\"1\"> <table width=\"100%\" style=\"padding:5px; font-family: Arial, Helvetica, sans-serif;\">\n\r\n                                   <tr>\n\r\n                                      <td style=\"background-color:#f8f8ff; padding:5px;\" width=\"100%\"><b>Exhibition and associated activities<\/b>: <b><a href=\"\/conflicttextiles\/search-quilts2\/fullevent1\/?id=157\">Stitched Voices \/ Lleisiau wedi eu Pwytho<\/a><\/b><\/td>\n\r\n                                   <\/tr>\n\r\n                                   <tr>\n\r\n                                      <td style=\"padding:5px;\"  valign=\"top\"><b>Dates: <\/b>25th March 2017 until 13th May 2017<\/td>\n\r\n                                   <\/tr>\n\r\n                                   <tr>\n\r\n                                      <td style=\"padding:5px;\"  valign=\"top\"><b>Venue: <\/b>Aberystwyth Arts Centre, Aberystwyth University, Wales<\/td>\n\r\n                                   <\/tr>\n\r\n                                   <\/table>\n\r\n                                   <hr width=\"75%\" align=\"center\" height=\"1\"> <table width=\"100%\" style=\"padding:5px; font-family: Arial, Helvetica, sans-serif;\">\n\r\n                                   <tr>\n\r\n                                      <td style=\"background-color:#f8f8ff; padding:5px;\" width=\"100%\"><b>Exhibition and associated activities<\/b>: <b><a href=\"\/conflicttextiles\/search-quilts2\/fullevent1\/?id=163\">War-Torn Children<\/a><\/b><\/td>\n\r\n                                   <\/tr>\n\r\n                                   <tr>\n\r\n                                      <td style=\"padding:5px;\"  valign=\"top\"><b>Dates: <\/b>1st March 2017 until 15th April 2017<\/td>\n\r\n                                   <\/tr>\n\r\n                                   <tr>\n\r\n                                      <td style=\"padding:5px;\"  valign=\"top\"><b>Venue: <\/b>Linen Hall Library, Belfast, Northern Ireland<\/td>\n\r\n                                   <\/tr>\n\r\n                                   <\/table>\n\r\n                                   <hr width=\"75%\" align=\"center\" height=\"1\"> <table width=\"100%\" style=\"padding:5px; font-family: Arial, Helvetica, sans-serif;\">\n\r\n                                   <tr>\n\r\n                                      <td style=\"background-color:#f8f8ff; padding:5px;\" width=\"100%\"><b>Exhibition and associated activities<\/b>: <b><a href=\"\/conflicttextiles\/search-quilts2\/fullevent1\/?id=159\">Arpilleras viajeras: Chilenas y de otras latitudes<\/a><\/b><\/td>\n\r\n                                   <\/tr>\n\r\n                                   <tr>\n\r\n                                      <td style=\"padding:5px;\"  valign=\"top\"><b>Dates: <\/b>16th November 2016 until 12th December 2016<\/td>\n\r\n                                   <\/tr>\n\r\n                                   <tr>\n\r\n                                      <td style=\"padding:5px;\"  valign=\"top\"><b>Venue: <\/b>Embassy of Chile, Dublin, Ireland<\/td>\n\r\n                                   <\/tr>\n\r\n                                   <\/table>\n\r\n                                   <hr width=\"75%\" align=\"center\" height=\"1\"> <table width=\"100%\" style=\"padding:5px; font-family: Arial, Helvetica, sans-serif;\">\n\r\n                                   <tr>\n\r\n                                      <td style=\"background-color:#f8f8ff; padding:5px;\" width=\"100%\"><b>Exhibition<\/b>: <b><a href=\"\/conflicttextiles\/search-quilts2\/fullevent1\/?id=178\">Conflict Textiles collection - Embassy of Chile in Ireland<\/a><\/b><\/td>\n\r\n                                   <\/tr>\n\r\n                                   <tr>\n\r\n                                      <td style=\"padding:5px;\"  valign=\"top\"><b>Dates: <\/b>16th November 2016 until 10th October 2017<\/td>\n\r\n                                   <\/tr>\n\r\n                                   <tr>\n\r\n                                      <td style=\"padding:5px;\"  valign=\"top\"><b>Venue: <\/b>Embassy of Chile, Dublin, Ireland<\/td>\n\r\n                                   <\/tr>\n\r\n                                   <\/table>\n\r\n                                   <hr width=\"75%\" align=\"center\" height=\"1\"> <table width=\"100%\" style=\"padding:5px; font-family: Arial, Helvetica, sans-serif;\">\n\r\n                                   <tr>\n\r\n                                      <td style=\"background-color:#f8f8ff; padding:5px;\" width=\"100%\"><b>Exhibition and associated activities<\/b>: <b><a href=\"\/conflicttextiles\/search-quilts2\/fullevent1\/?id=156\">Stitched Legacies of Conflicts <\/a><\/b><\/td>\n\r\n                                   <\/tr>\n\r\n                                   <tr>\n\r\n                                      <td style=\"padding:5px;\"  valign=\"top\"><b>Dates: <\/b>7th October 2016 until 26th November 2016<\/td>\n\r\n                                   <\/tr>\n\r\n                                   <tr>\n\r\n                                      <td style=\"padding:5px;\"  valign=\"top\"><b>Venue: <\/b>Roe Valley Arts and Cultural Centre, Limavady, Northern Ireland<\/td>\n\r\n                                   <\/tr>\n\r\n                                   <\/table>\n\r\n                                   <hr width=\"75%\" align=\"center\" height=\"1\"> <table width=\"100%\" style=\"padding:5px; font-family: Arial, Helvetica, sans-serif;\">\n\r\n                                   <tr>\n\r\n                                      <td style=\"background-color:#f8f8ff; padding:5px;\" width=\"100%\"><b>Exhibition and associated activities<\/b>: <b><a href=\"\/conflicttextiles\/search-quilts2\/fullevent1\/?id=158\">Arpillera Voices and Echoes <\/a><\/b><\/td>\n\r\n                                   <\/tr>\n\r\n                                   <tr>\n\r\n                                      <td style=\"padding:5px;\"  valign=\"top\"><b>Dates: <\/b>6th October 2016 until 14th November 2016<\/td>\n\r\n                                   <\/tr>\n\r\n                                   <tr>\n\r\n                                      <td style=\"padding:5px;\"  valign=\"top\"><b>Venue: <\/b>Verbal Arts Centre, Derry \/ Londonderry, Northern Ireland<\/td>\n\r\n                                   <\/tr>\n\r\n                                   <\/table>\n\r\n                                   <hr width=\"75%\" align=\"center\" height=\"1\"> <table width=\"100%\" style=\"padding:5px; font-family: Arial, Helvetica, sans-serif;\">\n\r\n                                   <tr>\n\r\n                                      <td style=\"background-color:#f8f8ff; padding:5px;\" width=\"100%\"><b>Workshop<\/b>: <b><a href=\"\/conflicttextiles\/search-quilts2\/fullevent1\/?id=161\">Arpillera Workshop<\/a><\/b><\/td>\n\r\n                                   <\/tr>\n\r\n                                   <tr>\n\r\n                                      <td style=\"padding:5px;\"  valign=\"top\"><b>Dates: <\/b>21st July 2016 until 21st July 2016<\/td>\n\r\n                                   <\/tr>\n\r\n                                   <tr>\n\r\n                                      <td style=\"padding:5px;\"  valign=\"top\"><b>Venue: <\/b>Gasyard Arts Factory, Derry \/ Londonderry, Northern Ireland<\/td>\n\r\n                                   <\/tr>\n\r\n                                   <\/table>\n\r\n                                   <hr width=\"75%\" align=\"center\" height=\"1\"> <table width=\"100%\" style=\"padding:5px; font-family: Arial, Helvetica, sans-serif;\">\n\r\n                                   <tr>\n\r\n                                      <td style=\"background-color:#f8f8ff; padding:5px;\" width=\"100%\"><b>Exhibition <\/b>: <b><a href=\"\/conflicttextiles\/search-quilts2\/fullevent1\/?id=142\">Conflict Textiles collection: Tower Museum and Guildhall<\/a><\/b><\/td>\n\r\n                                   <\/tr>\n\r\n                                   <tr>\n\r\n                                      <td style=\"padding:5px;\"  valign=\"top\"><b>Dates: <\/b>11th July 2016 until 16th December 2016<\/td>\n\r\n                                   <\/tr>\n\r\n                                   <tr>\n\r\n                                      <td style=\"padding:5px;\"  valign=\"top\"><b>Venue: <\/b>Tower Museum, Derry \/ Londonderry, Northern Ireland<\/td>\n\r\n                                   <\/tr>\n\r\n                                   <\/table>\n\r\n                                   <hr width=\"75%\" align=\"center\" height=\"1\"> <table width=\"100%\" style=\"padding:5px; font-family: Arial, Helvetica, sans-serif;\">\n\r\n                                   <tr>\n\r\n                                      <td style=\"background-color:#f8f8ff; padding:5px;\" width=\"100%\"><b>Workshop<\/b>: <b><a href=\"\/conflicttextiles\/search-quilts2\/fullevent1\/?id=160\">Chilean Arpilleras<\/a><\/b><\/td>\n\r\n                                   <\/tr>\n\r\n                                   <tr>\n\r\n                                      <td style=\"padding:5px;\"  valign=\"top\"><b>Dates: <\/b>29th June 2016 until 29th June 2016<\/td>\n\r\n                                   <\/tr>\n\r\n                                   <tr>\n\r\n                                      <td style=\"padding:5px;\"  valign=\"top\"><b>Venue: <\/b>Textile Research Centre (TRC), the Netherlands<\/td>\n\r\n                                   <\/tr>\n\r\n                                   <\/table>\n\r\n                                   <hr width=\"75%\" align=\"center\" height=\"1\"> <table width=\"100%\" style=\"padding:5px; font-family: Arial, Helvetica, sans-serif;\">\n\r\n                                   <tr>\n\r\n                                      <td style=\"background-color:#f8f8ff; padding:5px;\" width=\"100%\"><b>Exhibition and associated activities<\/b>: <b><a href=\"\/conflicttextiles\/search-quilts2\/fullevent1\/?id=155\">Rebelles exhibiton, as part of the FITE 2016 <\/a><\/b><\/td>\n\r\n                                   <\/tr>\n\r\n                                   <tr>\n\r\n                                      <td style=\"padding:5px;\"  valign=\"top\"><b>Dates: <\/b>21st June 2016 until 31st December 2016<\/td>\n\r\n                                   <\/tr>\n\r\n                                   <tr>\n\r\n                                      <td style=\"padding:5px;\"  valign=\"top\"><b>Venue: <\/b>Bargoin museum \/ City of Clermont-Ferrand, FRANCE<\/td>\n\r\n                                   <\/tr>\n\r\n                                   <\/table>\n\r\n                                   <hr width=\"75%\" align=\"center\" height=\"1\"> <table width=\"100%\" style=\"padding:5px; font-family: Arial, Helvetica, sans-serif;\">\n\r\n                                   <tr>\n\r\n                                      <td style=\"background-color:#f8f8ff; padding:5px;\" width=\"100%\"><b>Exhibition and associated activities<\/b>: <b><a href=\"\/conflicttextiles\/search-quilts2\/fullevent1\/?id=151\">Enduring Life: Arpillera Voices<\/a><\/b><\/td>\n\r\n                                   <\/tr>\n\r\n                                   <tr>\n\r\n                                      <td style=\"padding:5px;\"  valign=\"top\"><b>Dates: <\/b>11th May 2016 until 15th July 2016<\/td>\n\r\n                                   <\/tr>\n\r\n                                   <tr>\n\r\n                                      <td style=\"padding:5px;\"  valign=\"top\"><b>Venue: <\/b>Alley Arts and Conference Centre, Strabane, Northern Ireland<\/td>\n\r\n                                   <\/tr>\n\r\n                                   <\/table>\n\r\n                                   <hr width=\"75%\" align=\"center\" height=\"1\"> <table width=\"100%\" style=\"padding:5px; font-family: Arial, Helvetica, sans-serif;\">\n\r\n                                   <tr>\n\r\n                                      <td style=\"background-color:#f8f8ff; padding:5px;\" width=\"100%\"><b>Exhibition and conference<\/b>: <b><a href=\"\/conflicttextiles\/search-quilts2\/fullevent1\/?id=153\">LA VIDA QUE SE TEJE  Tejidos de Am\u00e9rica Latina por la memoria y la vida<\/a><\/b><\/td>\n\r\n                                   <\/tr>\n\r\n                                   <tr>\n\r\n                                      <td style=\"padding:5px;\"  valign=\"top\"><b>Dates: <\/b>11th May 2016 until 10th July 2016<\/td>\n\r\n                                   <\/tr>\n\r\n                                   <tr>\n\r\n                                      <td style=\"padding:5px;\"  valign=\"top\"><b>Venue: <\/b>Casa del Encuentro, Antioquia Museum & Medellin Casa de la Memoria, Colombia<\/td>\n\r\n                                   <\/tr>\n\r\n                                   <\/table>\n\r\n                                   <hr width=\"75%\" align=\"center\" height=\"1\"> <table width=\"100%\" style=\"padding:5px; font-family: Arial, Helvetica, sans-serif;\">\n\r\n                                   <tr>\n\r\n                                      <td style=\"background-color:#f8f8ff; padding:5px;\" width=\"100%\"><b>Exhibition and associated activities<\/b>: <b><a href=\"\/conflicttextiles\/search-quilts2\/fullevent1\/?id=152\">COSIENDO PAZ: Conflicto, Arpilleras, Memoria <\/a><\/b><\/td>\n\r\n                                   <\/tr>\n\r\n                                   <tr>\n\r\n                                      <td style=\"padding:5px;\"  valign=\"top\"><b>Dates: <\/b>13th April 2016 until 12th June 2016<\/td>\n\r\n                                   <\/tr>\n\r\n                                   <tr>\n\r\n                                      <td style=\"padding:5px;\"  valign=\"top\"><b>Venue: <\/b>House of Peace and Human Rights, San Sebastian, Basque Country \/ Spain<\/td>\n\r\n                                   <\/tr>\n\r\n                                   <\/table>\n\r\n                                   <hr width=\"75%\" align=\"center\" height=\"1\"> <table width=\"100%\" style=\"padding:5px; font-family: Arial, Helvetica, sans-serif;\">\n\r\n                                   <tr>\n\r\n                                      <td style=\"background-color:#f8f8ff; padding:5px;\" width=\"100%\"><b>Permanent exhibition<\/b>: <b><a href=\"\/conflicttextiles\/search-quilts2\/fullevent1\/?id=154\">La cueca sola \/ Dancing cueca alone<\/a><\/b><\/td>\n\r\n                                   <\/tr>\n\r\n                                   <tr>\n\r\n                                      <td style=\"padding:5px;\"  valign=\"top\"><b>Dates: <\/b>1st April 2016 until 15th November 2022<\/td>\n\r\n                                   <\/tr>\n\r\n                                   <tr>\n\r\n                                      <td style=\"padding:5px;\"  valign=\"top\"><b>Venue: <\/b>Memorial da Am\u00e9rica Latina, S\u00e3o Paulo, Brasil<\/td>\n\r\n                                   <\/tr>\n\r\n                                   <\/table>\n\r\n                                   <hr width=\"75%\" align=\"center\" height=\"1\"> <table width=\"100%\" style=\"padding:5px; font-family: Arial, Helvetica, sans-serif;\">\n\r\n                                   <tr>\n\r\n                                      <td style=\"background-color:#f8f8ff; padding:5px;\" width=\"100%\"><b>Exhibition and associated activities<\/b>: <b><a href=\"\/conflicttextiles\/search-quilts2\/fullevent1\/?id=147\">Arpilleras de  Am\u00e9rica Latina: Mujeres cosedoras de vida <\/a><\/b><\/td>\n\r\n                                   <\/tr>\n\r\n                                   <tr>\n\r\n                                      <td style=\"padding:5px;\"  valign=\"top\"><b>Dates: <\/b>19th March 2016 until 24th April 2016<\/td>\n\r\n                                   <\/tr>\n\r\n                                   <tr>\n\r\n                                      <td style=\"padding:5px;\"  valign=\"top\"><b>Venue: <\/b>Museo de Arte Popular Jos\u00e9 Hern\u00e1ndez, Buenos Aires, Argentina<\/td>\n\r\n                                   <\/tr>\n\r\n                                   <\/table>\n\r\n                                   <hr width=\"75%\" align=\"center\" height=\"1\"> <table width=\"100%\" style=\"padding:5px; font-family: Arial, Helvetica, sans-serif;\">\n\r\n                                   <tr>\n\r\n                                      <td style=\"background-color:#f8f8ff; padding:5px;\" width=\"100%\"><b>Workshop<\/b>: <b><a href=\"\/conflicttextiles\/search-quilts2\/fullevent1\/?id=150\">TRAVELLING TAPESTRIES: STORIES OF THE CHILEAN ARPILLERAS<\/a><\/b><\/td>\n\r\n                                   <\/tr>\n\r\n                                   <tr>\n\r\n                                      <td style=\"padding:5px;\"  valign=\"top\"><b>Dates: <\/b>10th March 2016 until 11th March 2016<\/td>\n\r\n                                   <\/tr>\n\r\n                                   <tr>\n\r\n                                      <td style=\"padding:5px;\"  valign=\"top\"><b>Venue: <\/b>University of Aberdeen, Scotland<\/td>\n\r\n                                   <\/tr>\n\r\n                                   <\/table>\n\r\n                                   <hr width=\"75%\" align=\"center\" height=\"1\"> <table width=\"100%\" style=\"padding:5px; font-family: Arial, Helvetica, sans-serif;\">\n\r\n                                   <tr>\n\r\n                                      <td style=\"background-color:#f8f8ff; padding:5px;\" width=\"100%\"><b>Forum<\/b>: <b><a href=\"\/conflicttextiles\/search-quilts2\/fullevent1\/?id=149\">Forum Internacional de Arpilleras \/ Arpilleras International Forum<\/a><\/b><\/td>\n\r\n                                   <\/tr>\n\r\n                                   <tr>\n\r\n                                      <td style=\"padding:5px;\"  valign=\"top\"><b>Dates: <\/b>25th February 2016 until 28th February 2016<\/td>\n\r\n                                   <\/tr>\n\r\n                                   <tr>\n\r\n                                      <td style=\"padding:5px;\"  valign=\"top\"><b>Venue: <\/b>Bilbao \/ San Sebastian \/ Gernika<\/td>\n\r\n                                   <\/tr>\n\r\n                                   <\/table>\n\r\n                                   <hr width=\"75%\" align=\"center\" height=\"1\"> <table width=\"100%\" style=\"padding:5px; font-family: Arial, Helvetica, sans-serif;\">\n\r\n                                   <tr>\n\r\n                                      <td style=\"background-color:#f8f8ff; padding:5px;\" width=\"100%\"><b>Workshop<\/b>: <b><a href=\"\/conflicttextiles\/search-quilts2\/fullevent1\/?id=148\">Arpillera training workshop, Enyandeni, Zimbabwe<\/a><\/b><\/td>\n\r\n                                   <\/tr>\n\r\n                                   <tr>\n\r\n                                      <td style=\"padding:5px;\"  valign=\"top\"><b>Dates: <\/b>27th January 2016 until 30th January 2016<\/td>\n\r\n                                   <\/tr>\n\r\n                                   <tr>\n\r\n                                      <td style=\"padding:5px;\"  valign=\"top\"><b>Venue: <\/b>Enyandeni Peace Centre, 28th Jan., UKuthula Trust office, Bulawayo, 29th Jan., 2016<\/td>\n\r\n                                   <\/tr>\n\r\n                                   <\/table>\n\r\n                                   <hr width=\"75%\" align=\"center\" height=\"1\"> <table width=\"100%\" style=\"padding:5px; font-family: Arial, Helvetica, sans-serif;\">\n\r\n                                   <tr>\n\r\n                                      <td style=\"background-color:#f8f8ff; padding:5px;\" width=\"100%\"><b>Exhibition and associated activities<\/b>: <b><a href=\"\/conflicttextiles\/search-quilts2\/fullevent1\/?id=144\">ARPILLERAS: verhalen over leven \/ ARPILLERAS:  stories of life and survival<\/a><\/b><\/td>\n\r\n                                   <\/tr>\n\r\n                                   <tr>\n\r\n                                      <td style=\"padding:5px;\"  valign=\"top\"><b>Dates: <\/b>16th January 2016 until 24th February 2016<\/td>\n\r\n                                   <\/tr>\n\r\n                                   <tr>\n\r\n                                      <td style=\"padding:5px;\"  valign=\"top\"><b>Venue: <\/b>Mondiaal Centrum, Breda, The Netherlands<\/td>\n\r\n                                   <\/tr>\n\r\n                                   <\/table>\n\r\n                                   <hr width=\"75%\" align=\"center\" height=\"1\"> <table width=\"100%\" style=\"padding:5px; font-family: Arial, Helvetica, sans-serif;\">\n\r\n                                   <tr>\n\r\n                                      <td style=\"background-color:#f8f8ff; padding:5px;\" width=\"100%\"><b>Launch and workshop<\/b>: <b><a href=\"\/conflicttextiles\/search-quilts2\/fullevent1\/?id=146\">Launch of Conflict Textiles website<\/a><\/b><\/td>\n\r\n                                   <\/tr>\n\r\n                                   <tr>\n\r\n                                      <td style=\"padding:5px;\"  valign=\"top\"><b>Dates: <\/b>19th November 2015 until 19th November 2015<\/td>\n\r\n                                   <\/tr>\n\r\n                                   <tr>\n\r\n                                      <td style=\"padding:5px;\"  valign=\"top\"><b>Venue: <\/b>Tower Museum, Derry \/ Londonderry, Northern Ireland<\/td>\n\r\n                                   <\/tr>\n\r\n                                   <\/table>\n\r\n                                   <hr width=\"75%\" align=\"center\" height=\"1\"> <table width=\"100%\" style=\"padding:5px; font-family: Arial, Helvetica, sans-serif;\">\n\r\n                                   <tr>\n\r\n                                      <td style=\"background-color:#f8f8ff; padding:5px;\" width=\"100%\"><b>Exhibition and associated activities<\/b>: <b><a href=\"\/conflicttextiles\/search-quilts2\/fullevent1\/?id=145\">Arpillera: Chilean appliques that narrate in silence \u30a2\u30eb\u30d4\u30b8\u30a7\u30e9 \uff5e\u6c88\u9ed9\u306e\u306a\u304b\u3067\u7269\u8a9e\u308b\u3001\u30c1\u30ea\u306e\u30ad\u30eb\u30c8\uff5e<\/a><\/b><\/td>\n\r\n                                   <\/tr>\n\r\n                                   <tr>\n\r\n                                      <td style=\"padding:5px;\"  valign=\"top\"><b>Dates: <\/b>5th November 2015 until 30th November 2015<\/td>\n\r\n                                   <\/tr>\n\r\n                                   <tr>\n\r\n                                      <td style=\"padding:5px;\"  valign=\"top\"><b>Venue: <\/b>Iwaki Performing Arts Center, Japan<\/td>\n\r\n                                   <\/tr>\n\r\n                                   <\/table>\n\r\n                                   <hr width=\"75%\" align=\"center\" height=\"1\"> <table width=\"100%\" style=\"padding:5px; font-family: Arial, Helvetica, sans-serif;\">\n\r\n                                   <tr>\n\r\n                                      <td style=\"background-color:#f8f8ff; padding:5px;\" width=\"100%\"><b>Exhibition and associated activities<\/b>: <b><a href=\"\/conflicttextiles\/search-quilts2\/fullevent1\/?id=137\">COSIENDO PAZ: Conflicto, Arpilleras, Memoria<\/a><\/b><\/td>\n\r\n                                   <\/tr>\n\r\n                                   <tr>\n\r\n                                      <td style=\"padding:5px;\"  valign=\"top\"><b>Dates: <\/b>8th October 2015 until 4th April 2016<\/td>\n\r\n                                   <\/tr>\n\r\n                                   <tr>\n\r\n                                      <td style=\"padding:5px;\"  valign=\"top\"><b>Venue: <\/b>Fundaci\u00f3n Museo de la Paz de Gernika, Basque Country \/ Spain<\/td>\n\r\n                                   <\/tr>\n\r\n                                   <\/table>\n\r\n                                   <hr width=\"75%\" align=\"center\" height=\"1\"> <table width=\"100%\" style=\"padding:5px; font-family: Arial, Helvetica, sans-serif;\">\n\r\n                                   <tr>\n\r\n                                      <td style=\"background-color:#f8f8ff; padding:5px;\" width=\"100%\"><b>Exhibition and associated activities<\/b>: <b><a href=\"\/conflicttextiles\/search-quilts2\/fullevent1\/?id=138\">Arpilleras Bordando \u00e0 Resist\u00eancia \/  Arpilleras Embroidering Resistance<\/a><\/b><\/td>\n\r\n                                   <\/tr>\n\r\n                                   <tr>\n\r\n                                      <td style=\"padding:5px;\"  valign=\"top\"><b>Dates: <\/b>25th September 2015 until 25th October 2015<\/td>\n\r\n                                   <\/tr>\n\r\n                                   <tr>\n\r\n                                      <td style=\"padding:5px;\"  valign=\"top\"><b>Venue: <\/b>Memorial da Am\u00e9rica Latina, S\u00e3o Paulo, Brasil <\/td>\n\r\n                                   <\/tr>\n\r\n                                   <\/table>\n\r\n                                   <hr width=\"75%\" align=\"center\" height=\"1\"> <table width=\"100%\" style=\"padding:5px; font-family: Arial, Helvetica, sans-serif;\">\n\r\n                                   <tr>\n\r\n                                      <td style=\"background-color:#f8f8ff; padding:5px;\" width=\"100%\"><b>Exhibition and associated activities<\/b>: <b><a href=\"\/conflicttextiles\/search-quilts2\/fullevent1\/?id=134\">Arpilleras: Verhalen over leven \/ Arpilleras: stories of life and survival<\/a><\/b><\/td>\n\r\n                                   <\/tr>\n\r\n                                   <tr>\n\r\n                                      <td style=\"padding:5px;\"  valign=\"top\"><b>Dates: <\/b>23rd September 2015 until 20th November 2015<\/td>\n\r\n                                   <\/tr>\n\r\n                                   <tr>\n\r\n                                      <td style=\"padding:5px;\"  valign=\"top\"><b>Venue: <\/b>FlevoMeer Bibliotheek Lelystad, The Netherlands<\/td>\n\r\n                                   <\/tr>\n\r\n                                   <\/table>\n\r\n                                   <hr width=\"75%\" align=\"center\" height=\"1\"> <table width=\"100%\" style=\"padding:5px; font-family: Arial, Helvetica, sans-serif;\">\n\r\n                                   <tr>\n\r\n                                      <td style=\"background-color:#f8f8ff; padding:5px;\" width=\"100%\"><b>Exhibition and conference<\/b>: <b><a href=\"\/conflicttextiles\/search-quilts2\/fullevent1\/?id=135\">Overcoming, Remembering: The Politics of Sewing<\/a><\/b><\/td>\n\r\n                                   <\/tr>\n\r\n                                   <tr>\n\r\n                                      <td style=\"padding:5px;\"  valign=\"top\"><b>Dates: <\/b>8th June 2015 until 12th June 2015<\/td>\n\r\n                                   <\/tr>\n\r\n                                   <tr>\n\r\n                                      <td style=\"padding:5px;\"  valign=\"top\"><b>Venue: <\/b>Mission 21, Basel, Switzerland<\/td>\n\r\n                                   <\/tr>\n\r\n                                   <\/table>\n\r\n                                   <hr width=\"75%\" align=\"center\" height=\"1\"> <table width=\"100%\" style=\"padding:5px; font-family: Arial, Helvetica, sans-serif;\">\n\r\n                                   <tr>\n\r\n                                      <td style=\"background-color:#f8f8ff; padding:5px;\" width=\"100%\"><b>Seminar<\/b>: <b><a href=\"\/conflicttextiles\/search-quilts2\/fullevent1\/?id=133\">Arpilleras Dialogantes \/ Arpillera Conversations<\/a><\/b><\/td>\n\r\n                                   <\/tr>\n\r\n                                   <tr>\n\r\n                                      <td style=\"padding:5px;\"  valign=\"top\"><b>Dates: <\/b>28th May 2015 until 28th May 2015<\/td>\n\r\n                                   <\/tr>\n\r\n                                   <tr>\n\r\n                                      <td style=\"padding:5px;\"  valign=\"top\"><b>Venue: <\/b>Centre of Latin American Studies (CLAS), University of Cambridge<\/td>\n\r\n                                   <\/tr>\n\r\n                                   <\/table>\n\r\n                                   <hr width=\"75%\" align=\"center\" height=\"1\"> <table width=\"100%\" style=\"padding:5px; font-family: Arial, Helvetica, sans-serif;\">\n\r\n                                   <tr>\n\r\n                                      <td style=\"background-color:#f8f8ff; padding:5px;\" width=\"100%\"><b>Exhibition and associated activities<\/b>: <b><a href=\"\/conflicttextiles\/search-quilts2\/fullevent1\/?id=132\">COSIENDO PAZ: Conflicto, Arpilleras, Memoria <\/a><\/b><\/td>\n\r\n                                   <\/tr>\n\r\n                                   <tr>\n\r\n                                      <td style=\"padding:5px;\"  valign=\"top\"><b>Dates: <\/b>26th March 2015 until 30th September 2015<\/td>\n\r\n                                   <\/tr>\n\r\n                                   <tr>\n\r\n                                      <td style=\"padding:5px;\"  valign=\"top\"><b>Venue: <\/b>Fundaci\u00f3n Boinas La Encartada Kultur Ingurunea, Balmaseda (Bizkaia)<\/td>\n\r\n                                   <\/tr>\n\r\n                                   <\/table>\n\r\n                                   <hr width=\"75%\" align=\"center\" height=\"1\"> <table width=\"100%\" style=\"padding:5px; font-family: Arial, Helvetica, sans-serif;\">\n\r\n                                   <tr>\n\r\n                                      <td style=\"background-color:#f8f8ff; padding:5px;\" width=\"100%\"><b>Exhibition and associated activities<\/b>: <b><a href=\"\/conflicttextiles\/search-quilts2\/fullevent1\/?id=130\">Arpillera Journeys<\/a><\/b><\/td>\n\r\n                                   <\/tr>\n\r\n                                   <tr>\n\r\n                                      <td style=\"padding:5px;\"  valign=\"top\"><b>Dates: <\/b>6th March 2015 until 12th June 2015<\/td>\n\r\n                                   <\/tr>\n\r\n                                   <tr>\n\r\n                                      <td style=\"padding:5px;\"  valign=\"top\"><b>Venue: <\/b>Tower Museum, Derry \/ Londonderry, Northern Ireland<\/td>\n\r\n                                   <\/tr>\n\r\n                                   <\/table>\n\r\n                                   <hr width=\"75%\" align=\"center\" height=\"1\"> <table width=\"100%\" style=\"padding:5px; font-family: Arial, Helvetica, sans-serif;\">\n\r\n                                   <tr>\n\r\n                                      <td style=\"background-color:#f8f8ff; padding:5px;\" width=\"100%\"><b>Exhibition and associated activities<\/b>: <b><a href=\"\/conflicttextiles\/search-quilts2\/fullevent1\/?id=136\">Mujeres que Hilvanan D\u00edas \/ Women that Sew Days Together<\/a><\/b><\/td>\n\r\n                                   <\/tr>\n\r\n                                   <tr>\n\r\n                                      <td style=\"padding:5px;\"  valign=\"top\"><b>Dates: <\/b>5th March 2015 until 10th April 2015<\/td>\n\r\n                                   <\/tr>\n\r\n                                   <tr>\n\r\n                                      <td style=\"padding:5px;\"  valign=\"top\"><b>Venue: <\/b>Library of the Argentinean Congress, Buenos Aires, Argentina<\/td>\n\r\n                                   <\/tr>\n\r\n                                   <\/table>\n\r\n                                   <hr width=\"75%\" align=\"center\" height=\"1\"> <table width=\"100%\" style=\"padding:5px; font-family: Arial, Helvetica, sans-serif;\">\n\r\n                                   <tr>\n\r\n                                      <td style=\"background-color:#f8f8ff; padding:5px;\" width=\"100%\"><b>Exhibition and associated activities<\/b>: <b><a href=\"\/conflicttextiles\/search-quilts2\/fullevent1\/?id=139\">Textile Accounts of Conflicts<\/a><\/b><\/td>\n\r\n                                   <\/tr>\n\r\n                                   <tr>\n\r\n                                      <td style=\"padding:5px;\"  valign=\"top\"><b>Dates: <\/b>6th February 2015 until 7th March 2015<\/td>\n\r\n                                   <\/tr>\n\r\n                                   <tr>\n\r\n                                      <td style=\"padding:5px;\"  valign=\"top\"><b>Venue: <\/b>Linen Hall Library, Belfast, Northern Ireland<\/td>\n\r\n                                   <\/tr>\n\r\n                                   <\/table>\n\r\n                                   <hr width=\"75%\" align=\"center\" height=\"1\"> <table width=\"100%\" style=\"padding:5px; font-family: Arial, Helvetica, sans-serif;\">\n\r\n                                   <tr>\n\r\n                                      <td style=\"background-color:#f8f8ff; padding:5px;\" width=\"100%\"><b>Exhibition and conference<\/b>: <b><a href=\"\/conflicttextiles\/search-quilts2\/fullevent1\/?id=131\">Textile Accounts of Conflicts<\/a><\/b><\/td>\n\r\n                                   <\/tr>\n\r\n                                   <tr>\n\r\n                                      <td style=\"padding:5px;\"  valign=\"top\"><b>Dates: <\/b>17th November 2014 until 18th November 2014<\/td>\n\r\n                                   <\/tr>\n\r\n                                   <tr>\n\r\n                                      <td style=\"padding:5px;\"  valign=\"top\"><b>Venue: <\/b>Holiday Inn, Belfast, Northern Ireland<\/td>\n\r\n                                   <\/tr>\n\r\n                                   <\/table>\n\r\n                                   <hr width=\"75%\" align=\"center\" height=\"1\"> <table width=\"100%\" style=\"padding:5px; font-family: Arial, Helvetica, sans-serif;\">\n\r\n                                   <tr>\n\r\n                                      <td style=\"background-color:#f8f8ff; padding:5px;\" width=\"100%\"><b>Exhibition and conference<\/b>: <b><a href=\"\/conflicttextiles\/search-quilts2\/fullevent1\/?id=140\">Sew to Speak \u2013 Human Rights<\/a><\/b><\/td>\n\r\n                                   <\/tr>\n\r\n                                   <tr>\n\r\n                                      <td style=\"padding:5px;\"  valign=\"top\"><b>Dates: <\/b>12th September 2014 until 14th September 2014<\/td>\n\r\n                                   <\/tr>\n\r\n                                   <tr>\n\r\n                                      <td style=\"padding:5px;\"  valign=\"top\"><b>Venue: <\/b>Geneva, Switzerland<\/td>\n\r\n                                   <\/tr>\n\r\n                                   <\/table>\n\r\n                                   <hr width=\"75%\" align=\"center\" height=\"1\"> <table width=\"100%\" style=\"padding:5px; font-family: Arial, Helvetica, sans-serif;\">\n\r\n                                   <tr>\n\r\n                                      <td style=\"background-color:#f8f8ff; padding:5px;\" width=\"100%\"><b>Exhibition and associated activities<\/b>: <b><a href=\"\/conflicttextiles\/search-quilts2\/fullevent1\/?id=129\">Disobedient Objects<\/a><\/b><\/td>\n\r\n                                   <\/tr>\n\r\n                                   <tr>\n\r\n                                      <td style=\"padding:5px;\"  valign=\"top\"><b>Dates: <\/b>26th July 2014 until 11th February 2015<\/td>\n\r\n                                   <\/tr>\n\r\n                                   <tr>\n\r\n                                      <td style=\"padding:5px;\"  valign=\"top\"><b>Venue: <\/b>Victoria and Albert Museum, London, England<\/td>\n\r\n                                   <\/tr>\n\r\n                                   <\/table>\n\r\n                                   <hr width=\"75%\" align=\"center\" height=\"1\"> <table width=\"100%\" style=\"padding:5px; font-family: Arial, Helvetica, sans-serif;\">\n\r\n                                   <tr>\n\r\n                                      <td style=\"background-color:#f8f8ff; padding:5px;\" width=\"100%\"><b>Exhibition and associated activities<\/b>: <b><a href=\"\/conflicttextiles\/search-quilts2\/fullevent1\/?id=128\">SMALL Actions BIG Movements<\/a><\/b><\/td>\n\r\n                                   <\/tr>\n\r\n                                   <tr>\n\r\n                                      <td style=\"padding:5px;\"  valign=\"top\"><b>Dates: <\/b>1st July 2014 until 11th July 2014<\/td>\n\r\n                                   <\/tr>\n\r\n                                   <tr>\n\r\n                                      <td style=\"padding:5px;\"  valign=\"top\"><b>Venue: <\/b>Cape Town City Hall, South Africa<\/td>\n\r\n                                   <\/tr>\n\r\n                                   <\/table>\n\r\n                                   <hr width=\"75%\" align=\"center\" height=\"1\"> <table width=\"100%\" style=\"padding:5px; font-family: Arial, Helvetica, sans-serif;\">\n\r\n                                   <tr>\n\r\n                                      <td style=\"background-color:#f8f8ff; padding:5px;\" width=\"100%\"><b>Seminar <\/b>: <b><a href=\"\/conflicttextiles\/search-quilts2\/fullevent1\/?id=126\">Conversations about Textile Narratives of Conflict, Testimony and Resistance<\/a><\/b><\/td>\n\r\n                                   <\/tr>\n\r\n                                   <tr>\n\r\n                                      <td style=\"padding:5px;\"  valign=\"top\"><b>Dates: <\/b>27th May 2014 until 27th August 2014<\/td>\n\r\n                                   <\/tr>\n\r\n                                   <tr>\n\r\n                                      <td style=\"padding:5px;\"  valign=\"top\"><b>Venue: <\/b>Canada Room, Lanyon Building, Queen's University, Belfast, Northern Ireland<\/td>\n\r\n                                   <\/tr>\n\r\n                                   <\/table>\n\r\n                                   <hr width=\"75%\" align=\"center\" height=\"1\"> <table width=\"100%\" style=\"padding:5px; font-family: Arial, Helvetica, sans-serif;\">\n\r\n                                   <tr>\n\r\n                                      <td style=\"background-color:#f8f8ff; padding:5px;\" width=\"100%\"><b>Film screening and associated events<\/b>: <b><a href=\"\/conflicttextiles\/search-quilts2\/fullevent1\/?id=127\">Retazos de Vida \/ Scraps of Life<\/a><\/b><\/td>\n\r\n                                   <\/tr>\n\r\n                                   <tr>\n\r\n                                      <td style=\"padding:5px;\"  valign=\"top\"><b>Dates: <\/b>27th May 2014 until 14th June 2014<\/td>\n\r\n                                   <\/tr>\n\r\n                                   <tr>\n\r\n                                      <td style=\"padding:5px;\"  valign=\"top\"><b>Venue: <\/b>The Metropolitan Arts Centre (MAC), Belfast, Northern Ireland<\/td>\n\r\n                                   <\/tr>\n\r\n                                   <\/table>\n\r\n                                   <hr width=\"75%\" align=\"center\" height=\"1\"> <table width=\"100%\" style=\"padding:5px; font-family: Arial, Helvetica, sans-serif;\">\n\r\n                                   <tr>\n\r\n                                      <td style=\"background-color:#f8f8ff; padding:5px;\" width=\"100%\"><b>Exhibition and associated activities<\/b>: <b><a href=\"\/conflicttextiles\/search-quilts2\/fullevent1\/?id=125\">Women 31 <\/a><\/b><\/td>\n\r\n                                   <\/tr>\n\r\n                                   <tr>\n\r\n                                      <td style=\"padding:5px;\"  valign=\"top\"><b>Dates: <\/b>7th March 2014 until 15th April 2014<\/td>\n\r\n                                   <\/tr>\n\r\n                                   <tr>\n\r\n                                      <td style=\"padding:5px;\"  valign=\"top\"><b>Venue: <\/b>Verbal Arts Centre, Derry \/ Londonderry, Northern Ireland<\/td>\n\r\n                                   <\/tr>\n\r\n                                   <\/table>\n\r\n                                   <hr width=\"75%\" align=\"center\" height=\"1\"> <table width=\"100%\" style=\"padding:5px; font-family: Arial, Helvetica, sans-serif;\">\n\r\n                                   <tr>\n\r\n                                      <td style=\"background-color:#f8f8ff; padding:5px;\" width=\"100%\"><b>Film screening and associated events<\/b>: <b><a href=\"\/conflicttextiles\/search-quilts2\/fullevent1\/?id=123\">Holocaust Memorial Day Event<\/a><\/b><\/td>\n\r\n                                   <\/tr>\n\r\n                                   <tr>\n\r\n                                      <td style=\"padding:5px;\"  valign=\"top\"><b>Dates: <\/b>27th January 2014 until 27th January 2014<\/td>\n\r\n                                   <\/tr>\n\r\n                                   <tr>\n\r\n                                      <td style=\"padding:5px;\"  valign=\"top\"><b>Venue: <\/b>Limavady Library, Northern Ireland<\/td>\n\r\n                                   <\/tr>\n\r\n                                   <\/table>\n\r\n                                   <hr width=\"75%\" align=\"center\" height=\"1\"> <table width=\"100%\" style=\"padding:5px; font-family: Arial, Helvetica, sans-serif;\">\n\r\n                                   <tr>\n\r\n                                      <td style=\"background-color:#f8f8ff; padding:5px;\" width=\"100%\"><b>Exhibition and associated activities<\/b>: <b><a href=\"\/conflicttextiles\/search-quilts2\/fullevent1\/?id=124\">Stitching and Unstitching The Troubles II<\/a><\/b><\/td>\n\r\n                                   <\/tr>\n\r\n                                   <tr>\n\r\n                                      <td style=\"padding:5px;\"  valign=\"top\"><b>Dates: <\/b>6th December 2013 until 22nd February 2014<\/td>\n\r\n                                   <\/tr>\n\r\n                                   <tr>\n\r\n                                      <td style=\"padding:5px;\"  valign=\"top\"><b>Venue: <\/b>Roe Valley Arts and Cultural Centre, Limavady, Northern Ireland<\/td>\n\r\n                                   <\/tr>\n\r\n                                   <\/table>\n\r\n                                   <hr width=\"75%\" align=\"center\" height=\"1\"> <table width=\"100%\" style=\"padding:5px; font-family: Arial, Helvetica, sans-serif;\">\n\r\n                                   <tr>\n\r\n                                      <td style=\"background-color:#f8f8ff; padding:5px;\" width=\"100%\"><b>Exhibition and associated activities<\/b>: <b><a href=\"\/conflicttextiles\/search-quilts2\/fullevent1\/?id=115\">Arpilleras y cotidianeidad femenina<\/a><\/b><\/td>\n\r\n                                   <\/tr>\n\r\n                                   <tr>\n\r\n                                      <td style=\"padding:5px;\"  valign=\"top\"><b>Dates: <\/b>5th October 2013 until 7th November 2013<\/td>\n\r\n                                   <\/tr>\n\r\n                                   <tr>\n\r\n                                      <td style=\"padding:5px;\"  valign=\"top\"><b>Venue: <\/b>Museo de la Mujer, Buenos Aires (Women's Museum, Buenos Aires)<\/td>\n\r\n                                   <\/tr>\n\r\n                                   <\/table>\n\r\n                                   <hr width=\"75%\" align=\"center\" height=\"1\"> <table width=\"100%\" style=\"padding:5px; font-family: Arial, Helvetica, sans-serif;\">\n\r\n                                   <tr>\n\r\n                                      <td style=\"background-color:#f8f8ff; padding:5px;\" width=\"100%\"><b>Exhibition and associated activities<\/b>: <b><a href=\"\/conflicttextiles\/search-quilts2\/fullevent1\/?id=122\">RETAZOS TESTIMONIALES: arpilleras de Chile y otras latitudes<\/a><\/b><\/td>\n\r\n                                   <\/tr>\n\r\n                                   <tr>\n\r\n                                      <td style=\"padding:5px;\"  valign=\"top\"><b>Dates: <\/b>28th September 2013 until 10th November 2013<\/td>\n\r\n                                   <\/tr>\n\r\n                                   <tr>\n\r\n                                      <td style=\"padding:5px;\"  valign=\"top\"><b>Venue: <\/b>Parque de la Memoria Monumento a las v\u00edctimas del terrorismo de Estado<\/td>\n\r\n                                   <\/tr>\n\r\n                                   <\/table>\n\r\n                                   <hr width=\"75%\" align=\"center\" height=\"1\"> <table width=\"100%\" style=\"padding:5px; font-family: Arial, Helvetica, sans-serif;\">\n\r\n                                   <tr>\n\r\n                                      <td style=\"background-color:#f8f8ff; padding:5px;\" width=\"100%\"><b>Exhibition and associated activities<\/b>: <b><a href=\"\/conflicttextiles\/search-quilts2\/fullevent1\/?id=121\">Arpilleras in contested spaces<\/a><\/b><\/td>\n\r\n                                   <\/tr>\n\r\n                                   <tr>\n\r\n                                      <td style=\"padding:5px;\"  valign=\"top\"><b>Dates: <\/b>3rd September 2013 until 6th September 2013<\/td>\n\r\n                                   <\/tr>\n\r\n                                   <tr>\n\r\n                                      <td style=\"padding:5px;\"  valign=\"top\"><b>Venue: <\/b>St.Andrews-on-the-Terrace, Wellington, New Zealand<\/td>\n\r\n                                   <\/tr>\n\r\n                                   <\/table>\n\r\n                                   <hr width=\"75%\" align=\"center\" height=\"1\"> <table width=\"100%\" style=\"padding:5px; font-family: Arial, Helvetica, sans-serif;\">\n\r\n                                   <tr>\n\r\n                                      <td style=\"background-color:#f8f8ff; padding:5px;\" width=\"100%\"><b>Exhibition <\/b>: <b><a href=\"\/conflicttextiles\/search-quilts2\/fullevent1\/?id=120\">Textile Voices From Our City: 2013 & Story Textiles From Around The world <\/a><\/b><\/td>\n\r\n                                   <\/tr>\n\r\n                                   <tr>\n\r\n                                      <td style=\"padding:5px;\"  valign=\"top\"><b>Dates: <\/b>3rd August 2013 until 9th October 2013<\/td>\n\r\n                                   <\/tr>\n\r\n                                   <tr>\n\r\n                                      <td style=\"padding:5px;\"  valign=\"top\"><b>Venue: <\/b>Verbal Arts Centre, Derry \/ Londonderry, Northern Ireland<\/td>\n\r\n                                   <\/tr>\n\r\n                                   <\/table>\n\r\n                                   <hr width=\"75%\" align=\"center\" height=\"1\"> <table width=\"100%\" style=\"padding:5px; font-family: Arial, Helvetica, sans-serif;\">\n\r\n                                   <tr>\n\r\n                                      <td style=\"background-color:#f8f8ff; padding:5px;\" width=\"100%\"><b>Exhibition and associated activities<\/b>: <b><a href=\"\/conflicttextiles\/search-quilts2\/fullevent1\/?id=119\">Meeting Chilean Arpilleras<\/a><\/b><\/td>\n\r\n                                   <\/tr>\n\r\n                                   <tr>\n\r\n                                      <td style=\"padding:5px;\"  valign=\"top\"><b>Dates: <\/b>3rd May 2013 until 31st October 2013<\/td>\n\r\n                                   <\/tr>\n\r\n                                   <tr>\n\r\n                                      <td style=\"padding:5px;\"  valign=\"top\"><b>Venue: <\/b>Oshima Hakko Museum, Japan<\/td>\n\r\n                                   <\/tr>\n\r\n                                   <\/table>\n\r\n                                   <hr width=\"75%\" align=\"center\" height=\"1\"> <table width=\"100%\" style=\"padding:5px; font-family: Arial, Helvetica, sans-serif;\">\n\r\n                                   <tr>\n\r\n                                      <td style=\"background-color:#f8f8ff; padding:5px;\" width=\"100%\"><b>Exhibition and associated activities<\/b>: <b><a href=\"\/conflicttextiles\/search-quilts2\/fullevent1\/?id=89\">Stitching and Unstitching The Troubles-phase 2<\/a><\/b><\/td>\n\r\n                                   <\/tr>\n\r\n                                   <tr>\n\r\n                                      <td style=\"padding:5px;\"  valign=\"top\"><b>Dates: <\/b>13th April 2013 until 29th June 2013<\/td>\n\r\n                                   <\/tr>\n\r\n                                   <tr>\n\r\n                                      <td style=\"padding:5px;\"  valign=\"top\"><b>Venue: <\/b>Mid-Antrim Museum at The Braid, Ballymena<\/td>\n\r\n                                   <\/tr>\n\r\n                                   <\/table>\n\r\n                                   <hr width=\"75%\" align=\"center\" height=\"1\"> <table width=\"100%\" style=\"padding:5px; font-family: Arial, Helvetica, sans-serif;\">\n\r\n                                   <tr>\n\r\n                                      <td style=\"background-color:#f8f8ff; padding:5px;\" width=\"100%\"><b>Exhibition and associated activities<\/b>: <b><a href=\"\/conflicttextiles\/search-quilts2\/fullevent1\/?id=118\">Donna I DRETS HUMANS a trav\u00e9s del t\u00e8xtil<\/a><\/b><\/td>\n\r\n                                   <\/tr>\n\r\n                                   <tr>\n\r\n                                      <td style=\"padding:5px;\"  valign=\"top\"><b>Dates: <\/b>6th March 2013 until 8th March 2013<\/td>\n\r\n                                   <\/tr>\n\r\n                                   <tr>\n\r\n                                      <td style=\"padding:5px;\"  valign=\"top\"><b>Venue: <\/b>Different venues for the 6 activities taking place in Badalona, Spain<\/td>\n\r\n                                   <\/tr>\n\r\n                                   <\/table>\n\r\n                                   <hr width=\"75%\" align=\"center\" height=\"1\"> <table width=\"100%\" style=\"padding:5px; font-family: Arial, Helvetica, sans-serif;\">\n\r\n                                   <tr>\n\r\n                                      <td style=\"background-color:#f8f8ff; padding:5px;\" width=\"100%\"><b>Curatorial visit<\/b>: <b><a href=\"\/conflicttextiles\/search-quilts2\/fullevent1\/?id=116\">Curatorial visit to Oshima Hakko Museum <\/a><\/b><\/td>\n\r\n                                   <\/tr>\n\r\n                                   <tr>\n\r\n                                      <td style=\"padding:5px;\"  valign=\"top\"><b>Dates: <\/b>13th February 2013 until 17th February 2013<\/td>\n\r\n                                   <\/tr>\n\r\n                                   <tr>\n\r\n                                      <td style=\"padding:5px;\"  valign=\"top\"><b>Venue: <\/b>Oshima Hakko Museum, Japan<\/td>\n\r\n                                   <\/tr>\n\r\n                                   <\/table>\n\r\n                                   <hr width=\"75%\" align=\"center\" height=\"1\"> <table width=\"100%\" style=\"padding:5px; font-family: Arial, Helvetica, sans-serif;\">\n\r\n                                   <tr>\n\r\n                                      <td style=\"background-color:#f8f8ff; padding:5px;\" width=\"100%\"><b>Film screening and associated events<\/b>: <b><a href=\"\/conflicttextiles\/search-quilts2\/fullevent1\/?id=117\">Holocaust Memorial Day Event<\/a><\/b><\/td>\n\r\n                                   <\/tr>\n\r\n                                   <tr>\n\r\n                                      <td style=\"padding:5px;\"  valign=\"top\"><b>Dates: <\/b>26th January 2013 until 26th January 2013<\/td>\n\r\n                                   <\/tr>\n\r\n                                   <tr>\n\r\n                                      <td style=\"padding:5px;\"  valign=\"top\"><b>Venue: <\/b>Tower Museum, Derry \/ Londonderry, Northern Ireland<\/td>\n\r\n                                   <\/tr>\n\r\n                                   <\/table>\n\r\n                                   <hr width=\"75%\" align=\"center\" height=\"1\"> <table width=\"100%\" style=\"padding:5px; font-family: Arial, Helvetica, sans-serif;\">\n\r\n                                   <tr>\n\r\n                                      <td style=\"background-color:#f8f8ff; padding:5px;\" width=\"100%\"><b>Exhibition <\/b>: <b><a href=\"\/conflicttextiles\/search-quilts2\/fullevent1\/?id=93\">Arpilleres: Les nostres hist\u00f2ries fan hist\u00f2ria \/Arpilleras: Our Stories Make History <\/a><\/b><\/td>\n\r\n                                   <\/tr>\n\r\n                                   <tr>\n\r\n                                      <td style=\"padding:5px;\"  valign=\"top\"><b>Dates: <\/b>30th November 2012 until 30th March 2013<\/td>\n\r\n                                   <\/tr>\n\r\n                                   <tr>\n\r\n                                      <td style=\"padding:5px;\"  valign=\"top\"><b>Venue: <\/b>Verbal Arts Centre, Derry \/ Londonderry, Northern Ireland<\/td>\n\r\n                                   <\/tr>\n\r\n                                   <\/table>\n\r\n                                   <hr width=\"75%\" align=\"center\" height=\"1\"> <table width=\"100%\" style=\"padding:5px; font-family: Arial, Helvetica, sans-serif;\">\n\r\n                                   <tr>\n\r\n                                      <td style=\"background-color:#f8f8ff; padding:5px;\" width=\"100%\"><b>Exhibition and associated activities<\/b>: <b><a href=\"\/conflicttextiles\/search-quilts2\/fullevent1\/?id=92\">Arpilleras Po\u00e9ticas y recital del poeta chileno Jaime Huen\u00fan<\/a><\/b><\/td>\n\r\n                                   <\/tr>\n\r\n                                   <tr>\n\r\n                                      <td style=\"padding:5px;\"  valign=\"top\"><b>Dates: <\/b>10th November 2012 until 15th December 2012<\/td>\n\r\n                                   <\/tr>\n\r\n                                   <tr>\n\r\n                                      <td style=\"padding:5px;\"  valign=\"top\"><b>Venue: <\/b>Cervantes Institute, Dublin, Ireland<\/td>\n\r\n                                   <\/tr>\n\r\n                                   <\/table>\n\r\n                                   <hr width=\"75%\" align=\"center\" height=\"1\"> <table width=\"100%\" style=\"padding:5px; font-family: Arial, Helvetica, sans-serif;\">\n\r\n                                   <tr>\n\r\n                                      <td style=\"background-color:#f8f8ff; padding:5px;\" width=\"100%\"><b>Exhibition and associated activities<\/b>: <b><a href=\"\/conflicttextiles\/search-quilts2\/fullevent1\/?id=88\">Stitching and Unstitching The Troubles-phase 1<\/a><\/b><\/td>\n\r\n                                   <\/tr>\n\r\n                                   <tr>\n\r\n                                      <td style=\"padding:5px;\"  valign=\"top\"><b>Dates: <\/b>5th September 2012 until 29th September 2012<\/td>\n\r\n                                   <\/tr>\n\r\n                                   <tr>\n\r\n                                      <td style=\"padding:5px;\"  valign=\"top\"><b>Venue: <\/b>Coleraine Town Hall<\/td>\n\r\n                                   <\/tr>\n\r\n                                   <\/table>\n\r\n                                   <hr width=\"75%\" align=\"center\" height=\"1\"> <table width=\"100%\" style=\"padding:5px; font-family: Arial, Helvetica, sans-serif;\">\n\r\n                                   <tr>\n\r\n                                      <td style=\"background-color:#f8f8ff; padding:5px;\" width=\"100%\"><b>Exhibition<\/b>: <b><a href=\"\/conflicttextiles\/search-quilts2\/fullevent1\/?id=91\">The Killarney Girls' Arpilleras<\/a><\/b><\/td>\n\r\n                                   <\/tr>\n\r\n                                   <tr>\n\r\n                                      <td style=\"padding:5px;\"  valign=\"top\"><b>Dates: <\/b>22nd August 2012 until 28th October 2012<\/td>\n\r\n                                   <\/tr>\n\r\n                                   <tr>\n\r\n                                      <td style=\"padding:5px;\"  valign=\"top\"><b>Venue: <\/b>Verbal Arts Centre, Derry \/ Londonderry, Northern Ireland<\/td>\n\r\n                                   <\/tr>\n\r\n                                   <\/table>\n\r\n                                   <hr width=\"75%\" align=\"center\" height=\"1\"> <table width=\"100%\" style=\"padding:5px; font-family: Arial, Helvetica, sans-serif;\">\n\r\n                                   <tr>\n\r\n                                      <td style=\"background-color:#f8f8ff; padding:5px;\" width=\"100%\"><b>Exhibition and associated activities<\/b>: <b><a href=\"\/conflicttextiles\/search-quilts2\/fullevent1\/?id=87\">\u00dcberlebensKunst - Konfliktbearbeitung durch textile Bilder<\/a><\/b><\/td>\n\r\n                                   <\/tr>\n\r\n                                   <tr>\n\r\n                                      <td style=\"padding:5px;\"  valign=\"top\"><b>Dates: <\/b>12th July 2012 until 26th August 2012<\/td>\n\r\n                                   <\/tr>\n\r\n                                   <tr>\n\r\n                                      <td style=\"padding:5px;\"  valign=\"top\"><b>Venue: <\/b>University of Hamburg<\/td>\n\r\n                                   <\/tr>\n\r\n                                   <\/table>\n\r\n                                   <hr width=\"75%\" align=\"center\" height=\"1\"> <table width=\"100%\" style=\"padding:5px; font-family: Arial, Helvetica, sans-serif;\">\n\r\n                                   <tr>\n\r\n                                      <td style=\"background-color:#f8f8ff; padding:5px;\" width=\"100%\"><b>Exhibition <\/b>: <b><a href=\"\/conflicttextiles\/search-quilts2\/fullevent1\/?id=90\">\"Age Old Stories\" Arpillera<\/a><\/b><\/td>\n\r\n                                   <\/tr>\n\r\n                                   <tr>\n\r\n                                      <td style=\"padding:5px;\"  valign=\"top\"><b>Dates: <\/b>20th June 2012 until 20th August 2012<\/td>\n\r\n                                   <\/tr>\n\r\n                                   <tr>\n\r\n                                      <td style=\"padding:5px;\"  valign=\"top\"><b>Venue: <\/b>Verbal Arts Centre, Derry \/ Londonderry, Northern Ireland<\/td>\n\r\n                                   <\/tr>\n\r\n                                   <\/table>\n\r\n                                   <hr width=\"75%\" align=\"center\" height=\"1\"> <table width=\"100%\" style=\"padding:5px; font-family: Arial, Helvetica, sans-serif;\">\n\r\n                                   <tr>\n\r\n                                      <td style=\"background-color:#f8f8ff; padding:5px;\" width=\"100%\"><b>Exhibition and associated activities<\/b>: <b><a href=\"\/conflicttextiles\/search-quilts2\/fullevent1\/?id=86\">Events of the Year Quilts and Testimonies of Survival <\/a><\/b><\/td>\n\r\n                                   <\/tr>\n\r\n                                   <tr>\n\r\n                                      <td style=\"padding:5px;\"  valign=\"top\"><b>Dates: <\/b>12th April 2012 until 30th June 2012<\/td>\n\r\n                                   <\/tr>\n\r\n                                   <tr>\n\r\n                                      <td style=\"padding:5px;\"  valign=\"top\"><b>Venue: <\/b>Donegal County Museum<\/td>\n\r\n                                   <\/tr>\n\r\n                                   <\/table>\n\r\n                                   <hr width=\"75%\" align=\"center\" height=\"1\"> <table width=\"100%\" style=\"padding:5px; font-family: Arial, Helvetica, sans-serif;\">\n\r\n                                   <tr>\n\r\n                                      <td style=\"background-color:#f8f8ff; padding:5px;\" width=\"100%\"><b>Exhibition and associated activities<\/b>: <b><a href=\"\/conflicttextiles\/search-quilts2\/fullevent1\/?id=84\">Arpilleras of Chilean political resistance <\/a><\/b><\/td>\n\r\n                                   <\/tr>\n\r\n                                   <tr>\n\r\n                                      <td style=\"padding:5px;\"  valign=\"top\"><b>Dates: <\/b>22nd March 2012 until 5th June 2012<\/td>\n\r\n                                   <\/tr>\n\r\n                                   <tr>\n\r\n                                      <td style=\"padding:5px;\"  valign=\"top\"><b>Venue: <\/b>Brazil<\/td>\n\r\n                                   <\/tr>\n\r\n                                   <\/table>\n\r\n                                   <hr width=\"75%\" align=\"center\" height=\"1\"> <table width=\"100%\" style=\"padding:5px; font-family: Arial, Helvetica, sans-serif;\">\n\r\n                                   <tr>\n\r\n                                      <td style=\"background-color:#f8f8ff; padding:5px;\" width=\"100%\"><b>Exhibition and associated activities<\/b>: <b><a href=\"\/conflicttextiles\/search-quilts2\/fullevent1\/?id=85\">Story Makers 2008-2011, Twenty-five textile stories<\/a><\/b><\/td>\n\r\n                                   <\/tr>\n\r\n                                   <tr>\n\r\n                                      <td style=\"padding:5px;\"  valign=\"top\"><b>Dates: <\/b>13th March 2012 until 18th June 2012<\/td>\n\r\n                                   <\/tr>\n\r\n                                   <tr>\n\r\n                                      <td style=\"padding:5px;\"  valign=\"top\"><b>Venue: <\/b>Verbal Arts Centre, Derry \/ Londonderry, Northern Ireland<\/td>\n\r\n                                   <\/tr>\n\r\n                                   <\/table>\n\r\n                                   <hr width=\"75%\" align=\"center\" height=\"1\"> <table width=\"100%\" style=\"padding:5px; font-family: Arial, Helvetica, sans-serif;\">\n\r\n                                   <tr>\n\r\n                                      <td style=\"background-color:#f8f8ff; padding:5px;\" width=\"100%\"><b>Exhibition and associated activities<\/b>: <b><a href=\"\/conflicttextiles\/search-quilts2\/fullevent1\/?id=83\">Arpilleras: Community Action and Empowerment through Narrative Textile Art<\/a><\/b><\/td>\n\r\n                                   <\/tr>\n\r\n                                   <tr>\n\r\n                                      <td style=\"padding:5px;\"  valign=\"top\"><b>Dates: <\/b>6th March 2012 until 6th April 2012<\/td>\n\r\n                                   <\/tr>\n\r\n                                   <tr>\n\r\n                                      <td style=\"padding:5px;\"  valign=\"top\"><b>Venue: <\/b>The George Washington University Art Therapy Program Gallery<\/td>\n\r\n                                   <\/tr>\n\r\n                                   <\/table>\n\r\n                                   <hr width=\"75%\" align=\"center\" height=\"1\"> <table width=\"100%\" style=\"padding:5px; font-family: Arial, Helvetica, sans-serif;\">\n\r\n                                   <tr>\n\r\n                                      <td style=\"background-color:#f8f8ff; padding:5px;\" width=\"100%\"><b>Exhibition and associated activities<\/b>: <b><a href=\"\/conflicttextiles\/search-quilts2\/fullevent1\/?id=81\">Transforming threads of resistance<\/a><\/b><\/td>\n\r\n                                   <\/tr>\n\r\n                                   <tr>\n\r\n                                      <td style=\"padding:5px;\"  valign=\"top\"><b>Dates: <\/b>27th February 2012 until 9th March 2012<\/td>\n\r\n                                   <\/tr>\n\r\n                                   <tr>\n\r\n                                      <td style=\"padding:5px;\"  valign=\"top\"><b>Venue: <\/b>Student Union Art Gallery, University of Massachusetts <\/td>\n\r\n                                   <\/tr>\n\r\n                                   <\/table>\n\r\n                                   <hr width=\"75%\" align=\"center\" height=\"1\"> <table width=\"100%\" style=\"padding:5px; font-family: Arial, Helvetica, sans-serif;\">\n\r\n                                   <tr>\n\r\n                                      <td style=\"background-color:#f8f8ff; padding:5px;\" width=\"100%\"><b>Exhibition and associated activities<\/b>: <b><a href=\"\/conflicttextiles\/search-quilts2\/fullevent1\/?id=82\">Events of the Year Quilts and Testimonies of Survival <\/a><\/b><\/td>\n\r\n                                   <\/tr>\n\r\n                                   <tr>\n\r\n                                      <td style=\"padding:5px;\"  valign=\"top\"><b>Dates: <\/b>16th February 2012 until 24th March 2012<\/td>\n\r\n                                   <\/tr>\n\r\n                                   <tr>\n\r\n                                      <td style=\"padding:5px;\"  valign=\"top\"><b>Venue: <\/b>Tower Museum, Derry \/ Londonderry, Northern Ireland<\/td>\n\r\n                                   <\/tr>\n\r\n                                   <\/table>\n\r\n                                   <hr width=\"75%\" align=\"center\" height=\"1\"> <table width=\"100%\" style=\"padding:5px; font-family: Arial, Helvetica, sans-serif;\">\n\r\n                                   <tr>\n\r\n                                      <td style=\"background-color:#f8f8ff; padding:5px;\" width=\"100%\"><b>Exhibition<\/b>: <b><a href=\"\/conflicttextiles\/search-quilts2\/fullevent1\/?id=114\">The Tree of Life<\/a><\/b><\/td>\n\r\n                                   <\/tr>\n\r\n                                   <tr>\n\r\n                                      <td style=\"padding:5px;\"  valign=\"top\"><b>Dates: <\/b>7th December 2011 until 28th February 2012<\/td>\n\r\n                                   <\/tr>\n\r\n                                   <tr>\n\r\n                                      <td style=\"padding:5px;\"  valign=\"top\"><b>Venue: <\/b>Verbal Arts Centre, Derry \/ Londonderry, Northern Ireland<\/td>\n\r\n                                   <\/tr>\n\r\n                                   <\/table>\n\r\n                                   <hr width=\"75%\" align=\"center\" height=\"1\"> <table width=\"100%\" style=\"padding:5px; font-family: Arial, Helvetica, sans-serif;\">\n\r\n                                   <tr>\n\r\n                                      <td style=\"background-color:#f8f8ff; padding:5px;\" width=\"100%\"><b>Exhibition and associated activities<\/b>: <b><a href=\"\/conflicttextiles\/search-quilts2\/fullevent1\/?id=80\">Arpilleras e resist\u00eancia pol\u00edtica no Chile<\/a><\/b><\/td>\n\r\n                                   <\/tr>\n\r\n                                   <tr>\n\r\n                                      <td style=\"padding:5px;\"  valign=\"top\"><b>Dates: <\/b>3rd November 2011 until 13th November 2011<\/td>\n\r\n                                   <\/tr>\n\r\n                                   <tr>\n\r\n                                      <td style=\"padding:5px;\"  valign=\"top\"><b>Venue: <\/b>Centro Cultural Correios Recife<\/td>\n\r\n                                   <\/tr>\n\r\n                                   <\/table>\n\r\n                                   <hr width=\"75%\" align=\"center\" height=\"1\"> <table width=\"100%\" style=\"padding:5px; font-family: Arial, Helvetica, sans-serif;\">\n\r\n                                   <tr>\n\r\n                                      <td style=\"background-color:#f8f8ff; padding:5px;\" width=\"100%\"><b>Forum<\/b>: <b><a href=\"\/conflicttextiles\/search-quilts2\/fullevent1\/?id=79\">I F\u00f2rum de Arpilleres de Catalunya<\/a><\/b><\/td>\n\r\n                                   <\/tr>\n\r\n                                   <tr>\n\r\n                                      <td style=\"padding:5px;\"  valign=\"top\"><b>Dates: <\/b>26th October 2011 until 31st October 2011<\/td>\n\r\n                                   <\/tr>\n\r\n                                   <tr>\n\r\n                                      <td style=\"padding:5px;\"  valign=\"top\"><b>Venue: <\/b>Espai Francesca Bonnemaison \/ Francesca Bonnemaison Cultural Women's Centre  <\/td>\n\r\n                                   <\/tr>\n\r\n                                   <\/table>\n\r\n                                   <hr width=\"75%\" align=\"center\" height=\"1\"> <table width=\"100%\" style=\"padding:5px; font-family: Arial, Helvetica, sans-serif;\">\n\r\n                                   <tr>\n\r\n                                      <td style=\"background-color:#f8f8ff; padding:5px;\" width=\"100%\"><b>Exhibition<\/b>: <b><a href=\"\/conflicttextiles\/search-quilts2\/fullevent1\/?id=113\">To the Lighthouse <\/a><\/b><\/td>\n\r\n                                   <\/tr>\n\r\n                                   <tr>\n\r\n                                      <td style=\"padding:5px;\"  valign=\"top\"><b>Dates: <\/b>9th September 2011 until 10th December 2011<\/td>\n\r\n                                   <\/tr>\n\r\n                                   <tr>\n\r\n                                      <td style=\"padding:5px;\"  valign=\"top\"><b>Venue: <\/b>Verbal Arts Centre, Derry \/ Londonderry, Northern Ireland<\/td>\n\r\n                                   <\/tr>\n\r\n                                   <\/table>\n\r\n                                   <hr width=\"75%\" align=\"center\" height=\"1\"> <table width=\"100%\" style=\"padding:5px; font-family: Arial, Helvetica, sans-serif;\">\n\r\n                                   <tr>\n\r\n                                      <td style=\"background-color:#f8f8ff; padding:5px;\" width=\"100%\"><b>Exhibition and associated activities<\/b>: <b><a href=\"\/conflicttextiles\/search-quilts2\/fullevent1\/?id=78\">Arpilleras e resist\u00eancia pol\u00edtica no Chile <\/a><\/b><\/td>\n\r\n                                   <\/tr>\n\r\n                                   <tr>\n\r\n                                      <td style=\"padding:5px;\"  valign=\"top\"><b>Dates: <\/b>30th July 2011 until 30th October 2011<\/td>\n\r\n                                   <\/tr>\n\r\n                                   <tr>\n\r\n                                      <td style=\"padding:5px;\"  valign=\"top\"><b>Venue: <\/b>Memorial da Resist\u00eancia de S\u00e3o Paulo, Brazil <\/td>\n\r\n                                   <\/tr>\n\r\n                                   <\/table>\n\r\n                                   <hr width=\"75%\" align=\"center\" height=\"1\"> <table width=\"100%\" style=\"padding:5px; font-family: Arial, Helvetica, sans-serif;\">\n\r\n                                   <tr>\n\r\n                                      <td style=\"background-color:#f8f8ff; padding:5px;\" width=\"100%\"><b>Exhibition<\/b>: <b><a href=\"\/conflicttextiles\/search-quilts2\/fullevent1\/?id=112\">The Alphabet Quilt<\/a><\/b><\/td>\n\r\n                                   <\/tr>\n\r\n                                   <tr>\n\r\n                                      <td style=\"padding:5px;\"  valign=\"top\"><b>Dates: <\/b>16th June 2011 until 31st August 2011<\/td>\n\r\n                                   <\/tr>\n\r\n                                   <tr>\n\r\n                                      <td style=\"padding:5px;\"  valign=\"top\"><b>Venue: <\/b>Verbal Arts Centre, Derry \/ Londonderry, Northern Ireland<\/td>\n\r\n                                   <\/tr>\n\r\n                                   <\/table>\n\r\n                                   <hr width=\"75%\" align=\"center\" height=\"1\"> <table width=\"100%\" style=\"padding:5px; font-family: Arial, Helvetica, sans-serif;\">\n\r\n                                   <tr>\n\r\n                                      <td style=\"background-color:#f8f8ff; padding:5px;\" width=\"100%\"><b>Exhibition and associated activities<\/b>: <b><a href=\"\/conflicttextiles\/search-quilts2\/fullevent1\/?id=76\">The poetry of arpilleras<\/a><\/b><\/td>\n\r\n                                   <\/tr>\n\r\n                                   <tr>\n\r\n                                      <td style=\"padding:5px;\"  valign=\"top\"><b>Dates: <\/b>31st May 2011 until 3rd June 2011<\/td>\n\r\n                                   <\/tr>\n\r\n                                   <tr>\n\r\n                                      <td style=\"padding:5px;\"  valign=\"top\"><b>Venue: <\/b>Centre of Latin American Studies (CLAS), University of Cambridge<\/td>\n\r\n                                   <\/tr>\n\r\n                                   <\/table>\n\r\n                                   <hr width=\"75%\" align=\"center\" height=\"1\"> <table width=\"100%\" style=\"padding:5px; font-family: Arial, Helvetica, sans-serif;\">\n\r\n                                   <tr>\n\r\n                                      <td style=\"background-color:#f8f8ff; padding:5px;\" width=\"100%\"><b>Exhibition and associated activities<\/b>: <b><a href=\"\/conflicttextiles\/search-quilts2\/fullevent1\/?id=75\">Stitching Peace: An exhibition of arpilleras and quilts<\/a><\/b><\/td>\n\r\n                                   <\/tr>\n\r\n                                   <tr>\n\r\n                                      <td style=\"padding:5px;\"  valign=\"top\"><b>Dates: <\/b>17th May 2011 until 25th May 2011<\/td>\n\r\n                                   <\/tr>\n\r\n                                   <tr>\n\r\n                                      <td style=\"padding:5px;\"  valign=\"top\"><b>Venue: <\/b>Kingston, Jamaica<\/td>\n\r\n                                   <\/tr>\n\r\n                                   <\/table>\n\r\n                                   <hr width=\"75%\" align=\"center\" height=\"1\"> <table width=\"100%\" style=\"padding:5px; font-family: Arial, Helvetica, sans-serif;\">\n\r\n                                   <tr>\n\r\n                                      <td style=\"background-color:#f8f8ff; padding:5px;\" width=\"100%\"><b>Exhibition and associated activities<\/b>: <b><a href=\"\/conflicttextiles\/search-quilts2\/fullevent1\/?id=77\">Arpilleras and the Poetry of Survival<\/a><\/b><\/td>\n\r\n                                   <\/tr>\n\r\n                                   <tr>\n\r\n                                      <td style=\"padding:5px;\"  valign=\"top\"><b>Dates: <\/b>10th May 2011 until 9th June 2011<\/td>\n\r\n                                   <\/tr>\n\r\n                                   <tr>\n\r\n                                      <td style=\"padding:5px;\"  valign=\"top\"><b>Venue: <\/b>Queen's University Belfast, Northern Ireland<\/td>\n\r\n                                   <\/tr>\n\r\n                                   <\/table>\n\r\n                                   <hr width=\"75%\" align=\"center\" height=\"1\"> <table width=\"100%\" style=\"padding:5px; font-family: Arial, Helvetica, sans-serif;\">\n\r\n                                   <tr>\n\r\n                                      <td style=\"background-color:#f8f8ff; padding:5px;\" width=\"100%\"><b>Exhibition<\/b>: <b><a href=\"\/conflicttextiles\/search-quilts2\/fullevent1\/?id=111\">Sant Roc, a Diverse Neighbourhood<\/a><\/b><\/td>\n\r\n                                   <\/tr>\n\r\n                                   <tr>\n\r\n                                      <td style=\"padding:5px;\"  valign=\"top\"><b>Dates: <\/b>14th April 2011 until 16th June 2011<\/td>\n\r\n                                   <\/tr>\n\r\n                                   <tr>\n\r\n                                      <td style=\"padding:5px;\"  valign=\"top\"><b>Venue: <\/b>Verbal Arts Centre, Derry \/ Londonderry, Northern Ireland<\/td>\n\r\n                                   <\/tr>\n\r\n                                   <\/table>\n\r\n                                   <hr width=\"75%\" align=\"center\" height=\"1\"> <table width=\"100%\" style=\"padding:5px; font-family: Arial, Helvetica, sans-serif;\">\n\r\n                                   <tr>\n\r\n                                      <td style=\"background-color:#f8f8ff; padding:5px;\" width=\"100%\"><b>Exhibition<\/b>: <b><a href=\"\/conflicttextiles\/search-quilts2\/fullevent1\/?id=72\">Rathlin Reflections <\/a><\/b><\/td>\n\r\n                                   <\/tr>\n\r\n                                   <tr>\n\r\n                                      <td style=\"padding:5px;\"  valign=\"top\"><b>Dates: <\/b>8th March 2011 until 14th April 2011<\/td>\n\r\n                                   <\/tr>\n\r\n                                   <tr>\n\r\n                                      <td style=\"padding:5px;\"  valign=\"top\"><b>Venue: <\/b>Verbal Arts Centre, Derry \/ Londonderry, Northern Ireland<\/td>\n\r\n                                   <\/tr>\n\r\n                                   <\/table>\n\r\n                                   <hr width=\"75%\" align=\"center\" height=\"1\"> <table width=\"100%\" style=\"padding:5px; font-family: Arial, Helvetica, sans-serif;\">\n\r\n                                   <tr>\n\r\n                                      <td style=\"background-color:#f8f8ff; padding:5px;\" width=\"100%\"><b>Exhibition and associated activities<\/b>: <b><a href=\"\/conflicttextiles\/search-quilts2\/fullevent1\/?id=73\">Stitching Peace: An exhibition of Arpilleras and Quilts<\/a><\/b><\/td>\n\r\n                                   <\/tr>\n\r\n                                   <tr>\n\r\n                                      <td style=\"padding:5px;\"  valign=\"top\"><b>Dates: <\/b>16th February 2011 until 18th March 2011<\/td>\n\r\n                                   <\/tr>\n\r\n                                   <tr>\n\r\n                                      <td style=\"padding:5px;\"  valign=\"top\"><b>Venue: <\/b>Geneva, Switzerland<\/td>\n\r\n                                   <\/tr>\n\r\n                                   <\/table>\n\r\n                                   <hr width=\"75%\" align=\"center\" height=\"1\"> <table width=\"100%\" style=\"padding:5px; font-family: Arial, Helvetica, sans-serif;\">\n\r\n                                   <tr>\n\r\n                                      <td style=\"background-color:#f8f8ff; padding:5px;\" width=\"100%\"><b>Exhibition<\/b>: <b><a href=\"\/conflicttextiles\/search-quilts2\/fullevent1\/?id=110\">Nuestra Traves\u00eda \/ Our journey<\/a><\/b><\/td>\n\r\n                                   <\/tr>\n\r\n                                   <tr>\n\r\n                                      <td style=\"padding:5px;\"  valign=\"top\"><b>Dates: <\/b>15th January 2011 until 28th February 2011<\/td>\n\r\n                                   <\/tr>\n\r\n                                   <tr>\n\r\n                                      <td style=\"padding:5px;\"  valign=\"top\"><b>Venue: <\/b>Verbal Arts Centre, Derry \/ Londonderry, Northern Ireland<\/td>\n\r\n                                   <\/tr>\n\r\n                                   <\/table>\n\r\n                                   <hr width=\"75%\" align=\"center\" height=\"1\"> <table width=\"100%\" style=\"padding:5px; font-family: Arial, Helvetica, sans-serif;\">\n\r\n                                   <tr>\n\r\n                                      <td style=\"background-color:#f8f8ff; padding:5px;\" width=\"100%\"><b>Workshop<\/b>: <b><a href=\"\/conflicttextiles\/search-quilts2\/fullevent1\/?id=74\">Planning the Rathlin Island exhibition - Workshop<\/a><\/b><\/td>\n\r\n                                   <\/tr>\n\r\n                                   <tr>\n\r\n                                      <td style=\"padding:5px;\"  valign=\"top\"><b>Dates: <\/b>7th January 2011 until 7th January 2011<\/td>\n\r\n                                   <\/tr>\n\r\n                                   <tr>\n\r\n                                      <td style=\"padding:5px;\"  valign=\"top\"><b>Venue: <\/b>Rathlin Island, County Antrim, Northern Ireland<\/td>\n\r\n                                   <\/tr>\n\r\n                                   <\/table>\n\r\n                                   <hr width=\"75%\" align=\"center\" height=\"1\"> <table width=\"100%\" style=\"padding:5px; font-family: Arial, Helvetica, sans-serif;\">\n\r\n                                   <tr>\n\r\n                                      <td style=\"background-color:#f8f8ff; padding:5px;\" width=\"100%\"><b>Exhibition<\/b>: <b><a href=\"\/conflicttextiles\/search-quilts2\/fullevent1\/?id=109\">Textile Installation on Afghanistan<\/a><\/b><\/td>\n\r\n                                   <\/tr>\n\r\n                                   <tr>\n\r\n                                      <td style=\"padding:5px;\"  valign=\"top\"><b>Dates: <\/b>8th November 2010 until 15th January 2011<\/td>\n\r\n                                   <\/tr>\n\r\n                                   <tr>\n\r\n                                      <td style=\"padding:5px;\"  valign=\"top\"><b>Venue: <\/b>Verbal Arts Centre, Derry \/ Londonderry, Northern Ireland<\/td>\n\r\n                                   <\/tr>\n\r\n                                   <\/table>\n\r\n                                   <hr width=\"75%\" align=\"center\" height=\"1\"> <table width=\"100%\" style=\"padding:5px; font-family: Arial, Helvetica, sans-serif;\">\n\r\n                                   <tr>\n\r\n                                      <td style=\"background-color:#f8f8ff; padding:5px;\" width=\"100%\"><b>Exhibition and associated activities<\/b>: <b><a href=\"\/conflicttextiles\/search-quilts2\/fullevent1\/?id=170\">The Human Cost of War - An Exhibition of Quilts and Arpilleras<\/a><\/b><\/td>\n\r\n                                   <\/tr>\n\r\n                                   <tr>\n\r\n                                      <td style=\"padding:5px;\"  valign=\"top\"><b>Dates: <\/b>4th November 2010 until 15th January 2011<\/td>\n\r\n                                   <\/tr>\n\r\n                                   <tr>\n\r\n                                      <td style=\"padding:5px;\"  valign=\"top\"><b>Venue: <\/b>Tower Museum, Derry \/ Londonderry, Northern Ireland<\/td>\n\r\n                                   <\/tr>\n\r\n                                   <\/table>\n\r\n                                   <hr width=\"75%\" align=\"center\" height=\"1\"> <table width=\"100%\" style=\"padding:5px; font-family: Arial, Helvetica, sans-serif;\">\n\r\n                                   <tr>\n\r\n                                      <td style=\"background-color:#f8f8ff; padding:5px;\" width=\"100%\"><b>Exhibition and associated activities<\/b>: <b><a href=\"\/conflicttextiles\/search-quilts2\/fullevent1\/?id=14\">Stitching Resistance<\/a><\/b><\/td>\n\r\n                                   <\/tr>\n\r\n                                   <tr>\n\r\n                                      <td style=\"padding:5px;\"  valign=\"top\"><b>Dates: <\/b>12th October 2010 until 16th January 2011<\/td>\n\r\n                                   <\/tr>\n\r\n                                   <tr>\n\r\n                                      <td style=\"padding:5px;\"  valign=\"top\"><b>Venue: <\/b>Museum of Osaka University<\/td>\n\r\n                                   <\/tr>\n\r\n                                   <\/table>\n\r\n                                   <hr width=\"75%\" align=\"center\" height=\"1\"> <table width=\"100%\" style=\"padding:5px; font-family: Arial, Helvetica, sans-serif;\">\n\r\n                                   <tr>\n\r\n                                      <td style=\"background-color:#f8f8ff; padding:5px;\" width=\"100%\"><b>Exhibition<\/b>: <b><a href=\"\/conflicttextiles\/search-quilts2\/fullevent1\/?id=23\">Chilean Arpilleras of Yesterday and Today: Textile Ambassadors<\/a><\/b><\/td>\n\r\n                                   <\/tr>\n\r\n                                   <tr>\n\r\n                                      <td style=\"padding:5px;\"  valign=\"top\"><b>Dates: <\/b>16th September 2010 until 16th September 2010<\/td>\n\r\n                                   <\/tr>\n\r\n                                   <tr>\n\r\n                                      <td style=\"padding:5px;\"  valign=\"top\"><b>Venue: <\/b>The Atrium, Deptartment of Justice, Equality and Law Reform, Dublin<\/td>\n\r\n                                   <\/tr>\n\r\n                                   <\/table>\n\r\n                                   <hr width=\"75%\" align=\"center\" height=\"1\"> <table width=\"100%\" style=\"padding:5px; font-family: Arial, Helvetica, sans-serif;\">\n\r\n                                   <tr>\n\r\n                                      <td style=\"background-color:#f8f8ff; padding:5px;\" width=\"100%\"><b>Workshop<\/b>: <b><a href=\"\/conflicttextiles\/search-quilts2\/fullevent1\/?id=164\">'Arpilleras' Hands On Workshop<\/a><\/b><\/td>\n\r\n                                   <\/tr>\n\r\n                                   <tr>\n\r\n                                      <td style=\"padding:5px;\"  valign=\"top\"><b>Dates: <\/b>8th September 2010 until 8th September 2010<\/td>\n\r\n                                   <\/tr>\n\r\n                                   <tr>\n\r\n                                      <td style=\"padding:5px;\"  valign=\"top\"><b>Venue: <\/b>Rathlin Island, County Antrim, Northern Ireland<\/td>\n\r\n                                   <\/tr>\n\r\n                                   <\/table>\n\r\n                                   <hr width=\"75%\" align=\"center\" height=\"1\"> <table width=\"100%\" style=\"padding:5px; font-family: Arial, Helvetica, sans-serif;\">\n\r\n                                   <tr>\n\r\n                                      <td style=\"background-color:#f8f8ff; padding:5px;\" width=\"100%\"><b>Exhibition and associated activities<\/b>: <b><a href=\"\/conflicttextiles\/search-quilts2\/fullevent1\/?id=25\">The Politics of the Mundane in Chilean and Other Arpilleras<\/a><\/b><\/td>\n\r\n                                   <\/tr>\n\r\n                                   <tr>\n\r\n                                      <td style=\"padding:5px;\"  valign=\"top\"><b>Dates: <\/b>27th August 2010 until 29th August 2010<\/td>\n\r\n                                   <\/tr>\n\r\n                                   <tr>\n\r\n                                      <td style=\"padding:5px;\"  valign=\"top\"><b>Venue: <\/b>Art College, University of Ulster<\/td>\n\r\n                                   <\/tr>\n\r\n                                   <\/table>\n\r\n                                   <hr width=\"75%\" align=\"center\" height=\"1\"> <table width=\"100%\" style=\"padding:5px; font-family: Arial, Helvetica, sans-serif;\">\n\r\n                                   <tr>\n\r\n                                      <td style=\"background-color:#f8f8ff; padding:5px;\" width=\"100%\"><b>Exhibition<\/b>: <b><a href=\"\/conflicttextiles\/search-quilts2\/fullevent1\/?id=108\">From Threads of Life to Following the Thread<\/a><\/b><\/td>\n\r\n                                   <\/tr>\n\r\n                                   <tr>\n\r\n                                      <td style=\"padding:5px;\"  valign=\"top\"><b>Dates: <\/b>15th August 2010 until 31st October 2010<\/td>\n\r\n                                   <\/tr>\n\r\n                                   <tr>\n\r\n                                      <td style=\"padding:5px;\"  valign=\"top\"><b>Venue: <\/b>Verbal Arts Centre, Derry \/ Londonderry, Northern Ireland<\/td>\n\r\n                                   <\/tr>\n\r\n                                   <\/table>\n\r\n                                   <hr width=\"75%\" align=\"center\" height=\"1\"> <table width=\"100%\" style=\"padding:5px; font-family: Arial, Helvetica, sans-serif;\">\n\r\n                                   <tr>\n\r\n                                      <td style=\"background-color:#f8f8ff; padding:5px;\" width=\"100%\"><b>Workshop<\/b>: <b><a href=\"\/conflicttextiles\/search-quilts2\/fullevent1\/?id=167\">Quilt and Arpillera Making<\/a><\/b><\/td>\n\r\n                                   <\/tr>\n\r\n                                   <tr>\n\r\n                                      <td style=\"padding:5px;\"  valign=\"top\"><b>Dates: <\/b>7th July 2010 until 8th July 2010<\/td>\n\r\n                                   <\/tr>\n\r\n                                   <tr>\n\r\n                                      <td style=\"padding:5px;\"  valign=\"top\"><b>Venue: <\/b>Rathlin Island, County Antrim, Northern Ireland<\/td>\n\r\n                                   <\/tr>\n\r\n                                   <\/table>\n\r\n                                   <hr width=\"75%\" align=\"center\" height=\"1\"> <table width=\"100%\" style=\"padding:5px; font-family: Arial, Helvetica, sans-serif;\">\n\r\n                                   <tr>\n\r\n                                      <td style=\"background-color:#f8f8ff; padding:5px;\" width=\"100%\"><b>Exhibition<\/b>: <b><a href=\"\/conflicttextiles\/search-quilts2\/fullevent1\/?id=107\">Sheep in Quilts<\/a><\/b><\/td>\n\r\n                                   <\/tr>\n\r\n                                   <tr>\n\r\n                                      <td style=\"padding:5px;\"  valign=\"top\"><b>Dates: <\/b>1st July 2010 until 15th August 2010<\/td>\n\r\n                                   <\/tr>\n\r\n                                   <tr>\n\r\n                                      <td style=\"padding:5px;\"  valign=\"top\"><b>Venue: <\/b>Verbal Arts Centre, Derry \/ Londonderry, Northern Ireland<\/td>\n\r\n                                   <\/tr>\n\r\n                                   <\/table>\n\r\n                                   <hr width=\"75%\" align=\"center\" height=\"1\"> <table width=\"100%\" style=\"padding:5px; font-family: Arial, Helvetica, sans-serif;\">\n\r\n                                   <tr>\n\r\n                                      <td style=\"background-color:#f8f8ff; padding:5px;\" width=\"100%\"><b>Exhibition and associated activities<\/b>: <b><a href=\"\/conflicttextiles\/search-quilts2\/fullevent1\/?id=28\">Following the Thread<\/a><\/b><\/td>\n\r\n                                   <\/tr>\n\r\n                                   <tr>\n\r\n                                      <td style=\"padding:5px;\"  valign=\"top\"><b>Dates: <\/b>21st June 2010 until 27th June 2010<\/td>\n\r\n                                   <\/tr>\n\r\n                                   <tr>\n\r\n                                      <td style=\"padding:5px;\"  valign=\"top\"><b>Venue: <\/b>Community Base, World Museum, Liverpool<\/td>\n\r\n                                   <\/tr>\n\r\n                                   <\/table>\n\r\n                                   <hr width=\"75%\" align=\"center\" height=\"1\"> <table width=\"100%\" style=\"padding:5px; font-family: Arial, Helvetica, sans-serif;\">\n\r\n                                   <tr>\n\r\n                                      <td style=\"background-color:#f8f8ff; padding:5px;\" width=\"100%\"><b>Exhibition<\/b>: <b><a href=\"\/conflicttextiles\/search-quilts2\/fullevent1\/?id=24\">An Interpretation of Seamus Heaney's \"Field Work\" <\/a><\/b><\/td>\n\r\n                                   <\/tr>\n\r\n                                   <tr>\n\r\n                                      <td style=\"padding:5px;\"  valign=\"top\"><b>Dates: <\/b>10th June 2010 until 31st August 2010<\/td>\n\r\n                                   <\/tr>\n\r\n                                   <tr>\n\r\n                                      <td style=\"padding:5px;\"  valign=\"top\"><b>Venue: <\/b>Verbal Arts Centre, Derry \/ Londonderry, Northern Ireland<\/td>\n\r\n                                   <\/tr>\n\r\n                                   <\/table>\n\r\n                                   <hr width=\"75%\" align=\"center\" height=\"1\"> <table width=\"100%\" style=\"padding:5px; font-family: Arial, Helvetica, sans-serif;\">\n\r\n                                   <tr>\n\r\n                                      <td style=\"background-color:#f8f8ff; padding:5px;\" width=\"100%\"><b>Exhibition and associated activities<\/b>: <b><a href=\"\/conflicttextiles\/search-quilts2\/fullevent1\/?id=20\">Exhibit of Chilean Arpilleras<\/a><\/b><\/td>\n\r\n                                   <\/tr>\n\r\n                                   <tr>\n\r\n                                      <td style=\"padding:5px;\"  valign=\"top\"><b>Dates: <\/b>20th May 2010 until 22nd May 2010<\/td>\n\r\n                                   <\/tr>\n\r\n                                   <tr>\n\r\n                                      <td style=\"padding:5px;\"  valign=\"top\"><b>Venue: <\/b>Central Congregational Church<\/td>\n\r\n                                   <\/tr>\n\r\n                                   <\/table>\n\r\n                                   <hr width=\"75%\" align=\"center\" height=\"1\"> <table width=\"100%\" style=\"padding:5px; font-family: Arial, Helvetica, sans-serif;\">\n\r\n                                   <tr>\n\r\n                                      <td style=\"background-color:#f8f8ff; padding:5px;\" width=\"100%\"><b>Exhibition and associated activities<\/b>: <b><a href=\"\/conflicttextiles\/search-quilts2\/fullevent1\/?id=17\">'Arpilleras Aus Chile' -Eine Retrospektive<\/a><\/b><\/td>\n\r\n                                   <\/tr>\n\r\n                                   <tr>\n\r\n                                      <td style=\"padding:5px;\"  valign=\"top\"><b>Dates: <\/b>6th May 2010 until 28th May 2010<\/td>\n\r\n                                   <\/tr>\n\r\n                                   <tr>\n\r\n                                      <td style=\"padding:5px;\"  valign=\"top\"><b>Venue: <\/b>'La Escondida' hall, Chilean Consulate in Berlin<\/td>\n\r\n                                   <\/tr>\n\r\n                                   <\/table>\n\r\n                                   <hr width=\"75%\" align=\"center\" height=\"1\"> <table width=\"100%\" style=\"padding:5px; font-family: Arial, Helvetica, sans-serif;\">\n\r\n                                   <tr>\n\r\n                                      <td style=\"background-color:#f8f8ff; padding:5px;\" width=\"100%\"><b>Exhibition and associated activities<\/b>: <b><a href=\"\/conflicttextiles\/search-quilts2\/fullevent1\/?id=19\">Arpilleras: Embajadoras para el Bicentenario Quilts\/Arpilleras: Ambassadors for the B<\/a><\/b><\/td>\n\r\n                                   <\/tr>\n\r\n                                   <tr>\n\r\n                                      <td style=\"padding:5px;\"  valign=\"top\"><b>Dates: <\/b>14th April 2010 until 20th May 2010<\/td>\n\r\n                                   <\/tr>\n\r\n                                   <tr>\n\r\n                                      <td style=\"padding:5px;\"  valign=\"top\"><b>Venue: <\/b>Gabriela Mistral Hall, Consulate General of Chile<\/td>\n\r\n                                   <\/tr>\n\r\n                                   <\/table>\n\r\n                                   <hr width=\"75%\" align=\"center\" height=\"1\"> <table width=\"100%\" style=\"padding:5px; font-family: Arial, Helvetica, sans-serif;\">\n\r\n                                   <tr>\n\r\n                                      <td style=\"background-color:#f8f8ff; padding:5px;\" width=\"100%\"><b>Exhibition<\/b>: <b><a href=\"\/conflicttextiles\/search-quilts2\/fullevent1\/?id=106\">Guatemalan Textiles <\/a><\/b><\/td>\n\r\n                                   <\/tr>\n\r\n                                   <tr>\n\r\n                                      <td style=\"padding:5px;\"  valign=\"top\"><b>Dates: <\/b>29th March 2010 until 28th June 2010<\/td>\n\r\n                                   <\/tr>\n\r\n                                   <tr>\n\r\n                                      <td style=\"padding:5px;\"  valign=\"top\"><b>Venue: <\/b>Verbal Arts Centre, Derry \/ Londonderry, Northern Ireland<\/td>\n\r\n                                   <\/tr>\n\r\n                                   <\/table>\n\r\n                                   <hr width=\"75%\" align=\"center\" height=\"1\"> <table width=\"100%\" style=\"padding:5px; font-family: Arial, Helvetica, sans-serif;\">\n\r\n                                   <tr>\n\r\n                                      <td style=\"background-color:#f8f8ff; padding:5px;\" width=\"100%\"><b>Exhibition and associated activities<\/b>: <b><a href=\"\/conflicttextiles\/search-quilts2\/fullevent1\/?id=30\">Arpilleras: Voices on Tapestries<\/a><\/b><\/td>\n\r\n                                   <\/tr>\n\r\n                                   <tr>\n\r\n                                      <td style=\"padding:5px;\"  valign=\"top\"><b>Dates: <\/b>8th March 2010 until 31st March 2010<\/td>\n\r\n                                   <\/tr>\n\r\n                                   <tr>\n\r\n                                      <td style=\"padding:5px;\"  valign=\"top\"><b>Venue: <\/b>Embassy of Chile, London<\/td>\n\r\n                                   <\/tr>\n\r\n                                   <\/table>\n\r\n                                   <hr width=\"75%\" align=\"center\" height=\"1\"> <table width=\"100%\" style=\"padding:5px; font-family: Arial, Helvetica, sans-serif;\">\n\r\n                                   <tr>\n\r\n                                      <td style=\"background-color:#f8f8ff; padding:5px;\" width=\"100%\"><b>Exhibition<\/b>: <b><a href=\"\/conflicttextiles\/search-quilts2\/fullevent1\/?id=105\">The Bill of Rights<\/a><\/b><\/td>\n\r\n                                   <\/tr>\n\r\n                                   <tr>\n\r\n                                      <td style=\"padding:5px;\"  valign=\"top\"><b>Dates: <\/b>8th March 2010 until 27th March 2010<\/td>\n\r\n                                   <\/tr>\n\r\n                                   <tr>\n\r\n                                      <td style=\"padding:5px;\"  valign=\"top\"><b>Venue: <\/b>Verbal Arts Centre, Derry \/ Londonderry, Northern Ireland<\/td>\n\r\n                                   <\/tr>\n\r\n                                   <\/table>\n\r\n                                   <hr width=\"75%\" align=\"center\" height=\"1\"> <table width=\"100%\" style=\"padding:5px; font-family: Arial, Helvetica, sans-serif;\">\n\r\n                                   <tr>\n\r\n                                      <td style=\"background-color:#f8f8ff; padding:5px;\" width=\"100%\"><b>Exhibition and associated activities<\/b>: <b><a href=\"\/conflicttextiles\/search-quilts2\/fullevent1\/?id=31\">Cultural Stories in Textiles<\/a><\/b><\/td>\n\r\n                                   <\/tr>\n\r\n                                   <tr>\n\r\n                                      <td style=\"padding:5px;\"  valign=\"top\"><b>Dates: <\/b>25th February 2010 until 27th February 2010<\/td>\n\r\n                                   <\/tr>\n\r\n                                   <tr>\n\r\n                                      <td style=\"padding:5px;\"  valign=\"top\"><b>Venue: <\/b>Harpur's Hill Community Centre<\/td>\n\r\n                                   <\/tr>\n\r\n                                   <\/table>\n\r\n                                   <hr width=\"75%\" align=\"center\" height=\"1\"> <table width=\"100%\" style=\"padding:5px; font-family: Arial, Helvetica, sans-serif;\">\n\r\n                                   <tr>\n\r\n                                      <td style=\"background-color:#f8f8ff; padding:5px;\" width=\"100%\"><b>Exhibition and associated activities<\/b>: <b><a href=\"\/conflicttextiles\/search-quilts2\/fullevent1\/?id=32\">Arpilleras habitades de mem\u00f2ria<\/a><\/b><\/td>\n\r\n                                   <\/tr>\n\r\n                                   <tr>\n\r\n                                      <td style=\"padding:5px;\"  valign=\"top\"><b>Dates: <\/b>14th January 2010 until 26th February 2010<\/td>\n\r\n                                   <\/tr>\n\r\n                                   <tr>\n\r\n                                      <td style=\"padding:5px;\"  valign=\"top\"><b>Venue: <\/b>Centre d'Informaci\u00f3 i Recursos per a les Dones, Barcelona <\/td>\n\r\n                                   <\/tr>\n\r\n                                   <\/table>\n\r\n                                   <hr width=\"75%\" align=\"center\" height=\"1\"> <table width=\"100%\" style=\"padding:5px; font-family: Arial, Helvetica, sans-serif;\">\n\r\n                                   <tr>\n\r\n                                      <td style=\"background-color:#f8f8ff; padding:5px;\" width=\"100%\"><b>Exhibition<\/b>: <b><a href=\"\/conflicttextiles\/search-quilts2\/fullevent1\/?id=104\">Limavady Borough Millennium Community Quilt<\/a><\/b><\/td>\n\r\n                                   <\/tr>\n\r\n                                   <tr>\n\r\n                                      <td style=\"padding:5px;\"  valign=\"top\"><b>Dates: <\/b>9th December 2009 until 7th March 2010<\/td>\n\r\n                                   <\/tr>\n\r\n                                   <tr>\n\r\n                                      <td style=\"padding:5px;\"  valign=\"top\"><b>Venue: <\/b>Verbal Arts Centre, Derry \/ Londonderry, Northern Ireland<\/td>\n\r\n                                   <\/tr>\n\r\n                                   <\/table>\n\r\n                                   <hr width=\"75%\" align=\"center\" height=\"1\"> <table width=\"100%\" style=\"padding:5px; font-family: Arial, Helvetica, sans-serif;\">\n\r\n                                   <tr>\n\r\n                                      <td style=\"background-color:#f8f8ff; padding:5px;\" width=\"100%\"><b>Exhibition and associated activities<\/b>: <b><a href=\"\/conflicttextiles\/search-quilts2\/fullevent1\/?id=34\">Textiles with a Story<\/a><\/b><\/td>\n\r\n                                   <\/tr>\n\r\n                                   <tr>\n\r\n                                      <td style=\"padding:5px;\"  valign=\"top\"><b>Dates: <\/b>4th December 2009 until 4th December 2009<\/td>\n\r\n                                   <\/tr>\n\r\n                                   <tr>\n\r\n                                      <td style=\"padding:5px;\"  valign=\"top\"><b>Venue: <\/b>Coleraine Town Hall<\/td>\n\r\n                                   <\/tr>\n\r\n                                   <\/table>\n\r\n                                   <hr width=\"75%\" align=\"center\" height=\"1\"> <table width=\"100%\" style=\"padding:5px; font-family: Arial, Helvetica, sans-serif;\">\n\r\n                                   <tr>\n\r\n                                      <td style=\"background-color:#f8f8ff; padding:5px;\" width=\"100%\"><b>Exhibition and associated activities<\/b>: <b><a href=\"\/conflicttextiles\/search-quilts2\/fullevent1\/?id=44\">The Human Cost of War<\/a><\/b><\/td>\n\r\n                                   <\/tr>\n\r\n                                   <tr>\n\r\n                                      <td style=\"padding:5px;\"  valign=\"top\"><b>Dates: <\/b>8th November 2009 until 21st November 2009<\/td>\n\r\n                                   <\/tr>\n\r\n                                   <tr>\n\r\n                                      <td style=\"padding:5px;\"  valign=\"top\"><b>Venue: <\/b>Imperial War Museum, London<\/td>\n\r\n                                   <\/tr>\n\r\n                                   <\/table>\n\r\n                                   <hr width=\"75%\" align=\"center\" height=\"1\"> <table width=\"100%\" style=\"padding:5px; font-family: Arial, Helvetica, sans-serif;\">\n\r\n                                   <tr>\n\r\n                                      <td style=\"background-color:#f8f8ff; padding:5px;\" width=\"100%\"><b>Exhibition<\/b>: <b><a href=\"\/conflicttextiles\/search-quilts2\/fullevent1\/?id=103\">The Africa Quilt<\/a><\/b><\/td>\n\r\n                                   <\/tr>\n\r\n                                   <tr>\n\r\n                                      <td style=\"padding:5px;\"  valign=\"top\"><b>Dates: <\/b>22nd October 2009 until 30th November 2009<\/td>\n\r\n                                   <\/tr>\n\r\n                                   <tr>\n\r\n                                      <td style=\"padding:5px;\"  valign=\"top\"><b>Venue: <\/b>Verbal Arts Centre, Derry \/ Londonderry, Northern Ireland<\/td>\n\r\n                                   <\/tr>\n\r\n                                   <\/table>\n\r\n                                   <hr width=\"75%\" align=\"center\" height=\"1\"> <table width=\"100%\" style=\"padding:5px; font-family: Arial, Helvetica, sans-serif;\">\n\r\n                                   <tr>\n\r\n                                      <td style=\"background-color:#f8f8ff; padding:5px;\" width=\"100%\"><b>Exhibition and associated activities<\/b>: <b><a href=\"\/conflicttextiles\/search-quilts2\/fullevent1\/?id=35\">Threads of Life: Quilts and arpilleras that speak out<\/a><\/b><\/td>\n\r\n                                   <\/tr>\n\r\n                                   <tr>\n\r\n                                      <td style=\"padding:5px;\"  valign=\"top\"><b>Dates: <\/b>16th October 2009 until 1st November 2009<\/td>\n\r\n                                   <\/tr>\n\r\n                                   <tr>\n\r\n                                      <td style=\"padding:5px;\"  valign=\"top\"><b>Venue: <\/b>Community Base, World Museum, Liverpool<\/td>\n\r\n                                   <\/tr>\n\r\n                                   <\/table>\n\r\n                                   <hr width=\"75%\" align=\"center\" height=\"1\"> <table width=\"100%\" style=\"padding:5px; font-family: Arial, Helvetica, sans-serif;\">\n\r\n                                   <tr>\n\r\n                                      <td style=\"background-color:#f8f8ff; padding:5px;\" width=\"100%\"><b>Exhibition and associated activities<\/b>: <b><a href=\"\/conflicttextiles\/search-quilts2\/fullevent1\/?id=36\">Finding Our Voices -The Power of Arpilleras<\/a><\/b><\/td>\n\r\n                                   <\/tr>\n\r\n                                   <tr>\n\r\n                                      <td style=\"padding:5px;\"  valign=\"top\"><b>Dates: <\/b>26th September 2009 until 30th October 2009<\/td>\n\r\n                                   <\/tr>\n\r\n                                   <tr>\n\r\n                                      <td style=\"padding:5px;\"  valign=\"top\"><b>Venue: <\/b>Dundalk Institute of Technology<\/td>\n\r\n                                   <\/tr>\n\r\n                                   <\/table>\n\r\n                                   <hr width=\"75%\" align=\"center\" height=\"1\"> <table width=\"100%\" style=\"padding:5px; font-family: Arial, Helvetica, sans-serif;\">\n\r\n                                   <tr>\n\r\n                                      <td style=\"background-color:#f8f8ff; padding:5px;\" width=\"100%\"><b>Exhibition<\/b>: <b><a href=\"\/conflicttextiles\/search-quilts2\/fullevent1\/?id=102\">Cultures from the heart<\/a><\/b><\/td>\n\r\n                                   <\/tr>\n\r\n                                   <tr>\n\r\n                                      <td style=\"padding:5px;\"  valign=\"top\"><b>Dates: <\/b>10th September 2009 until 12th October 2009<\/td>\n\r\n                                   <\/tr>\n\r\n                                   <tr>\n\r\n                                      <td style=\"padding:5px;\"  valign=\"top\"><b>Venue: <\/b>Verbal Arts Centre, Derry \/ Londonderry, Northern Ireland<\/td>\n\r\n                                   <\/tr>\n\r\n                                   <\/table>\n\r\n                                   <hr width=\"75%\" align=\"center\" height=\"1\"> <table width=\"100%\" style=\"padding:5px; font-family: Arial, Helvetica, sans-serif;\">\n\r\n                                   <tr>\n\r\n                                      <td style=\"background-color:#f8f8ff; padding:5px;\" width=\"100%\"><b>Exhibition<\/b>: <b><a href=\"\/conflicttextiles\/search-quilts2\/fullevent1\/?id=101\">Events of 1998<\/a><\/b><\/td>\n\r\n                                   <\/tr>\n\r\n                                   <tr>\n\r\n                                      <td style=\"padding:5px;\"  valign=\"top\"><b>Dates: <\/b>10th July 2009 until 10th September 2009<\/td>\n\r\n                                   <\/tr>\n\r\n                                   <tr>\n\r\n                                      <td style=\"padding:5px;\"  valign=\"top\"><b>Venue: <\/b>Verbal Arts Centre, Derry \/ Londonderry, Northern Ireland<\/td>\n\r\n                                   <\/tr>\n\r\n                                   <\/table>\n\r\n                                   <hr width=\"75%\" align=\"center\" height=\"1\"> <table width=\"100%\" style=\"padding:5px; font-family: Arial, Helvetica, sans-serif;\">\n\r\n                                   <tr>\n\r\n                                      <td style=\"background-color:#f8f8ff; padding:5px;\" width=\"100%\"><b>Exhibition and associated activities<\/b>: <b><a href=\"\/conflicttextiles\/search-quilts2\/fullevent1\/?id=38\">Arpilleras that Cry Out<\/a><\/b><\/td>\n\r\n                                   <\/tr>\n\r\n                                   <tr>\n\r\n                                      <td style=\"padding:5px;\"  valign=\"top\"><b>Dates: <\/b>22nd June 2009 until 10th July 2009<\/td>\n\r\n                                   <\/tr>\n\r\n                                   <tr>\n\r\n                                      <td style=\"padding:5px;\"  valign=\"top\"><b>Venue: <\/b>Flowerfield Arts Centre, Portstewart, Northern Ireland<\/td>\n\r\n                                   <\/tr>\n\r\n                                   <\/table>\n\r\n                                   <hr width=\"75%\" align=\"center\" height=\"1\"> <table width=\"100%\" style=\"padding:5px; font-family: Arial, Helvetica, sans-serif;\">\n\r\n                                   <tr>\n\r\n                                      <td style=\"background-color:#f8f8ff; padding:5px;\" width=\"100%\"><b>Exhibition and associated activities<\/b>: <b><a href=\"\/conflicttextiles\/search-quilts2\/fullevent1\/?id=37\">Threads of Destiny: Testimonies of Violence, Hope and Survival<\/a><\/b><\/td>\n\r\n                                   <\/tr>\n\r\n                                   <tr>\n\r\n                                      <td style=\"padding:5px;\"  valign=\"top\"><b>Dates: <\/b>9th May 2009 until 26th July 2009<\/td>\n\r\n                                   <\/tr>\n\r\n                                   <tr>\n\r\n                                      <td style=\"padding:5px;\"  valign=\"top\"><b>Venue: <\/b>Museum Frauenkultur Regional-International<\/td>\n\r\n                                   <\/tr>\n\r\n                                   <\/table>\n\r\n                                   <hr width=\"75%\" align=\"center\" height=\"1\"> <table width=\"100%\" style=\"padding:5px; font-family: Arial, Helvetica, sans-serif;\">\n\r\n                                   <tr>\n\r\n                                      <td style=\"background-color:#f8f8ff; padding:5px;\" width=\"100%\"><b>Exhibition<\/b>: <b><a href=\"\/conflicttextiles\/search-quilts2\/fullevent1\/?id=100\">Visions of The Community Quilt<\/a><\/b><\/td>\n\r\n                                   <\/tr>\n\r\n                                   <tr>\n\r\n                                      <td style=\"padding:5px;\"  valign=\"top\"><b>Dates: <\/b>5th May 2009 until 10th July 2009<\/td>\n\r\n                                   <\/tr>\n\r\n                                   <tr>\n\r\n                                      <td style=\"padding:5px;\"  valign=\"top\"><b>Venue: <\/b>Verbal Arts Centre, Derry \/ Londonderry, Northern Ireland<\/td>\n\r\n                                   <\/tr>\n\r\n                                   <\/table>\n\r\n                                   <hr width=\"75%\" align=\"center\" height=\"1\"> <table width=\"100%\" style=\"padding:5px; font-family: Arial, Helvetica, sans-serif;\">\n\r\n                                   <tr>\n\r\n                                      <td style=\"background-color:#f8f8ff; padding:5px;\" width=\"100%\"><b>Exhibition<\/b>: <b><a href=\"\/conflicttextiles\/search-quilts2\/fullevent1\/?id=99\">Sew and Sew's Quilt<\/a><\/b><\/td>\n\r\n                                   <\/tr>\n\r\n                                   <tr>\n\r\n                                      <td style=\"padding:5px;\"  valign=\"top\"><b>Dates: <\/b>6th April 2009 until 5th May 2009<\/td>\n\r\n                                   <\/tr>\n\r\n                                   <tr>\n\r\n                                      <td style=\"padding:5px;\"  valign=\"top\"><b>Venue: <\/b>Verbal Arts Centre, Derry \/ Londonderry, Northern Ireland<\/td>\n\r\n                                   <\/tr>\n\r\n                                   <\/table>\n\r\n                                   <hr width=\"75%\" align=\"center\" height=\"1\"> <table width=\"100%\" style=\"padding:5px; font-family: Arial, Helvetica, sans-serif;\">\n\r\n                                   <tr>\n\r\n                                      <td style=\"background-color:#f8f8ff; padding:5px;\" width=\"100%\"><b>Exhibition and associated activities<\/b>: <b><a href=\"\/conflicttextiles\/search-quilts2\/fullevent1\/?id=42\">Women's Real Lives<\/a><\/b><\/td>\n\r\n                                   <\/tr>\n\r\n                                   <tr>\n\r\n                                      <td style=\"padding:5px;\"  valign=\"top\"><b>Dates: <\/b>9th March 2009 until 28th March 2009<\/td>\n\r\n                                   <\/tr>\n\r\n                                   <tr>\n\r\n                                      <td style=\"padding:5px;\"  valign=\"top\"><b>Venue: <\/b>Women's Centre, Derry<\/td>\n\r\n                                   <\/tr>\n\r\n                                   <\/table>\n\r\n                                   <hr width=\"75%\" align=\"center\" height=\"1\"> <table width=\"100%\" style=\"padding:5px; font-family: Arial, Helvetica, sans-serif;\">\n\r\n                                   <tr>\n\r\n                                      <td style=\"background-color:#f8f8ff; padding:5px;\" width=\"100%\"><b>Exhibition and associated activities<\/b>: <b><a href=\"\/conflicttextiles\/search-quilts2\/fullevent1\/?id=39\">Women's Real Lives <\/a><\/b><\/td>\n\r\n                                   <\/tr>\n\r\n                                   <tr>\n\r\n                                      <td style=\"padding:5px;\"  valign=\"top\"><b>Dates: <\/b>5th March 2009 until 28th March 2009<\/td>\n\r\n                                   <\/tr>\n\r\n                                   <tr>\n\r\n                                      <td style=\"padding:5px;\"  valign=\"top\"><b>Venue: <\/b>Tower Museum, Derry \/ Londonderry, Northern Ireland<\/td>\n\r\n                                   <\/tr>\n\r\n                                   <\/table>\n\r\n                                   <hr width=\"75%\" align=\"center\" height=\"1\"> <table width=\"100%\" style=\"padding:5px; font-family: Arial, Helvetica, sans-serif;\">\n\r\n                                   <tr>\n\r\n                                      <td style=\"background-color:#f8f8ff; padding:5px;\" width=\"100%\"><b>Exhibition and associated activities<\/b>: <b><a href=\"\/conflicttextiles\/search-quilts2\/fullevent1\/?id=40\">Women's Real Lives<\/a><\/b><\/td>\n\r\n                                   <\/tr>\n\r\n                                   <tr>\n\r\n                                      <td style=\"padding:5px;\"  valign=\"top\"><b>Dates: <\/b>5th March 2009 until 28th March 2009<\/td>\n\r\n                                   <\/tr>\n\r\n                                   <tr>\n\r\n                                      <td style=\"padding:5px;\"  valign=\"top\"><b>Venue: <\/b>Eden Place Arts Centre<\/td>\n\r\n                                   <\/tr>\n\r\n                                   <\/table>\n\r\n                                   <hr width=\"75%\" align=\"center\" height=\"1\"> <table width=\"100%\" style=\"padding:5px; font-family: Arial, Helvetica, sans-serif;\">\n\r\n                                   <tr>\n\r\n                                      <td style=\"background-color:#f8f8ff; padding:5px;\" width=\"100%\"><b>Exhibition and film screening<\/b>: <b><a href=\"\/conflicttextiles\/search-quilts2\/fullevent1\/?id=43\">The Politics of Chilean Arpilleras II<\/a><\/b><\/td>\n\r\n                                   <\/tr>\n\r\n                                   <tr>\n\r\n                                      <td style=\"padding:5px;\"  valign=\"top\"><b>Dates: <\/b>2nd March 2009 until 31st March 2009<\/td>\n\r\n                                   <\/tr>\n\r\n                                   <tr>\n\r\n                                      <td style=\"padding:5px;\"  valign=\"top\"><b>Venue: <\/b>Irish School of Ecumenics, Belfast<\/td>\n\r\n                                   <\/tr>\n\r\n                                   <\/table>\n\r\n                                   <hr width=\"75%\" align=\"center\" height=\"1\"> <table width=\"100%\" style=\"padding:5px; font-family: Arial, Helvetica, sans-serif;\">\n\r\n                                   <tr>\n\r\n                                      <td style=\"background-color:#f8f8ff; padding:5px;\" width=\"100%\"><b>Workshops<\/b>: <b><a href=\"\/conflicttextiles\/search-quilts2\/fullevent1\/?id=265\">Chilean Arpilleras: Tapestries of women\u2019s lives and survival<\/a><\/b><\/td>\n\r\n                                   <\/tr>\n\r\n                                   <tr>\n\r\n                                      <td style=\"padding:5px;\"  valign=\"top\"><b>Dates: <\/b>11th February 2009 until 12th February 2009<\/td>\n\r\n                                   <\/tr>\n\r\n                                   <tr>\n\r\n                                      <td style=\"padding:5px;\"  valign=\"top\"><b>Venue: <\/b>Kesh, Co. Fermanagh; Ballyshannon, Co. Donegal<\/td>\n\r\n                                   <\/tr>\n\r\n                                   <\/table>\n\r\n                                   <hr width=\"75%\" align=\"center\" height=\"1\"> <table width=\"100%\" style=\"padding:5px; font-family: Arial, Helvetica, sans-serif;\">\n\r\n                                   <tr>\n\r\n                                      <td style=\"background-color:#f8f8ff; padding:5px;\" width=\"100%\"><b>Exhibition<\/b>: <b><a href=\"\/conflicttextiles\/search-quilts2\/fullevent1\/?id=98\">Peruvian Arpilleras that tell a story, cry out, challenge  and question<\/a><\/b><\/td>\n\r\n                                   <\/tr>\n\r\n                                   <tr>\n\r\n                                      <td style=\"padding:5px;\"  valign=\"top\"><b>Dates: <\/b>7th February 2009 until 6th April 2009<\/td>\n\r\n                                   <\/tr>\n\r\n                                   <tr>\n\r\n                                      <td style=\"padding:5px;\"  valign=\"top\"><b>Venue: <\/b>Verbal Arts Centre, Derry \/ Londonderry, Northern Ireland<\/td>\n\r\n                                   <\/tr>\n\r\n                                   <\/table>\n\r\n                                   <hr width=\"75%\" align=\"center\" height=\"1\"> <table width=\"100%\" style=\"padding:5px; font-family: Arial, Helvetica, sans-serif;\">\n\r\n                                   <tr>\n\r\n                                      <td style=\"background-color:#f8f8ff; padding:5px;\" width=\"100%\"><b>Exhibition<\/b>: <b><a href=\"\/conflicttextiles\/search-quilts2\/fullevent1\/?id=97\">Shared Visions<\/a><\/b><\/td>\n\r\n                                   <\/tr>\n\r\n                                   <tr>\n\r\n                                      <td style=\"padding:5px;\"  valign=\"top\"><b>Dates: <\/b>13th January 2009 until 6th February 2009<\/td>\n\r\n                                   <\/tr>\n\r\n                                   <tr>\n\r\n                                      <td style=\"padding:5px;\"  valign=\"top\"><b>Venue: <\/b>Verbal Arts Centre, Derry \/ Londonderry, Northern Ireland<\/td>\n\r\n                                   <\/tr>\n\r\n                                   <\/table>\n\r\n                                   <hr width=\"75%\" align=\"center\" height=\"1\"> <table width=\"100%\" style=\"padding:5px; font-family: Arial, Helvetica, sans-serif;\">\n\r\n                                   <tr>\n\r\n                                      <td style=\"background-color:#f8f8ff; padding:5px;\" width=\"100%\"><b>Exhibition<\/b>: <b><a href=\"\/conflicttextiles\/search-quilts2\/fullevent1\/?id=96\">'Micro Cosmos'<\/a><\/b><\/td>\n\r\n                                   <\/tr>\n\r\n                                   <tr>\n\r\n                                      <td style=\"padding:5px;\"  valign=\"top\"><b>Dates: <\/b>3rd December 2008 until 12th January 2009<\/td>\n\r\n                                   <\/tr>\n\r\n                                   <tr>\n\r\n                                      <td style=\"padding:5px;\"  valign=\"top\"><b>Venue: <\/b>Verbal Arts Centre, Derry \/ Londonderry, Northern Ireland<\/td>\n\r\n                                   <\/tr>\n\r\n                                   <\/table>\n\r\n                                   <hr width=\"75%\" align=\"center\" height=\"1\"> <table width=\"100%\" style=\"padding:5px; font-family: Arial, Helvetica, sans-serif;\">\n\r\n                                   <tr>\n\r\n                                      <td style=\"background-color:#f8f8ff; padding:5px;\" width=\"100%\"><b>Exhibition and associated activities<\/b>: <b><a href=\"\/conflicttextiles\/search-quilts2\/fullevent1\/?id=51\">Arpilleras \/ Quilts that cry out, challenge and question<\/a><\/b><\/td>\n\r\n                                   <\/tr>\n\r\n                                   <tr>\n\r\n                                      <td style=\"padding:5px;\"  valign=\"top\"><b>Dates: <\/b>12th November 2008 until 14th November 2008<\/td>\n\r\n                                   <\/tr>\n\r\n                                   <tr>\n\r\n                                      <td style=\"padding:5px;\"  valign=\"top\"><b>Venue: <\/b>Rotterdam, The Netherlands<\/td>\n\r\n                                   <\/tr>\n\r\n                                   <\/table>\n\r\n                                   <hr width=\"75%\" align=\"center\" height=\"1\"> <table width=\"100%\" style=\"padding:5px; font-family: Arial, Helvetica, sans-serif;\">\n\r\n                                   <tr>\n\r\n                                      <td style=\"background-color:#f8f8ff; padding:5px;\" width=\"100%\"><b>Exhibition and associated activities<\/b>: <b><a href=\"\/conflicttextiles\/search-quilts2\/fullevent1\/?id=48\">L'art de la superviv\u00e8ncia: les veus de la resist\u00e8ncia de les dones xilenes<\/a><\/b><\/td>\n\r\n                                   <\/tr>\n\r\n                                   <tr>\n\r\n                                      <td style=\"padding:5px;\"  valign=\"top\"><b>Dates: <\/b>4th November 2008 until 12th December 2008<\/td>\n\r\n                                   <\/tr>\n\r\n                                   <tr>\n\r\n                                      <td style=\"padding:5px;\"  valign=\"top\"><b>Venue: <\/b>Espai Francesca Bonnemaison, Barcelona<\/td>\n\r\n                                   <\/tr>\n\r\n                                   <\/table>\n\r\n                                   <hr width=\"75%\" align=\"center\" height=\"1\"> <table width=\"100%\" style=\"padding:5px; font-family: Arial, Helvetica, sans-serif;\">\n\r\n                                   <tr>\n\r\n                                      <td style=\"background-color:#f8f8ff; padding:5px;\" width=\"100%\"><b>Exhibition and conference<\/b>: <b><a href=\"\/conflicttextiles\/search-quilts2\/fullevent1\/?id=49\">L'artesania com expressi\u00f3 del comprom\u00eds pol\u00edtic de les dones xilenes<\/a><\/b><\/td>\n\r\n                                   <\/tr>\n\r\n                                   <tr>\n\r\n                                      <td style=\"padding:5px;\"  valign=\"top\"><b>Dates: <\/b>4th November 2008 until 4th November 2008<\/td>\n\r\n                                   <\/tr>\n\r\n                                   <tr>\n\r\n                                      <td style=\"padding:5px;\"  valign=\"top\"><b>Venue: <\/b>Espai Francesca Bonnemaison, Barcelona<\/td>\n\r\n                                   <\/tr>\n\r\n                                   <\/table>\n\r\n                                   <hr width=\"75%\" align=\"center\" height=\"1\"> <table width=\"100%\" style=\"padding:5px; font-family: Arial, Helvetica, sans-serif;\">\n\r\n                                   <tr>\n\r\n                                      <td style=\"background-color:#f8f8ff; padding:5px;\" width=\"100%\"><b>Exhibition<\/b>: <b><a href=\"\/conflicttextiles\/search-quilts2\/fullevent1\/?id=52\">The politics of Chilean Arpilleras<\/a><\/b><\/td>\n\r\n                                   <\/tr>\n\r\n                                   <tr>\n\r\n                                      <td style=\"padding:5px;\"  valign=\"top\"><b>Dates: <\/b>23rd October 2008 until 31st October 2008<\/td>\n\r\n                                   <\/tr>\n\r\n                                   <tr>\n\r\n                                      <td style=\"padding:5px;\"  valign=\"top\"><b>Venue: <\/b>Centre of Latin American Studies (CLAS), University of Cambridge<\/td>\n\r\n                                   <\/tr>\n\r\n                                   <\/table>\n\r\n                                   <hr width=\"75%\" align=\"center\" height=\"1\"> <table width=\"100%\" style=\"padding:5px; font-family: Arial, Helvetica, sans-serif;\">\n\r\n                                   <tr>\n\r\n                                      <td style=\"background-color:#f8f8ff; padding:5px;\" width=\"100%\"><b>Exhibition<\/b>: <b><a href=\"\/conflicttextiles\/search-quilts2\/fullevent1\/?id=71\">A piece of me, a piece of us<\/a><\/b><\/td>\n\r\n                                   <\/tr>\n\r\n                                   <tr>\n\r\n                                      <td style=\"padding:5px;\"  valign=\"top\"><b>Dates: <\/b>14th October 2008 until 2nd December 2008<\/td>\n\r\n                                   <\/tr>\n\r\n                                   <tr>\n\r\n                                      <td style=\"padding:5px;\"  valign=\"top\"><b>Venue: <\/b>Verbal Arts Centre, Derry \/ Londonderry, Northern Ireland<\/td>\n\r\n                                   <\/tr>\n\r\n                                   <\/table>\n\r\n                                   <hr width=\"75%\" align=\"center\" height=\"1\"> <table width=\"100%\" style=\"padding:5px; font-family: Arial, Helvetica, sans-serif;\">\n\r\n                                   <tr>\n\r\n                                      <td style=\"background-color:#f8f8ff; padding:5px;\" width=\"100%\"><b>Seminar<\/b>: <b><a href=\"\/conflicttextiles\/search-quilts2\/fullevent1\/?id=54\">The Politics of Chilean Arpilleras<\/a><\/b><\/td>\n\r\n                                   <\/tr>\n\r\n                                   <tr>\n\r\n                                      <td style=\"padding:5px;\"  valign=\"top\"><b>Dates: <\/b>23rd September 2008 until 23rd September 2008<\/td>\n\r\n                                   <\/tr>\n\r\n                                   <tr>\n\r\n                                      <td style=\"padding:5px;\"  valign=\"top\"><b>Venue: <\/b>Regional Cultural Centre, Letterkenny, Co. Donegal<\/td>\n\r\n                                   <\/tr>\n\r\n                                   <\/table>\n\r\n                                   <hr width=\"75%\" align=\"center\" height=\"1\"> <table width=\"100%\" style=\"padding:5px; font-family: Arial, Helvetica, sans-serif;\">\n\r\n                                   <tr>\n\r\n                                      <td style=\"background-color:#f8f8ff; padding:5px;\" width=\"100%\"><b>Exhibition<\/b>: <b><a href=\"\/conflicttextiles\/search-quilts2\/fullevent1\/?id=53\">Chilean Arpilleras <\/a><\/b><\/td>\n\r\n                                   <\/tr>\n\r\n                                   <tr>\n\r\n                                      <td style=\"padding:5px;\"  valign=\"top\"><b>Dates: <\/b>11th September 2008 until 11th October 2008<\/td>\n\r\n                                   <\/tr>\n\r\n                                   <tr>\n\r\n                                      <td style=\"padding:5px;\"  valign=\"top\"><b>Venue: <\/b>Regional Cultural Centre, Letterkenny, Co. Donegal<\/td>\n\r\n                                   <\/tr>\n\r\n                                   <\/table>\n\r\n                                   <hr width=\"75%\" align=\"center\" height=\"1\"> <table width=\"100%\" style=\"padding:5px; font-family: Arial, Helvetica, sans-serif;\">\n\r\n                                   <tr>\n\r\n                                      <td style=\"background-color:#f8f8ff; padding:5px;\" width=\"100%\"><b>Exhibition<\/b>: <b><a href=\"\/conflicttextiles\/search-quilts2\/fullevent1\/?id=95\">Friendship through Quilting<\/a><\/b><\/td>\n\r\n                                   <\/tr>\n\r\n                                   <tr>\n\r\n                                      <td style=\"padding:5px;\"  valign=\"top\"><b>Dates: <\/b>1st September 2008 until 14th October 2008<\/td>\n\r\n                                   <\/tr>\n\r\n                                   <tr>\n\r\n                                      <td style=\"padding:5px;\"  valign=\"top\"><b>Venue: <\/b>Verbal Arts Centre, Derry \/ Londonderry, Northern Ireland<\/td>\n\r\n                                   <\/tr>\n\r\n                                   <\/table>\n\r\n                                   <hr width=\"75%\" align=\"center\" height=\"1\"> <table width=\"100%\" style=\"padding:5px; font-family: Arial, Helvetica, sans-serif;\">\n\r\n                                   <tr>\n\r\n                                      <td style=\"background-color:#f8f8ff; padding:5px;\" width=\"100%\"><b>Exhibition<\/b>: <b><a href=\"\/conflicttextiles\/search-quilts2\/fullevent1\/?id=94\">A Quilt for the World<\/a><\/b><\/td>\n\r\n                                   <\/tr>\n\r\n                                   <tr>\n\r\n                                      <td style=\"padding:5px;\"  valign=\"top\"><b>Dates: <\/b>1st July 2008 until 29th August 2008<\/td>\n\r\n                                   <\/tr>\n\r\n                                   <tr>\n\r\n                                      <td style=\"padding:5px;\"  valign=\"top\"><b>Venue: <\/b>Verbal Arts Centre, Derry \/ Londonderry, Northern Ireland<\/td>\n\r\n                                   <\/tr>\n\r\n                                   <\/table>\n\r\n                                   <hr width=\"75%\" align=\"center\" height=\"1\"> <table width=\"100%\" style=\"padding:5px; font-family: Arial, Helvetica, sans-serif;\">\n\r\n                                   <tr>\n\r\n                                      <td style=\"background-color:#f8f8ff; padding:5px;\" width=\"100%\"><b>Permanent rotating exhibition<\/b>: <b><a href=\"\/conflicttextiles\/search-quilts2\/fullevent1\/?id=141\">Permanent rotating exhibition of textiles 2008-2014<\/a><\/b><\/td>\n\r\n                                   <\/tr>\n\r\n                                   <tr>\n\r\n                                      <td style=\"padding:5px;\"  valign=\"top\"><b>Dates: <\/b>21st April 2008 until 15th April 2014<\/td>\n\r\n                                   <\/tr>\n\r\n                                   <tr>\n\r\n                                      <td style=\"padding:5px;\"  valign=\"top\"><b>Venue: <\/b>Verbal Arts Centre, Derry \/ Londonderry, Northern Ireland<\/td>\n\r\n                                   <\/tr>\n\r\n                                   <\/table>\n\r\n                                   <hr width=\"75%\" align=\"center\" height=\"1\"> <table width=\"100%\" style=\"padding:5px; font-family: Arial, Helvetica, sans-serif;\">\n\r\n                                   <tr>\n\r\n                                      <td style=\"background-color:#f8f8ff; padding:5px;\" width=\"100%\"><b>Exhibition<\/b>: <b><a href=\"\/conflicttextiles\/search-quilts2\/fullevent1\/?id=50\">Women's Rights are Human Rights<\/a><\/b><\/td>\n\r\n                                   <\/tr>\n\r\n                                   <tr>\n\r\n                                      <td style=\"padding:5px;\"  valign=\"top\"><b>Dates: <\/b>20th April 2008 until 30th June 2008<\/td>\n\r\n                                   <\/tr>\n\r\n                                   <tr>\n\r\n                                      <td style=\"padding:5px;\"  valign=\"top\"><b>Venue: <\/b>Verbal Arts Centre, Derry \/ Londonderry, Northern Ireland<\/td>\n\r\n                                   <\/tr>\n\r\n                                   <\/table>\n\r\n                                   <hr width=\"75%\" align=\"center\" height=\"1\"> <table width=\"100%\" style=\"padding:5px; font-family: Arial, Helvetica, sans-serif;\">\n\r\n                                   <tr>\n\r\n                                      <td style=\"background-color:#f8f8ff; padding:5px;\" width=\"100%\"><b>Workshop<\/b>: <b><a href=\"\/conflicttextiles\/search-quilts2\/fullevent1\/?id=70\">The Art of Survival: International and Irish Quilts - Workshops (5)<\/a><\/b><\/td>\n\r\n                                   <\/tr>\n\r\n                                   <tr>\n\r\n                                      <td style=\"padding:5px;\"  valign=\"top\"><b>Dates: <\/b>8th April 2008 until 11th April 2008<\/td>\n\r\n                                   <\/tr>\n\r\n                                   <tr>\n\r\n                                      <td style=\"padding:5px;\"  valign=\"top\"><b>Venue: <\/b>Tower Museum, Derry \/ Londonderry, Northern Ireland<\/td>\n\r\n                                   <\/tr>\n\r\n                                   <\/table>\n\r\n                                   <hr width=\"75%\" align=\"center\" height=\"1\"> <table width=\"100%\" style=\"padding:5px; font-family: Arial, Helvetica, sans-serif;\">\n\r\n                                   <tr>\n\r\n                                      <td style=\"background-color:#f8f8ff; padding:5px;\" width=\"100%\"><b>Exhibition and associated activities<\/b>: <b><a href=\"\/conflicttextiles\/search-quilts2\/fullevent1\/?id=56\">The Art of Survival: International and Irish Quilts<\/a><\/b><\/td>\n\r\n                                   <\/tr>\n\r\n                                   <tr>\n\r\n                                      <td style=\"padding:5px;\"  valign=\"top\"><b>Dates: <\/b>8th March 2008 until 19th April 2008<\/td>\n\r\n                                   <\/tr>\n\r\n                                   <tr>\n\r\n                                      <td style=\"padding:5px;\"  valign=\"top\"><b>Venue: <\/b>Tower Museum, Derry \/ Londonderry, Northern Ireland<\/td>\n\r\n                                   <\/tr>\n\r\n                                   <\/table>\n\r\n                                   <hr width=\"75%\" align=\"center\" height=\"1\"> <table width=\"100%\" style=\"padding:5px; font-family: Arial, Helvetica, sans-serif;\">\n\r\n                                   <tr>\n\r\n                                      <td style=\"background-color:#f8f8ff; padding:5px;\" width=\"100%\"><b>Exhibition and associated activities<\/b>: <b><a href=\"\/conflicttextiles\/search-quilts2\/fullevent1\/?id=57\">The Art of Survival: International and Irish Quilts<\/a><\/b><\/td>\n\r\n                                   <\/tr>\n\r\n                                   <tr>\n\r\n                                      <td style=\"padding:5px;\"  valign=\"top\"><b>Dates: <\/b>8th March 2008 until 19th April 2008<\/td>\n\r\n                                   <\/tr>\n\r\n                                   <tr>\n\r\n                                      <td style=\"padding:5px;\"  valign=\"top\"><b>Venue: <\/b>Void Gallery<\/td>\n\r\n                                   <\/tr>\n\r\n                                   <\/table>\n\r\n                                   <hr width=\"75%\" align=\"center\" height=\"1\"> <table width=\"100%\" style=\"padding:5px; font-family: Arial, Helvetica, sans-serif;\">\n\r\n                                   <tr>\n\r\n                                      <td style=\"background-color:#f8f8ff; padding:5px;\" width=\"100%\"><b>Exhibition and associated activities<\/b>: <b><a href=\"\/conflicttextiles\/search-quilts2\/fullevent1\/?id=58\">The Art of Survival: International and Irish Quilts<\/a><\/b><\/td>\n\r\n                                   <\/tr>\n\r\n                                   <tr>\n\r\n                                      <td style=\"padding:5px;\"  valign=\"top\"><b>Dates: <\/b>8th March 2008 until 19th April 2008<\/td>\n\r\n                                   <\/tr>\n\r\n                                   <tr>\n\r\n                                      <td style=\"padding:5px;\"  valign=\"top\"><b>Venue: <\/b>Diocesan Centre, Derry & Raphoe Dioceses<\/td>\n\r\n                                   <\/tr>\n\r\n                                   <\/table>\n\r\n                                   <hr width=\"75%\" align=\"center\" height=\"1\"> <table width=\"100%\" style=\"padding:5px; font-family: Arial, Helvetica, sans-serif;\">\n\r\n                                   <tr>\n\r\n                                      <td style=\"background-color:#f8f8ff; padding:5px;\" width=\"100%\"><b>Exhibition and associated activities<\/b>: <b><a href=\"\/conflicttextiles\/search-quilts2\/fullevent1\/?id=59\">The Art of Survival: International and Irish Quilts<\/a><\/b><\/td>\n\r\n                                   <\/tr>\n\r\n                                   <tr>\n\r\n                                      <td style=\"padding:5px;\"  valign=\"top\"><b>Dates: <\/b>8th March 2008 until 19th April 2008<\/td>\n\r\n                                   <\/tr>\n\r\n                                   <tr>\n\r\n                                      <td style=\"padding:5px;\"  valign=\"top\"><b>Venue: <\/b>Workhouse Museum<\/td>\n\r\n                                   <\/tr>\n\r\n                                   <\/table>\n\r\n                                   <hr width=\"75%\" align=\"center\" height=\"1\"> <table width=\"100%\" style=\"padding:5px; font-family: Arial, Helvetica, sans-serif;\">\n\r\n                                   <tr>\n\r\n                                      <td style=\"background-color:#f8f8ff; padding:5px;\" width=\"100%\"><b>Exhibition and associated activities<\/b>: <b><a href=\"\/conflicttextiles\/search-quilts2\/fullevent1\/?id=60\">The Art of Survival: International and Irish Quilts<\/a><\/b><\/td>\n\r\n                                   <\/tr>\n\r\n                                   <tr>\n\r\n                                      <td style=\"padding:5px;\"  valign=\"top\"><b>Dates: <\/b>8th March 2008 until 19th April 2008<\/td>\n\r\n                                   <\/tr>\n\r\n                                   <tr>\n\r\n                                      <td style=\"padding:5px;\"  valign=\"top\"><b>Venue: <\/b>The Playhouse<\/td>\n\r\n                                   <\/tr>\n\r\n                                   <\/table>\n\r\n                                   <hr width=\"75%\" align=\"center\" height=\"1\"> <table width=\"100%\" style=\"padding:5px; font-family: Arial, Helvetica, sans-serif;\">\n\r\n                                   <tr>\n\r\n                                      <td style=\"background-color:#f8f8ff; padding:5px;\" width=\"100%\"><b>Exhibition and associated activities<\/b>: <b><a href=\"\/conflicttextiles\/search-quilts2\/fullevent1\/?id=61\">The Art of Survival: International and Irish Quilts<\/a><\/b><\/td>\n\r\n                                   <\/tr>\n\r\n                                   <tr>\n\r\n                                      <td style=\"padding:5px;\"  valign=\"top\"><b>Dates: <\/b>8th March 2008 until 19th April 2008<\/td>\n\r\n                                   <\/tr>\n\r\n                                   <tr>\n\r\n                                      <td style=\"padding:5px;\"  valign=\"top\"><b>Venue: <\/b>Museum of Free Derry<\/td>\n\r\n                                   <\/tr>\n\r\n                                   <\/table>\n\r\n                                   <hr width=\"75%\" align=\"center\" height=\"1\"> <table width=\"100%\" style=\"padding:5px; font-family: Arial, Helvetica, sans-serif;\">\n\r\n                                   <tr>\n\r\n                                      <td style=\"background-color:#f8f8ff; padding:5px;\" width=\"100%\"><b>Exhibition and associated activities<\/b>: <b><a href=\"\/conflicttextiles\/search-quilts2\/fullevent1\/?id=62\">The Art of Survival: International and Irish Quilts<\/a><\/b><\/td>\n\r\n                                   <\/tr>\n\r\n                                   <tr>\n\r\n                                      <td style=\"padding:5px;\"  valign=\"top\"><b>Dates: <\/b>8th March 2008 until 19th April 2008<\/td>\n\r\n                                   <\/tr>\n\r\n                                   <tr>\n\r\n                                      <td style=\"padding:5px;\"  valign=\"top\"><b>Venue: <\/b>The Junction<\/td>\n\r\n                                   <\/tr>\n\r\n                                   <\/table>\n\r\n                                   <hr width=\"75%\" align=\"center\" height=\"1\"> <table width=\"100%\" style=\"padding:5px; font-family: Arial, Helvetica, sans-serif;\">\n\r\n                                   <tr>\n\r\n                                      <td style=\"background-color:#f8f8ff; padding:5px;\" width=\"100%\"><b>Exhibition and associated activities<\/b>: <b><a href=\"\/conflicttextiles\/search-quilts2\/fullevent1\/?id=63\">The Art of Survival: International and Irish Quilts<\/a><\/b><\/td>\n\r\n                                   <\/tr>\n\r\n                                   <tr>\n\r\n                                      <td style=\"padding:5px;\"  valign=\"top\"><b>Dates: <\/b>8th March 2008 until 19th April 2008<\/td>\n\r\n                                   <\/tr>\n\r\n                                   <tr>\n\r\n                                      <td style=\"padding:5px;\"  valign=\"top\"><b>Venue: <\/b>Verbal Arts Centre, Derry \/ Londonderry, Northern Ireland<\/td>\n\r\n                                   <\/tr>\n\r\n                                   <\/table>\n\r\n                                   <hr width=\"75%\" align=\"center\" height=\"1\"> <table width=\"100%\" style=\"padding:5px; font-family: Arial, Helvetica, sans-serif;\">\n\r\n                                   <tr>\n\r\n                                      <td style=\"background-color:#f8f8ff; padding:5px;\" width=\"100%\"><b>Exhibition and associated activities<\/b>: <b><a href=\"\/conflicttextiles\/search-quilts2\/fullevent1\/?id=176\">The Art of Survival: International and Irish Quilts<\/a><\/b><\/td>\n\r\n                                   <\/tr>\n\r\n                                   <tr>\n\r\n                                      <td style=\"padding:5px;\"  valign=\"top\"><b>Dates: <\/b>8th March 2008 until 19th April 2008<\/td>\n\r\n                                   <\/tr>\n\r\n                                   <tr>\n\r\n                                      <td style=\"padding:5px;\"  valign=\"top\"><b>Venue: <\/b>Harbour Museum, Derry \/ Londonderry<\/td>\n\r\n                                   <\/tr>\n\r\n                                   <\/table>\n\r\n                                   <hr width=\"75%\" align=\"center\" height=\"1\"> <table width=\"100%\" style=\"padding:5px; font-family: Arial, Helvetica, sans-serif;\">\n\r\n                                   <tr>\n\r\n                                      <td style=\"background-color:#f8f8ff; padding:5px;\" width=\"100%\"><b>Exhibition and associated activities<\/b>: <b><a href=\"\/conflicttextiles\/search-quilts2\/fullevent1\/?id=64\">The Politics of Chilean Arpilleras<\/a><\/b><\/td>\n\r\n                                   <\/tr>\n\r\n                                   <tr>\n\r\n                                      <td style=\"padding:5px;\"  valign=\"top\"><b>Dates: <\/b>8th February 2008 until 19th April 2008<\/td>\n\r\n                                   <\/tr>\n\r\n                                   <tr>\n\r\n                                      <td style=\"padding:5px;\"  valign=\"top\"><b>Venue: <\/b>Harbour Museum, Derry \/ Londonderry<\/td>\n\r\n                                   <\/tr>\n\r\n                                   <\/table>\n\r\n                                   <hr width=\"75%\" align=\"center\" height=\"1\"> <table width=\"100%\" style=\"padding:5px; font-family: Arial, Helvetica, sans-serif;\">\n\r\n                                   <tr>\n\r\n                                      <td style=\"background-color:#f8f8ff; padding:5px;\" width=\"100%\"><b>Workshop<\/b>: <b><a href=\"\/conflicttextiles\/search-quilts2\/fullevent1\/?id=179\">The Art of Survival: International and Irish Quilts - Preparatory workshops (4)<\/a><\/b><\/td>\n\r\n                                   <\/tr>\n\r\n                                   <tr>\n\r\n                                      <td style=\"padding:5px;\"  valign=\"top\"><b>Dates: <\/b>31st May 2007 until 8th February 2008<\/td>\n\r\n                                   <\/tr>\n\r\n                                   <tr>\n\r\n                                      <td style=\"padding:5px;\"  valign=\"top\"><b>Venue: <\/b>Various locations in Derry city and County<\/td>\n\r\n                                   <\/tr>\n\r\n                                   <\/table>\n\r\n                                   <hr width=\"75%\" align=\"center\" height=\"1\"> <\/code><\/p>\t\t\t    <\/div>\n                                                \n                    <\/div>\n                <\/li>\n                    <\/ul>\n\n    <\/div>\n    <!-- \/module accordion -->\n\t        <\/div>\n\t    \t<\/div>\n\t\t    <\/div>\n\t    <!-- \/row_inner -->\n\t<\/div>\n\t<!-- \/module_row -->\n\t<\/div>\n","protected":false},"excerpt":{"rendered":"<p>Events Exhibitions, featuring arpilleras, quilts and wall hangings, have been hosted in museums, universities, art galleries, embassies and community spaces worldwide. These are often accompanied by a launch and are generally highly visible, public events. Over the years, a number of associated activities have come to form part of the exhibition programme, such as film [&hellip;]<\/p>\n","protected":false},"author":1,"featured_media":0,"parent":0,"menu_order":0,"comment_status":"open","ping_status":"open","template":"","meta":{"footnotes":""},"class_list":["post-2561","page","type-page","status-publish","hentry","has-post-title","has-post-date","has-post-category","has-post-tag","has-post-comment","has-post-author",""],"builder_content":"<h3>Conflict Textiles Events<\/h3><ul><li><h4>Future Events<\/h4><p><code>[code_snippet id=5 php=true]<\/code><\/p> <\/li><li><h4>Current Events<\/h4><p><code>[code_snippet id=6 php=true]<\/code><\/p><\/li><li><h4>Previous Events<\/h4><p><code>[code_snippet id=7 php=true]<\/code><\/p><\/li><\/ul>","_links":{"self":[{"href":"https:\/\/conflict.ulster.ac.uk\/conflicttextiles\/wp-json\/wp\/v2\/pages\/2561","targetHints":{"allow":["GET"]}}],"collection":[{"href":"https:\/\/conflict.ulster.ac.uk\/conflicttextiles\/wp-json\/wp\/v2\/pages"}],"about":[{"href":"https:\/\/conflict.ulster.ac.uk\/conflicttextiles\/wp-json\/wp\/v2\/types\/page"}],"author":[{"embeddable":true,"href":"https:\/\/conflict.ulster.ac.uk\/conflicttextiles\/wp-json\/wp\/v2\/users\/1"}],"replies":[{"embeddable":true,"href":"https:\/\/conflict.ulster.ac.uk\/conflicttextiles\/wp-json\/wp\/v2\/comments?post=2561"}],"version-history":[{"count":42,"href":"https:\/\/conflict.ulster.ac.uk\/conflicttextiles\/wp-json\/wp\/v2\/pages\/2561\/revisions"}],"predecessor-version":[{"id":5079,"href":"https:\/\/conflict.ulster.ac.uk\/conflicttextiles\/wp-json\/wp\/v2\/pages\/2561\/revisions\/5079"}],"wp:attachment":[{"href":"https:\/\/conflict.ulster.ac.uk\/conflicttextiles\/wp-json\/wp\/v2\/media?parent=2561"}],"curies":[{"name":"wp","href":"https:\/\/api.w.org\/{rel}","templated":true}]}}